{"id":1258,"date":"2021-05-31T19:48:18","date_gmt":"2021-05-31T19:48:18","guid":{"rendered":"https:\/\/www.lepointensante.com\/colloque-pour-le-mieux-etre-des-aines\/?page_id=1258"},"modified":"2021-05-31T19:57:36","modified_gmt":"2021-05-31T19:57:36","slug":"programmation","status":"publish","type":"page","link":"https:\/\/www.lepointensante.com\/colloque-pour-le-mieux-etre-des-aines\/programmation\/","title":{"rendered":"Programmation"},"content":{"rendered":"<p>[et_pb_section fb_built=\u00a0\u00bb1&Prime; _builder_version=\u00a0\u00bb4.0.10&Prime;][et_pb_row _builder_version=\u00a0\u00bb4.0.10&Prime;][et_pb_column type=\u00a0\u00bb4_4&Prime; _builder_version=\u00a0\u00bb4.0.10&Prime;][et_pb_image src=\u00a0\u00bbhttps:\/\/www.lepointensante.com\/colloque-pour-le-mieux-etre-des-aines\/wp-content\/uploads\/sites\/16\/2021\/04\/Banni\u00e8reAines2021NEW-1.jpg\u00a0\u00bb _builder_version=\u00a0\u00bb4.0.10&Prime; hover_enabled=\u00a0\u00bb0&Prime;][\/et_pb_image][et_pb_accordion _builder_version=\u00a0\u00bb4.0.10&Prime; hover_enabled=\u00a0\u00bb0&Prime;][et_pb_accordion_item title=\u00a0\u00bb8 H 30 Mot d&rsquo;ouverture\u00a0\u00bb _builder_version=\u00a0\u00bb4.0.10&Prime; open=\u00a0\u00bboff\u00a0\u00bb hover_enabled=\u00a0\u00bb0&Prime;]<strong><em>Normand Bouchard<\/em><\/strong><br \/>\nPr\u00e9sident<br \/>\nLe Point en sant\u00e9 et services sociaux[\/et_pb_accordion_item][et_pb_accordion_item title=\u00a0\u00bb8 H 50 Grande conf\u00e9rence\u00a0\u00bb _builder_version=\u00a0\u00bb4.0.10&Prime; open=\u00a0\u00bbon\u00a0\u00bb hover_enabled=\u00a0\u00bb0&Prime;]<\/p>\n<h3><strong>Grande conf\u00e9rence | Conciliation du milieu de soins et du milieu de vie en CHSLD<\/strong><\/h3>\n<p><strong>Conf\u00e9rencier(e)s<\/strong><\/p>\n<p><em><strong>Marie-H\u00e9l\u00e8ne Raymond<\/strong><\/em>, Professionnelle scientifique, Institut national d&rsquo;excellence en sant\u00e9 et en services sociaux (INESSS)<\/p>\n<p><em><strong>Isabelle David<\/strong><\/em>, Professionnelle scientifique, Institut national d&rsquo;excellence en sant\u00e9 et en services sociaux (INESSS)<\/p>\n<p>&nbsp;<\/p>\n<p>[\/et_pb_accordion_item][et_pb_accordion_item title=\u00a0\u00bbPREMI\u00c8RE S\u00c9RIE D&rsquo;ATELIERS\u00a0\u00bb _builder_version=\u00a0\u00bb4.0.10&Prime; open=\u00a0\u00bboff\u00a0\u00bb hover_enabled=\u00a0\u00bb0&Prime;]<\/p>\n<p>Your content goes here. Edit or remove this text inline or in the module Content settings. You can also style every aspect of this content in the module Design settings and even apply custom CSS to this text in the module Advanced settings.<\/p>\n<p>[\/et_pb_accordion_item][et_pb_accordion_item title=\u00a0\u00bb10 H 30 Pause et visite du Salon des exposants\u00a0\u00bb _builder_version=\u00a0\u00bb4.0.10&Prime; open=\u00a0\u00bboff\u00a0\u00bb hover_enabled=\u00a0\u00bb0&Prime;][\/et_pb_accordion_item][et_pb_accordion_item title=\u00a0\u00bbDEUXI\u00c8ME S\u00c9RIE D&rsquo;ATELIERS\u00a0\u00bb _builder_version=\u00a0\u00bb4.0.10&Prime; open=\u00a0\u00bboff\u00a0\u00bb hover_enabled=\u00a0\u00bb0&Prime;]<\/p>\n<p>Your content goes here. Edit or remove this text inline or in the module Content settings. You can also style every aspect of this content in the module Design settings and even apply custom CSS to this text in the module Advanced settings.<\/p>\n<p>[\/et_pb_accordion_item][et_pb_accordion_item title=\u00a0\u00bb12 H 00 D\u00eener et visite du Salon des exposants\u00a0\u00bb _builder_version=\u00a0\u00bb4.0.10&Prime; open=\u00a0\u00bboff\u00a0\u00bb hover_enabled=\u00a0\u00bb0&Prime;][\/et_pb_accordion_item][et_pb_accordion_item title=\u00a0\u00bbTROISI\u00c8ME S\u00c9RIE D&rsquo;ATELIERS\u00a0\u00bb _builder_version=\u00a0\u00bb4.0.10&Prime; open=\u00a0\u00bboff\u00a0\u00bb hover_enabled=\u00a0\u00bb0&Prime;]<\/p>\n<p>Your content goes here. Edit or remove this text inline or in the module Content settings. You can also style every aspect of this content in the module Design settings and even apply custom CSS to this text in the module Advanced settings.<\/p>\n<p>[\/et_pb_accordion_item][et_pb_accordion_item title=\u00a0\u00bb14 H 30 Pause et visite du Salon des exposants\u00a0\u00bb _builder_version=\u00a0\u00bb4.0.10&Prime; open=\u00a0\u00bboff\u00a0\u00bb hover_enabled=\u00a0\u00bb0&Prime;][\/et_pb_accordion_item][et_pb_accordion_item title=\u00a0\u00bbQUATRI\u00c8ME S\u00c9RIE D&rsquo;ATELIERS\u00a0\u00bb _builder_version=\u00a0\u00bb4.0.10&Prime; open=\u00a0\u00bboff\u00a0\u00bb hover_enabled=\u00a0\u00bb0&Prime;]<\/p>\n<p>Your content goes here. Edit or remove this text inline or in the module Content settings. You can also style every aspect of this content in the module Design settings and even apply custom CSS to this text in the module Advanced settings.<\/p>\n<p>[\/et_pb_accordion_item][et_pb_accordion_item title=\u00a0\u00bb16 H 30 Allocution de cl\u00f4ture\u00a0\u00bb _builder_version=\u00a0\u00bb4.0.10&Prime; open=\u00a0\u00bboff\u00a0\u00bb hover_enabled=\u00a0\u00bb0&Prime;][\/et_pb_accordion_item][et_pb_accordion_item title=\u00a0\u00bb17 H 00 Cocktail r\u00e9seautage\u00a0\u00bb _builder_version=\u00a0\u00bb4.0.10&Prime; open=\u00a0\u00bboff\u00a0\u00bb hover_enabled=\u00a0\u00bb0&Prime;][\/et_pb_accordion_item][\/et_pb_accordion][\/et_pb_column][\/et_pb_row][\/et_pb_section]<\/p>\n","protected":false},"excerpt":{"rendered":"<p>Normand Bouchard Pr\u00e9sident Le Point en sant\u00e9 et services sociauxGrande conf\u00e9rence | Conciliation du milieu de soins et du milieu de vie en CHSLD Conf\u00e9rencier(e)s Marie-H\u00e9l\u00e8ne Raymond, Professionnelle scientifique, Institut national d&rsquo;excellence en sant\u00e9 et en services sociaux (INESSS) Isabelle David, Professionnelle scientifique, Institut national d&rsquo;excellence en sant\u00e9 et en services sociaux (INESSS) &nbsp; Your [&hellip;]<\/p>\n","protected":false},"author":7,"featured_media":0,"parent":0,"menu_order":0,"comment_status":"closed","ping_status":"closed","template":"","meta":{"_et_pb_use_builder":"on","_et_pb_old_content":"","_et_gb_content_width":"","_exactmetrics_skip_tracking":false,"_exactmetrics_sitenote_active":false,"_exactmetrics_sitenote_note":"","_exactmetrics_sitenote_category":0,"footnotes":""},"class_list":["post-1258","page","type-page","status-publish","hentry"],"_links":{"self":[{"href":"https:\/\/www.lepointensante.com\/colloque-pour-le-mieux-etre-des-aines\/wp-json\/wp\/v2\/pages\/1258","targetHints":{"allow":["GET"]}}],"collection":[{"href":"https:\/\/www.lepointensante.com\/colloque-pour-le-mieux-etre-des-aines\/wp-json\/wp\/v2\/pages"}],"about":[{"href":"https:\/\/www.lepointensante.com\/colloque-pour-le-mieux-etre-des-aines\/wp-json\/wp\/v2\/types\/page"}],"author":[{"embeddable":true,"href":"https:\/\/www.lepointensante.com\/colloque-pour-le-mieux-etre-des-aines\/wp-json\/wp\/v2\/users\/7"}],"replies":[{"embeddable":true,"href":"https:\/\/www.lepointensante.com\/colloque-pour-le-mieux-etre-des-aines\/wp-json\/wp\/v2\/comments?post=1258"}],"version-history":[{"count":6,"href":"https:\/\/www.lepointensante.com\/colloque-pour-le-mieux-etre-des-aines\/wp-json\/wp\/v2\/pages\/1258\/revisions"}],"predecessor-version":[{"id":1266,"href":"https:\/\/www.lepointensante.com\/colloque-pour-le-mieux-etre-des-aines\/wp-json\/wp\/v2\/pages\/1258\/revisions\/1266"}],"wp:attachment":[{"href":"https:\/\/www.lepointensante.com\/colloque-pour-le-mieux-etre-des-aines\/wp-json\/wp\/v2\/media?parent=1258"}],"curies":[{"name":"wp","href":"https:\/\/api.w.org\/{rel}","templated":true}]}}