{"id":812,"date":"2020-12-09T19:27:12","date_gmt":"2020-12-09T19:27:12","guid":{"rendered":"https:\/\/www.lepointensante.com\/colloque-pour-le-mieux-etre-des-aines-2020\/?page_id=812"},"modified":"2020-12-14T15:50:10","modified_gmt":"2020-12-14T15:50:10","slug":"accueil2020","status":"publish","type":"page","link":"https:\/\/www.lepointensante.com\/colloque-pour-le-mieux-etre-des-aines\/accueil2020\/","title":{"rendered":"2020"},"content":{"rendered":"<p>[et_pb_section fb_built=\u00a0\u00bb1&Prime; inner_shadow=\u00a0\u00bbon\u00a0\u00bb fullwidth=\u00a0\u00bbon\u00a0\u00bb _builder_version=\u00a0\u00bb4.0.10&Prime;][\/et_pb_section][et_pb_section fb_built=\u00a0\u00bb1&Prime; _builder_version=\u00a0\u00bb3.22&Prime; background_image=\u00a0\u00bbhttps:\/\/www.lepointensante.com\/colloque-pour-le-mieux-etre-des-aines-2020\/wp-content\/uploads\/sites\/16\/2019\/12\/Banniere-Aines-1.png\u00a0\u00bb parallax=\u00a0\u00bbon\u00a0\u00bb animation_style=\u00a0\u00bbfade\u00a0\u00bb animation_duration=\u00a0\u00bb1350ms\u00a0\u00bb][et_pb_row _builder_version=\u00a0\u00bb3.25&Prime;][et_pb_column type=\u00a0\u00bb4_4&Prime; _builder_version=\u00a0\u00bb3.25&Prime; custom_padding=\u00a0\u00bb|||\u00a0\u00bb custom_padding__hover=\u00a0\u00bb|||\u00a0\u00bb][et_pb_text _builder_version=\u00a0\u00bb3.27.4&Prime; text_font=\u00a0\u00bbLato||||||||\u00a0\u00bb text_font_size=\u00a0\u00bb45&Prime; text_line_height=\u00a0\u00bb1.8em\u00a0\u00bb header_font=\u00a0\u00bbLato|700|||||||\u00a0\u00bb header_text_align=\u00a0\u00bbcenter\u00a0\u00bb header_text_color=\u00a0\u00bbrgba(0,0,0,0.49)\u00a0\u00bb header_font_size=\u00a0\u00bb70px\u00a0\u00bb animation_style=\u00a0\u00bbfade\u00a0\u00bb animation_duration=\u00a0\u00bb1600ms\u00a0\u00bb animation_delay=\u00a0\u00bb1000ms\u00a0\u00bb header_text_shadow_style=\u00a0\u00bbpreset3&Prime; header_text_shadow_blur_strength=\u00a0\u00bb0em\u00a0\u00bb]<img loading=\"lazy\" decoding=\"async\" class=\"\" src=\"https:\/\/www.lepointensante.com\/wp-content\/themes\/module_base\/assets\/images\/logo\/le-point-logo.png\" alt=\"R\u00e9sultats de recherche d'images pour \u00ab&nbsp;le point en sant\u00e9 et services sociaux logo png&nbsp;\u00bb\" width=\"274\" height=\"76\">[\/et_pb_text][et_pb_text _builder_version=\u00a0\u00bb3.27.4&Prime; text_font=\u00a0\u00bbLato||||||||\u00a0\u00bb text_font_size=\u00a0\u00bb45&Prime; text_line_height=\u00a0\u00bb1.8em\u00a0\u00bb header_font=\u00a0\u00bbLato|700|||||||\u00a0\u00bb header_text_align=\u00a0\u00bbcenter\u00a0\u00bb header_text_color=\u00a0\u00bb#000000&Prime; header_font_size=\u00a0\u00bb70px\u00a0\u00bb text_orientation=\u00a0\u00bbcenter\u00a0\u00bb animation_style=\u00a0\u00bbfade\u00a0\u00bb animation_duration=\u00a0\u00bb1600ms\u00a0\u00bb animation_delay=\u00a0\u00bb1000ms\u00a0\u00bb]&nbsp;<\/p>\n<p>&nbsp;<\/p>\n<h1 style=\"text-align: center;\"><strong>COLLOQUE<\/strong><\/h1>\n<p>[\/et_pb_text][et_pb_text _builder_version=\u00a0\u00bb3.27.4&Prime; text_font=\u00a0\u00bbLato||||||||\u00a0\u00bb text_font_size=\u00a0\u00bb45&Prime; text_line_height=\u00a0\u00bb1.8em\u00a0\u00bb header_font=\u00a0\u00bbLato|700|||||||\u00a0\u00bb header_text_align=\u00a0\u00bbcenter\u00a0\u00bb header_text_color=\u00a0\u00bb#000000&Prime; header_font_size=\u00a0\u00bb55px\u00a0\u00bb text_orientation=\u00a0\u00bbcenter\u00a0\u00bb animation_style=\u00a0\u00bbfade\u00a0\u00bb animation_duration=\u00a0\u00bb1600ms\u00a0\u00bb animation_delay=\u00a0\u00bb1000ms\u00a0\u00bb]<\/p>\n<h1 style=\"text-align: center;\"><strong>Pour le mieux-\u00eatre des a\u00een\u00e9s<\/strong><\/h1>\n<p>[\/et_pb_text][et_pb_text _builder_version=\u00a0\u00bb3.27.4&Prime; text_font=\u00a0\u00bbLato||||||||\u00a0\u00bb text_font_size=\u00a0\u00bb45&Prime; text_line_height=\u00a0\u00bb1.8em\u00a0\u00bb header_font=\u00a0\u00bbLato|700|||||||\u00a0\u00bb header_text_align=\u00a0\u00bbcenter\u00a0\u00bb header_text_color=\u00a0\u00bb#000000&Prime; header_font_size=\u00a0\u00bb55px\u00a0\u00bb text_orientation=\u00a0\u00bbcenter\u00a0\u00bb animation_style=\u00a0\u00bbfade\u00a0\u00bb animation_duration=\u00a0\u00bb1600ms\u00a0\u00bb animation_delay=\u00a0\u00bb1000ms\u00a0\u00bb]<\/p>\n<h2 style=\"text-align: center;\"><em><strong>10 SEPTEMBRE 2020<\/strong><\/em><\/h2>\n<p>&nbsp;[\/et_pb_text][et_pb_button button_url=\u00a0\u00bbhttps:\/\/www.evenementlepointensante.com\/colloque\/4e-edition-du-colloque-pour-le-mieux-etre-des-aines\/\u00a0\u00bb url_new_window=\u00a0\u00bbon\u00a0\u00bb button_text=\u00a0\u00bbS&rsquo;INSCRIRE\u00a0\u00bb button_alignment=\u00a0\u00bbcenter\u00a0\u00bb admin_label=\u00a0\u00bbS&rsquo;INSCRIRE BOUTON\u00a0\u00bb _builder_version=\u00a0\u00bb3.19.10&Prime; custom_button=\u00a0\u00bbon\u00a0\u00bb button_text_color=\u00a0\u00bb#ffffff\u00a0\u00bb button_bg_color=\u00a0\u00bb#e02b20&Prime; button_border_color=\u00a0\u00bb#e02b20&Prime; button_border_radius=\u00a0\u00bb20&Prime; button_font=\u00a0\u00bbLato||||||||\u00a0\u00bb][\/et_pb_button][et_pb_button button_url=\u00a0\u00bbhttps:\/\/www.lepointensante.com\/colloque-pour-le-mieux-etre-des-aines-2020\/le-colloque-en-image\/\u00a0\u00bb url_new_window=\u00a0\u00bbon\u00a0\u00bb button_text=\u00a0\u00bbALBUM PHOTO 2020&Prime; button_alignment=\u00a0\u00bbcenter\u00a0\u00bb admin_label=\u00a0\u00bbBOUTON PHOTOS\u00a0\u00bb _builder_version=\u00a0\u00bb4.0.10&Prime; custom_button=\u00a0\u00bbon\u00a0\u00bb button_text_color=\u00a0\u00bb#ffffff\u00a0\u00bb button_bg_color=\u00a0\u00bb#e02b20&Prime; button_border_color=\u00a0\u00bb#e02b20&Prime; button_border_radius=\u00a0\u00bb20&Prime; button_font=\u00a0\u00bbLato||||||||\u00a0\u00bb][\/et_pb_button][\/et_pb_column][\/et_pb_row][\/et_pb_section][et_pb_section fb_built=\u00a0\u00bb1&Prime; _builder_version=\u00a0\u00bb3.22&Prime;][et_pb_row _builder_version=\u00a0\u00bb3.25&Prime;][et_pb_column type=\u00a0\u00bb4_4&Prime; _builder_version=\u00a0\u00bb3.25&Prime; custom_padding=\u00a0\u00bb|||\u00a0\u00bb custom_padding__hover=\u00a0\u00bb|||\u00a0\u00bb][et_pb_text admin_label=\u00a0\u00bbDU DOMICILE \u00c0 L&rsquo;H\u00c9BERGEMENT\u00a0\u00bb _builder_version=\u00a0\u00bb3.27.4&Prime; text_font_size=\u00a0\u00bb16px\u00a0\u00bb text_line_height=\u00a0\u00bb1.8em\u00a0\u00bb header_2_font=\u00a0\u00bbLato||||||||\u00a0\u00bb header_2_text_align=\u00a0\u00bbcenter\u00a0\u00bb header_2_font_size=\u00a0\u00bb30&Prime; text_orientation=\u00a0\u00bbcenter\u00a0\u00bb]<\/p>\n<h2 style=\"text-align: center;\">DU DOMICILE \u00c0 L&rsquo;H\u00c9BERGEMENT<\/h2>\n<p>[\/et_pb_text][et_pb_button button_url=\u00a0\u00bbhttps:\/\/app.mixabl.io\/login\u00a0\u00bb url_new_window=\u00a0\u00bbon\u00a0\u00bb button_text=\u00a0\u00bbACC\u00c9DER \u00c0 LA PLATEFORME WEB\u00a0\u00bb button_alignment=\u00a0\u00bbcenter\u00a0\u00bb admin_label=\u00a0\u00bbPLATEFORME WEB\u00a0\u00bb _builder_version=\u00a0\u00bb4.0.10&Prime; custom_button=\u00a0\u00bbon\u00a0\u00bb button_text_size=\u00a0\u00bb25px\u00a0\u00bb button_text_color=\u00a0\u00bb#000000&Prime; button_bg_color=\u00a0\u00bb#e09900&Prime; button_border_width=\u00a0\u00bb2px\u00a0\u00bb button_border_color=\u00a0\u00bb#000000&Prime; button_border_radius=\u00a0\u00bb15px\u00a0\u00bb button_font=\u00a0\u00bbLato|700|||||||\u00a0\u00bb][\/et_pb_button][et_pb_text _builder_version=\u00a0\u00bb4.0.10&Prime; text_font=\u00a0\u00bb|700|||||||\u00a0\u00bb text_text_color=\u00a0\u00bb#000000&Prime;]<\/p>\n<p>En primeur, le 4e colloque Pour le mieux-\u00eatres des A\u00een\u00e9s aura lieu dans une formule hybride, en partie en centre de congr\u00e8s et en partie en webdiffusion. Pour tout probl\u00e8me de connexion \u00e0 la plateforme web, contactez la ligne de support d\u00e9di\u00e9e au 1 800 699-3081.<\/p>\n<p>[\/et_pb_text][\/et_pb_column][\/et_pb_row][et_pb_row column_structure=\u00a0\u00bb1_2,1_2&Prime; _builder_version=\u00a0\u00bb3.25&Prime; background_size=\u00a0\u00bbinitial\u00a0\u00bb background_position=\u00a0\u00bbtop_left\u00a0\u00bb background_repeat=\u00a0\u00bbrepeat\u00a0\u00bb][et_pb_column type=\u00a0\u00bb1_2&Prime; _builder_version=\u00a0\u00bb3.25&Prime; custom_padding=\u00a0\u00bb|||\u00a0\u00bb custom_padding__hover=\u00a0\u00bb|||\u00a0\u00bb][et_pb_image src=\u00a0\u00bbhttps:\/\/www.lepointensante.com\/colloque-pour-le-mieux-etre-des-aines-2020\/wp-content\/uploads\/sites\/16\/2020\/01\/030.jpg\u00a0\u00bb align_tablet=\u00a0\u00bbcenter\u00a0\u00bb align_phone=\u00a0\u00bb\u00a0\u00bb align_last_edited=\u00a0\u00bbon|desktop\u00a0\u00bb _builder_version=\u00a0\u00bb3.23&Prime;][\/et_pb_image][\/et_pb_column][et_pb_column type=\u00a0\u00bb1_2&Prime; _builder_version=\u00a0\u00bb3.25&Prime; custom_padding=\u00a0\u00bb|||\u00a0\u00bb custom_padding__hover=\u00a0\u00bb|||\u00a0\u00bb][et_pb_text _builder_version=\u00a0\u00bb3.27.4&Prime; text_font=\u00a0\u00bbLato||||||||\u00a0\u00bb text_font_size=\u00a0\u00bb16px\u00a0\u00bb text_line_height=\u00a0\u00bb1.8em\u00a0\u00bb]Le 10 septembre<strong>&nbsp;2020&nbsp;<\/strong>au <strong>Centre des congr\u00e8s et d&rsquo;exposition de L\u00e9vis<\/strong>&nbsp;aura lieu la 4e \u00e9dition&nbsp;du&nbsp;<em>colloque Pour le mieux-\u00eatre des A\u00een\u00e9s<\/em>&nbsp;sous le th\u00e8me <em><strong>Du domicile \u00e0 l&rsquo;h\u00e9bergement, les formules de soins et de services \u00e0 d\u00e9couvrir<\/strong><\/em>.<\/p>\n<p>D&rsquo;ici 2025,&nbsp;le Qu\u00e9bec aura besoin de lib\u00e9rer plus de 6 000 logements pour ses a\u00een\u00e9s (plus de 65 ans), et ce, chaque ann\u00e9e. Contrairement \u00e0 l\u2019Ontario o\u00f9 seulement 5% des a\u00een\u00e9s vivent en r\u00e9sidence, au Qu\u00e9bec, ce chiffre atteint d\u00e9j\u00e0 20% de la population des a\u00een\u00e9s.<\/p>\n<p>Le soutien aux personnes \u00e2g\u00e9es est un secteur d\u2019affaires en pleine croissance pour les ann\u00e9es futures; avec ses forces et ses faiblesses. Le Colloque Pour le Mieux-\u00catre des A\u00een\u00e9s se veut \u00eatre le plus grand rassemblement au Qu\u00e9bec de tous ceux qui, de pr\u00e8s ou de loin, ont \u00e0 c\u0153ur la qualit\u00e9 de vie de nos a\u00een\u00e9s.[\/et_pb_text][\/et_pb_column][\/et_pb_row][et_pb_row _builder_version=\u00a0\u00bb3.25&Prime;][et_pb_column type=\u00a0\u00bb4_4&Prime; _builder_version=\u00a0\u00bb3.25&Prime; custom_padding=\u00a0\u00bb|||\u00a0\u00bb custom_padding__hover=\u00a0\u00bb|||\u00a0\u00bb][et_pb_divider color=\u00a0\u00bbrgba(0,0,0,0.51)\u00a0\u00bb _builder_version=\u00a0\u00bb3.19.10&Prime;][\/et_pb_divider][et_pb_text admin_label=\u00a0\u00bbPLUS DE 500 PARTICIPANTS ATTENDUS\u00a0\u00bb _builder_version=\u00a0\u00bb4.0.10&Prime; text_font_size=\u00a0\u00bb16px\u00a0\u00bb text_line_height=\u00a0\u00bb1.8em\u00a0\u00bb header_2_font=\u00a0\u00bbLato||||||||\u00a0\u00bb header_2_text_align=\u00a0\u00bbcenter\u00a0\u00bb header_2_font_size=\u00a0\u00bb30&Prime; text_orientation=\u00a0\u00bbcenter\u00a0\u00bb]<\/p>\n<h2 style=\"text-align: center;\">PLUS DE 400 PARTICIPANTS ATTENDUS<\/h2>\n<h3 style=\"text-align: center;\"><strong>SUR PLACE ET SUR LE WEB<\/strong><\/h3>\n<p>[\/et_pb_text][\/et_pb_column][\/et_pb_row][et_pb_row column_structure=\u00a0\u00bb1_2,1_2&Prime; _builder_version=\u00a0\u00bb3.25&Prime; background_size=\u00a0\u00bbinitial\u00a0\u00bb background_position=\u00a0\u00bbtop_left\u00a0\u00bb background_repeat=\u00a0\u00bbrepeat\u00a0\u00bb][et_pb_column type=\u00a0\u00bb1_2&Prime; _builder_version=\u00a0\u00bb3.25&Prime; custom_padding=\u00a0\u00bb|||\u00a0\u00bb custom_padding__hover=\u00a0\u00bb|||\u00a0\u00bb][et_pb_text _builder_version=\u00a0\u00bb3.27.4&Prime; text_font=\u00a0\u00bbLato||||||||\u00a0\u00bb text_font_size=\u00a0\u00bb16px\u00a0\u00bb text_line_height=\u00a0\u00bb1.8em\u00a0\u00bb]Vous \u00eates propri\u00e9taire ou administrateur de r\u00e9sidences (petites ou grandes); un organisme, une association ou un groupe communautaire vou\u00e9 au bien-\u00eatre des a\u00een\u00e9s; un directeur, gestionnaire, clinicien, professionnel, ou encore un employ\u00e9 du r\u00e9seau de la sant\u00e9 et des services sociaux? Vous travaillez dans un \u00e9tablissement en sant\u00e9 et services sociaux tel qu&rsquo;un RI, RPA, CHSLD (P et PC), ou encore vous \u00eates gestionnaire de soins \u00e0 domicile?&nbsp;Le colloque Pour le mieux-\u00eatre des a\u00een\u00e9s est l&rsquo;\u00e9v\u00e9nement pour vous!<\/p>\n<p>Sous le signe de la formation continue, ce colloque vise \u00e0 promouvoir les strat\u00e9gies vers l\u2019adoption de saines pratiques en mati\u00e8re de prestation de soins de sant\u00e9 et de services sociaux.<\/p>\n<p>&nbsp;[\/et_pb_text][\/et_pb_column][et_pb_column type=\u00a0\u00bb1_2&Prime; _builder_version=\u00a0\u00bb3.25&Prime; custom_padding=\u00a0\u00bb|||\u00a0\u00bb custom_padding__hover=\u00a0\u00bb|||\u00a0\u00bb][et_pb_image src=\u00a0\u00bbhttps:\/\/www.lepointensante.com\/colloque-pour-le-mieux-etre-des-aines-2020\/wp-content\/uploads\/sites\/16\/2020\/01\/164.jpg\u00a0\u00bb align_tablet=\u00a0\u00bbcenter\u00a0\u00bb align_phone=\u00a0\u00bb\u00a0\u00bb align_last_edited=\u00a0\u00bbon|desktop\u00a0\u00bb _builder_version=\u00a0\u00bb3.23&Prime;][\/et_pb_image][\/et_pb_column][\/et_pb_row][\/et_pb_section][et_pb_section fb_built=\u00a0\u00bb1&Prime; _builder_version=\u00a0\u00bb3.22&Prime; background_color=\u00a0\u00bb#c4c4c4&Prime;][et_pb_row column_structure=\u00a0\u00bb1_3,1_3,1_3&Prime; _builder_version=\u00a0\u00bb3.25&Prime; background_color=\u00a0\u00bb#c6c6c6&Prime;][et_pb_column type=\u00a0\u00bb1_3&Prime; _builder_version=\u00a0\u00bb3.25&Prime; custom_padding=\u00a0\u00bb|||\u00a0\u00bb custom_padding__hover=\u00a0\u00bb|||\u00a0\u00bb][et_pb_text _builder_version=\u00a0\u00bb3.27.4&Prime; text_font=\u00a0\u00bbLato||||||||\u00a0\u00bb text_font_size=\u00a0\u00bb18px\u00a0\u00bb text_line_height=\u00a0\u00bb1.5em\u00a0\u00bb]<\/p>\n<h1><strong>LIEU<\/strong><\/h1>\n<p>Centre des congr\u00e8s de L\u00e9vis<br \/>\n5750, Rue J.-B.- Michaud, L\u00e9vis, Qu\u00e9bec[\/et_pb_text][\/et_pb_column][et_pb_column type=\u00a0\u00bb1_3&Prime; _builder_version=\u00a0\u00bb3.25&Prime; custom_padding=\u00a0\u00bb|||\u00a0\u00bb custom_padding__hover=\u00a0\u00bb|||\u00a0\u00bb][et_pb_text _builder_version=\u00a0\u00bb3.27.4&Prime; text_font=\u00a0\u00bbLato||||||||\u00a0\u00bb text_font_size=\u00a0\u00bb18px\u00a0\u00bb text_line_height=\u00a0\u00bb1.5em\u00a0\u00bb]<\/p>\n<h1><strong>DATE<\/strong><\/h1>\n<p>Le jeudi 10 septembre 2020[\/et_pb_text][\/et_pb_column][et_pb_column type=\u00a0\u00bb1_3&Prime; _builder_version=\u00a0\u00bb3.25&Prime; custom_padding=\u00a0\u00bb|||\u00a0\u00bb custom_padding__hover=\u00a0\u00bb|||\u00a0\u00bb][et_pb_text _builder_version=\u00a0\u00bb3.27.4&Prime; text_font=\u00a0\u00bbLato||||||||\u00a0\u00bb text_font_size=\u00a0\u00bb18px\u00a0\u00bb text_line_height=\u00a0\u00bb1.5em\u00a0\u00bb]<\/p>\n<h1><strong>HEURE<\/strong><\/h1>\n<p>Colloque : 7h00 \u00e0 16h30<br \/>\nCocktail : 16h30 \u00e0 18h30[\/et_pb_text][\/et_pb_column][\/et_pb_row][\/et_pb_section][et_pb_section fb_built=\u00a0\u00bb1&Prime; _builder_version=\u00a0\u00bb3.22&Prime;][et_pb_row _builder_version=\u00a0\u00bb3.25&Prime; background_size=\u00a0\u00bbinitial\u00a0\u00bb background_position=\u00a0\u00bbtop_left\u00a0\u00bb background_repeat=\u00a0\u00bbrepeat\u00a0\u00bb][et_pb_column type=\u00a0\u00bb4_4&Prime; _builder_version=\u00a0\u00bb3.25&Prime; custom_padding=\u00a0\u00bb|||\u00a0\u00bb custom_padding__hover=\u00a0\u00bb|||\u00a0\u00bb][et_pb_accordion open_toggle_text_color=\u00a0\u00bb#000000&Prime; open_toggle_background_color=\u00a0\u00bb#ffffff\u00a0\u00bb closed_toggle_text_color=\u00a0\u00bb#000000&Prime; closed_toggle_background_color=\u00a0\u00bb#ffffff\u00a0\u00bb _builder_version=\u00a0\u00bb4.0.10&Prime; toggle_text_color=\u00a0\u00bb#000000&Prime; toggle_level=\u00a0\u00bbh2&Prime; toggle_font=\u00a0\u00bbLato|700|||||||\u00a0\u00bb toggle_font_size=\u00a0\u00bb26&Prime; body_text_color=\u00a0\u00bb#000000&Prime; body_line_height=\u00a0\u00bb1.8em\u00a0\u00bb border_color_all=\u00a0\u00bb#c4c4c4&Prime;][et_pb_accordion_item title=\u00a0\u00bbPROGRAMMATION G\u00c9N\u00c9RALE\u00a0\u00bb open=\u00a0\u00bbon\u00a0\u00bb icon_color=\u00a0\u00bb#c4c4c4&Prime; _builder_version=\u00a0\u00bb4.0.10&Prime;]<\/p>\n<h4><strong><img loading=\"lazy\" decoding=\"async\" class=\"alignnone wp-image-410 size-full\" src=\"https:\/\/www.lepointensante.com\/colloque-pour-le-mieux-etre-des-aines-2020\/wp-content\/uploads\/sites\/16\/2020\/03\/2020-04-23-Mieux-\u00eatre-des-A\u00een\u00e9sNEW.jpg\" alt=\"\" width=\"1003\" height=\"299\" srcset=\"https:\/\/www.lepointensante.com\/colloque-pour-le-mieux-etre-des-aines\/wp-content\/uploads\/sites\/16\/2020\/03\/2020-04-23-Mieux-\u00eatre-des-A\u00een\u00e9sNEW.jpg 1003w, https:\/\/www.lepointensante.com\/colloque-pour-le-mieux-etre-des-aines\/wp-content\/uploads\/sites\/16\/2020\/03\/2020-04-23-Mieux-\u00eatre-des-A\u00een\u00e9sNEW-300x89.jpg 300w, https:\/\/www.lepointensante.com\/colloque-pour-le-mieux-etre-des-aines\/wp-content\/uploads\/sites\/16\/2020\/03\/2020-04-23-Mieux-\u00eatre-des-A\u00een\u00e9sNEW-768x229.jpg 768w, https:\/\/www.lepointensante.com\/colloque-pour-le-mieux-etre-des-aines\/wp-content\/uploads\/sites\/16\/2020\/03\/2020-04-23-Mieux-\u00eatre-des-A\u00een\u00e9sNEW-600x179.jpg 600w\" sizes=\"auto, (max-width: 1003px) 100vw, 1003px\" \/>\u00a0<\/strong><\/h4>\n<h4>\u00a0<\/h4>\n<h4><strong>7 h 00<\/strong>\u00a0Accueil et inscription \u2013 viennoiseries et caf\u00e9<\/h4>\n<p>&nbsp;<\/p>\n<h4><strong>8 h 30<\/strong> <strong>Mot d\u2019ouverture |<\/strong> Salle La Principale<\/h4>\n<h6><em><strong>Normand Bouchard,\u00a0<\/strong><\/em><em>Pr\u00e9sident, Le Point en sant\u00e9 et services sociaux<\/em><\/h6>\n<p>&nbsp;<\/p>\n<h4><strong>8 h 35 Mot de bienvenue <\/strong>| Salle La Principale<\/h4>\n<p>Daniel Par\u00e9, PDG, CISSS de Chaudi\u00e8re-Appalaches<\/p>\n<p>&nbsp;<\/p>\n<h4><strong>8 h 45 <\/strong><strong>Allocution <\/strong>| Salle La Principale<\/h4>\n<h6><em><strong>Marguerite Blais,\u00a0<\/strong><\/em><em>Ministre responsable des A\u00een\u00e9s et Proches aidants<\/em><\/h6>\n<h4>\u00a0<\/h4>\n<h4><strong>9 h 00<\/strong><strong> Conf\u00e9rence <\/strong>Du tsunami gris \u00e0 la premi\u00e8re vague \u00e0 des eaux tranquilles\u00a0: quelques le\u00e7ons de la pand\u00e9mie et une vision pour naviguer l\u2019avenir des services et des soins aux personnes \u00e2g\u00e9es \u00a0| Salle La Principale<\/h4>\n<h6><em><strong>Quoc Dinh Nguyen<\/strong><\/em>, <em>MD, <\/em><em>Interniste-g\u00e9riatre et \u00e9pid\u00e9miologiste \u2013 Service de g\u00e9riatrie, Centre hospitalier de l\u2019Universit\u00e9 de Montr\u00e9al \u2013 CHUM et <\/em><em>Professeur adjoint de clinique \u2013 Universit\u00e9 de Montr\u00e9al<\/em><\/h6>\n<h6>\u00a0<\/h6>\n<p>&nbsp;<\/p>\n<p><strong>\u00a0<\/strong><\/p>\n<h4><strong>9 h 30 \u00a0Premi\u00e8re s\u00e9rie d\u2019ateliers<\/strong><\/h4>\n<p>&nbsp;<\/p>\n<h5><strong><span style=\"font-weight: 400;\">\u25ba <\/span>L&rsquo;importance du rep\u00e9rage des personnes \u00e2g\u00e9es en perte d\u2019autonomie selon une approche populationnelle et pr\u00e9ventive <\/strong>| Salle La Principale<\/h5>\n<h6><em><strong>Michel Ra\u00eeche<\/strong>, Directeur scientifique, Centre d\u2019expertise en sant\u00e9 de Sherbrooke<\/em><\/h6>\n<p>&nbsp;<\/p>\n<h5><strong><span style=\"font-weight: 400;\">\u25ba <\/span><\/strong><strong>La t\u00e9l\u00e9r\u00e9adaptation pour les personnes atteintes de la maladie de Parkinson avec histoire de chutes <\/strong>| Salle Coop\u00e9ration<\/h5>\n<h6><em><strong>Violaine Lavoie<\/strong>,\u00a0Physioth\u00e9rapeute clinicienne et chercheure associ\u00e9e,\u00a0<\/em><em>CISSS de Chaudi\u00e8re-Appalaches<\/em><\/h6>\n<p>&nbsp;<\/p>\n<p>&nbsp;<\/p>\n<h4><strong>10 h 30<\/strong>\u00a0Pause-caf\u00e9 et visite du Salon des exposants<\/h4>\n<p>&nbsp;<\/p>\n<p>&nbsp;<\/p>\n<h4><strong>11 h 00 \u00a0Deuxi\u00e8me s\u00e9rie d\u2019ateliers<\/strong><\/h4>\n<p>&nbsp;<\/p>\n<h5><strong><span style=\"font-weight: 400;\">\u25ba <\/span><\/strong><strong>Outiller les proches aidants pour favoriser le maintien de l\u2019engagement occupationnel <\/strong>| Salle Coop\u00e9ration<\/h5>\n<p><em><strong>Chantal Viscogliosi<\/strong>, Ergoth\u00e9rapeute et professeure en ergoth\u00e9rapie, Universit\u00e9 de Sherbrooke<\/em><\/p>\n<p>&nbsp;<\/p>\n<h5><strong><span style=\"font-weight: 400;\">\u25ba <\/span><\/strong><strong>Partenariat avec les r\u00e9sidences priv\u00e9es pour a\u00een\u00e9s: Une offre de service adapt\u00e9e dans notre communaut\u00e9 <\/strong>| Salle La Principale<\/h5>\n<p><em><strong>M\u00e9lissa Houle<\/strong><\/em>,<em> Chef de service partenariat avec les RPA, Direction du programme soutien \u00e0 l\u2019autonomie des personnes \u00e2g\u00e9es (SAPA), CIUSSS de l\u2019Est-de-l\u2019\u00cele-de-Montr\u00e9al\u00a0<\/em><\/p>\n<h5>\u00a0<\/h5>\n<h5><strong>\u25ba Projet unir : co-construire ensemble!<\/strong> | En webdiffusion<\/h5>\n<p><em><strong>Jos\u00e9e Chouinard<\/strong>, Directrice SAPA, CISSS de Chaudi\u00e8re-Appalaches<\/em><\/p>\n<p><em><strong>Carole Bordes<\/strong>, Directrice Adjointe Logistique, CISSS de Chaudi\u00e8re-Appalaches<\/em><\/p>\n<h4>\u00a0<\/h4>\n<h4><strong>12 h 00<\/strong>\u00a0D\u00eener et visite du Salon des exposants<\/h4>\n<p>&nbsp;<\/p>\n<p>&nbsp;<\/p>\n<h4><strong>13 h 15 Troisi\u00e8me s\u00e9rie d\u2019ateliers<\/strong><\/h4>\n<p>&nbsp;<\/p>\n<h5><strong><span style=\"font-weight: 400;\">\u25ba <\/span><\/strong><b>Concept Maison des a\u00een\u00e9s <\/b>| Salle La Principale<\/h5>\n<p><em><strong>St\u00e9phane Bouffard<\/strong>,\u00a0Conseiller Clinique, Direction de la qualit\u00e9 des milieux de vie,\u00a0Minist\u00e8re de la Sant\u00e9 et des Services sociaux<br \/><\/em><\/p>\n<p>&nbsp;<\/p>\n<h5><strong><span style=\"font-weight: 400;\">\u25ba\u00a0<\/span><\/strong><strong>Les Outils de cheminement Clinique informatis\u00e9s pour les usagers et les proches aidants\u00a0<\/strong>| Salle Coop\u00e9ration<\/h5>\n<p><em><strong>Val\u00e9rie Guillot<\/strong>, Conseill\u00e8re en g\u00e9rontologie, Direction des orientations des services aux a\u00een\u00e9s et aux proches aidants,\u00a0Minist\u00e8re de la Sant\u00e9 et des Services sociaux<\/em><\/p>\n<h4>\u00a0<\/h4>\n<h5><strong>\u25ba Int\u00e9gration d\u2019une infirmi\u00e8re experte en g\u00e9riatrie \u00e0 l\u2019urgence : Comment red\u00e9finir \u00ab\u00a0l\u2019urgence \u00bb d\u2019agir aupr\u00e8s des a\u00een\u00e9s dans ce contexte <\/strong>| En webdiffusion<\/h5>\n<p><em><strong>Joanie Robitaille<\/strong>, Infirmi\u00e8re clinicienne sp\u00e9cialis\u00e9e en g\u00e9riatrie \u00e0 l\u2019urgence, CISSS de Chaudi\u00e8re-Appalaches, Direction SAPA, H\u00f4tel-Dieu-de-L\u00e9vis<\/em><\/p>\n<p><em><strong>Patrick Archambault<\/strong>, MD, Urgentologue et intensiviste, clinicien-chercheur int\u00e9gr\u00e9 des IRSC, CISSS de Chaudi\u00e8re-Appalaches, professeur agr\u00e9g\u00e9, D\u00e9partement de m\u00e9decine familiale et m\u00e9decine d\u2019urgence, Universit\u00e9 Laval<\/em><\/p>\n<p>&nbsp;<\/p>\n<h4><strong>14 h 15 Quatri\u00e8me s\u00e9rie d\u2019ateliers<\/strong><\/h4>\n<p>&nbsp;<\/p>\n<h5><strong><span style=\"font-weight: 400;\">\u25ba <\/span><\/strong><strong>L&rsquo;ordonnance de protection : un outil juridique m\u00e9connu <\/strong>| Salle La Principale<\/h5>\n<p><em><strong>Marie-Nancy Paquet<\/strong>, Avocate, Lavery Avocats<\/em><\/p>\n<p><strong>\u00a0<\/strong><\/p>\n<h5><strong>\u25ba I-t\u00e9l\u00e9soins\u00a0: favoriser le maintien \u00e0 domicile en assistant les a\u00een\u00e9s et leurs proches <\/strong>| En webdiffusion<\/h5>\n<p><em><strong>Nicolas Bastien<\/strong>, Vice-pr\u00e9sident au d\u00e9veloppement des affaires, Qualicode<\/em><\/p>\n<h4>\u00a0<\/h4>\n<p>&nbsp;<\/p>\n<h4><strong>15 h 15 <\/strong>Pause-caf\u00e9<\/h4>\n<p>&nbsp;<\/p>\n<p>&nbsp;<\/p>\n<h4><strong>15 h 30 Cinqui\u00e8me s\u00e9rie d\u2019ateliers\u00a0\u00a0\u00a0\u00a0\u00a0\u00a0\u00a0\u00a0\u00a0\u00a0\u00a0\u00a0<\/strong><\/h4>\n<p>&nbsp;<\/p>\n<h5><strong><span style=\"font-weight: 400;\">\u25ba\u00a0<\/span><\/strong><strong>\u00c9valuation comparative de la mise en \u0153uvre du projet \u00ab Soins aigus pour les a\u00een\u00e9s \u00bb (Acute Care for Elders, ACE) dans deux h\u00f4pitaux francophones au Canada : l&rsquo;h\u00f4pital H\u00f4tel Dieu de L\u00e9vis et l&rsquo;h\u00f4pital (HDL) et l&rsquo;h\u00f4pital Montfort (HM) \u00e0 Ottawa\u00a0<\/strong>| Salle Coop\u00e9ration<\/h5>\n<h6><em><strong>El Kebir Ghandour<\/strong>, Chercheur postdoctoral IRSC- INESSS, CISSS de Chaudi\u00e8re-Appalaches<\/em><\/h6>\n<h6><em><strong>Patrick Archambault<\/strong>, Chercheur-clinicien int\u00e9gr\u00e9 IRSC, MD, M. Sc, FRCP<\/em><\/h6>\n<h6><em><strong>Jos\u00e9e Rivard<\/strong>, Directrice des soins infirmiers, CISSS de Chaudi\u00e8re-Appalaches<\/em><\/h6>\n<p>&nbsp;<\/p>\n<h5>\u00a0<\/h5>\n<h5><strong><span style=\"font-weight: 400;\">\u25ba <\/span><\/strong><strong>Comment bien se pr\u00e9parer \u00e0 un d\u00e9m\u00e9nagement en r\u00e9sidence <\/strong>| Salle La Principale<\/h5>\n<h6><em><strong>Nouha Ben Gaied<\/strong>, Directrice recherche et d\u00e9veloppement, qualit\u00e9 des services, F\u00e9d\u00e9ration qu\u00e9b\u00e9coise des Soci\u00e9t\u00e9s Alzheimer<\/em><\/h6>\n<h5><strong>\u00a0<\/strong><\/h5>\n<p>&nbsp;<\/p>\n<h4><strong>16 h 30 <\/strong><strong>Conf\u00e9rence <\/strong>Ajouter de la vie aux ann\u00e9es par la g\u00e9riatrie sociale<strong> |<\/strong> Salle La Principale<\/h4>\n<h6><em><strong>Dr St\u00e9phane Lemire, <\/strong>I<\/em><em>nterniste g\u00e9riatre et pr\u00e9sident, Fondation AGES<\/em><\/h6>\n<h6>\u00a0<\/h6>\n<h4>\u00a0<\/h4>\n<p>&nbsp;<\/p>\n<h4><strong>17 h 00<\/strong> Cocktail<strong> |<\/strong> Salle La Principale<\/h4>\n<p>[\/et_pb_accordion_item][et_pb_accordion_item title=\u00a0\u00bbCONF\u00c9RENCES\u00a0\u00bb icon_color=\u00a0\u00bb#c4c4c4&Prime; _builder_version=\u00a0\u00bb4.0.10&Prime; open=\u00a0\u00bboff\u00a0\u00bb]<\/p>\n<h3><strong>Allocution d&rsquo;ouverture\u00a0<\/strong><\/h3>\n<h4><strong>\u25ba Salle La Principale<\/strong><strong>, 8 h 45<\/strong><\/h4>\n<div id=\"attachment_127\" style=\"width: 210px\" class=\"wp-caption alignleft\"><img loading=\"lazy\" decoding=\"async\" aria-describedby=\"caption-attachment-127\" class=\"wp-image-127 size-medium\" src=\"https:\/\/www.lepointensante.com\/colloque-pour-le-mieux-etre-des-aines-2020\/wp-content\/uploads\/sites\/16\/2020\/01\/Marguerite_Blais-1-200x300.jpg\" alt=\"\" width=\"200\" height=\"300\" srcset=\"https:\/\/www.lepointensante.com\/colloque-pour-le-mieux-etre-des-aines\/wp-content\/uploads\/sites\/16\/2020\/01\/Marguerite_Blais-1-200x300.jpg 200w, https:\/\/www.lepointensante.com\/colloque-pour-le-mieux-etre-des-aines\/wp-content\/uploads\/sites\/16\/2020\/01\/Marguerite_Blais-1-768x1152.jpg 768w, https:\/\/www.lepointensante.com\/colloque-pour-le-mieux-etre-des-aines\/wp-content\/uploads\/sites\/16\/2020\/01\/Marguerite_Blais-1-683x1024.jpg 683w, https:\/\/www.lepointensante.com\/colloque-pour-le-mieux-etre-des-aines\/wp-content\/uploads\/sites\/16\/2020\/01\/Marguerite_Blais-1-1080x1620.jpg 1080w, https:\/\/www.lepointensante.com\/colloque-pour-le-mieux-etre-des-aines\/wp-content\/uploads\/sites\/16\/2020\/01\/Marguerite_Blais-1-1320x1980.jpg 1320w, https:\/\/www.lepointensante.com\/colloque-pour-le-mieux-etre-des-aines\/wp-content\/uploads\/sites\/16\/2020\/01\/Marguerite_Blais-1-600x900.jpg 600w, https:\/\/www.lepointensante.com\/colloque-pour-le-mieux-etre-des-aines\/wp-content\/uploads\/sites\/16\/2020\/01\/Marguerite_Blais-1.jpg 2048w\" sizes=\"auto, (max-width: 200px) 100vw, 200px\" \/><p id=\"caption-attachment-127\" class=\"wp-caption-text\"><strong>Marguerite Blais<\/strong>, Ministre responsable des A\u00een\u00e9s et Proches aidants<\/p><\/div>\n<blockquote>\n<p>&nbsp;<\/p>\n<\/blockquote>\n<h3>\u00a0<\/h3>\n<h3>\u00a0<\/h3>\n<p>&nbsp;<\/p>\n<h3>\u00a0<\/h3>\n<h3>\u00a0<\/h3>\n<p>&nbsp;<\/p>\n<h3>\u00a0<\/h3>\n<h3>\u00a0<\/h3>\n<h3>\u00a0<\/h3>\n<h3>\u00a0<\/h3>\n<h3>\u00a0<\/h3>\n<h3><strong>Grande conf\u00e9rence <\/strong>Du tsunami gris \u00e0 la premi\u00e8re vague \u00e0 des eaux tranquilles\u00a0: quelques le\u00e7ons de la pand\u00e9mie et une vision pour naviguer l\u2019avenir des services et des soins aux personnes \u00e2g\u00e9es<\/h3>\n<h4><strong>\u25ba Salle La Principale, 9 h 00<\/strong><\/h4>\n<div id=\"attachment_593\" style=\"width: 250px\" class=\"wp-caption alignleft\"><img loading=\"lazy\" decoding=\"async\" aria-describedby=\"caption-attachment-593\" class=\"wp-image-593 size-medium\" src=\"https:\/\/www.lepointensante.com\/colloque-pour-le-mieux-etre-des-aines-2020\/wp-content\/uploads\/sites\/16\/2020\/09\/YvensB-Photo-Eugeria-Jan-2019-Y81_9820-240x300.jpg\" alt=\"\" width=\"240\" height=\"300\" \/><p id=\"caption-attachment-593\" class=\"wp-caption-text\">Quoc Dinh Nguyen, MD Interniste-g\u00e9riatre et \u00e9pid\u00e9miologiste \u2013 Service de g\u00e9riatrie, Centre hospitalier de l\u2019Universit\u00e9 de Montr\u00e9al \u2013 CHUM Professeur adjoint de clinique \u2013 Universit\u00e9 de Montr\u00e9al<\/p><\/div>\n<p>La pand\u00e9mie a r\u00e9v\u00e9l\u00e9 au grand jour les besoins et la complexit\u00e9 des services et des soins aux personnes \u00e2g\u00e9es.<\/p>\n<p>Dans cette conf\u00e9rence, Dr Nguyen tentera de tirer des le\u00e7ons de la premi\u00e8re vague de la pand\u00e9mie prenant pour point de d\u00e9part les huit derniers mois. Mais face au tsunami gris dont on parle depuis bien avant la pand\u00e9mie, l\u2019objectif est de proposer une vision pour l\u2019avenir des services et des soins int\u00e9grant nos apprentissages des derniers mois.<\/p>\n<p>Pour nous permettre \u00e0 tous de naviguer des eaux plus tranquilles devant le vieillissement continu de la population qu\u00e9b\u00e9coise, il nous faudra savoir briser les silos, int\u00e9grer les avanc\u00e9es technologiques, pr\u00f4ner une vision holistique et long terme, investir l\u2019espace public pour d\u00e9fendre nos a\u00een\u00e9s, trouver l\u2019\u00e9quilibre en milieu de vie et milieu de soins, entre autonomie et protection. Et, surtout et toujours, tenir l\u2019humain, la personne et ses proches au c\u0153ur de nos pr\u00e9occupations.<\/p>\n<h3>\u00a0<\/h3>\n<h3>\u00a0<\/h3>\n<h3>\u00a0<\/h3>\n<h3>\u00a0<\/h3>\n<h3>\u00a0<\/h3>\n<h3>\u00a0<\/h3>\n<h3>\u00a0<\/h3>\n<h3><strong>Grande c<\/strong><strong>onf\u00e9rence <\/strong>Ajouter de la vie aux ann\u00e9es par la g\u00e9riatrie sociale<\/h3>\n<h4><strong>\u25ba Salle La Principale, 16 h 00<\/strong><\/h4>\n<div id=\"attachment_112\" style=\"width: 210px\" class=\"wp-caption alignleft\"><img loading=\"lazy\" decoding=\"async\" aria-describedby=\"caption-attachment-112\" class=\"wp-image-112 size-medium\" src=\"https:\/\/www.lepointensante.com\/colloque-pour-le-mieux-etre-des-aines-2020\/wp-content\/uploads\/sites\/16\/2020\/01\/Stephane_Lemire-200x300.jpg\" alt=\"\" width=\"200\" height=\"300\" srcset=\"https:\/\/www.lepointensante.com\/colloque-pour-le-mieux-etre-des-aines\/wp-content\/uploads\/sites\/16\/2020\/01\/Stephane_Lemire-200x300.jpg 200w, https:\/\/www.lepointensante.com\/colloque-pour-le-mieux-etre-des-aines\/wp-content\/uploads\/sites\/16\/2020\/01\/Stephane_Lemire-768x1152.jpg 768w, https:\/\/www.lepointensante.com\/colloque-pour-le-mieux-etre-des-aines\/wp-content\/uploads\/sites\/16\/2020\/01\/Stephane_Lemire-683x1024.jpg 683w, https:\/\/www.lepointensante.com\/colloque-pour-le-mieux-etre-des-aines\/wp-content\/uploads\/sites\/16\/2020\/01\/Stephane_Lemire-1080x1620.jpg 1080w, https:\/\/www.lepointensante.com\/colloque-pour-le-mieux-etre-des-aines\/wp-content\/uploads\/sites\/16\/2020\/01\/Stephane_Lemire-1320x1980.jpg 1320w, https:\/\/www.lepointensante.com\/colloque-pour-le-mieux-etre-des-aines\/wp-content\/uploads\/sites\/16\/2020\/01\/Stephane_Lemire-600x900.jpg 600w, https:\/\/www.lepointensante.com\/colloque-pour-le-mieux-etre-des-aines\/wp-content\/uploads\/sites\/16\/2020\/01\/Stephane_Lemire.jpg 2048w\" sizes=\"auto, (max-width: 200px) 100vw, 200px\" \/><p id=\"caption-attachment-112\" class=\"wp-caption-text\"><strong>Dr St\u00e9phane Lemire<\/strong>, interniste g\u00e9riatre et pr\u00e9sident de la Fondation AGES<\/p><\/div>\n<p>\u00c0 la Fondation AGES, nous faisons le pari qu\u2019il est possible d\u2019ajouter de la vie aux ann\u00e9es par le mod\u00e8le de g\u00e9riatrie sociale que nous d\u00e9veloppons depuis 2013. Ce mod\u00e8le, issu d\u2019une exp\u00e9rience concr\u00e8te sur le terrain et des forums de g\u00e9riatrie sociale tenus en 2016 et 2018, souhaite \u00e9tablir un trait d\u2019union entre le milieu communautaires et le r\u00e9seau de la sant\u00e9 en agissant \u00e0 m\u00eame le milieu de vie des a\u00een\u00e9s, chez eux et avec leurs proches aidants.<\/p>\n<p>En agissant en amont, l\u2019objectif est d\u2019am\u00e9liorer la qualit\u00e9 de vie des a\u00een\u00e9s sans avoir recours \u00e0 la lourdeur des services institutionnels. Enfin, l\u2019approche pr\u00e9conise le respect des droits et des choix personnels des a\u00een\u00e9s en ce qui concerne leur sant\u00e9.<\/p>\n<p>&nbsp;<\/p>\n<h3>\u00a0<\/h3>\n<h3>\u00a0<\/h3>\n<h3>\u00a0<\/h3>\n<p>&nbsp;<\/p>\n<h3>\u00a0<\/h3>\n<p>&nbsp;<\/p>\n<p>[\/et_pb_accordion_item][et_pb_accordion_item title=\u00a0\u00bbATELIERS\u00a0\u00bb icon_color=\u00a0\u00bb#c4c4c4&Prime; _builder_version=\u00a0\u00bb4.0.10&Prime; open=\u00a0\u00bboff\u00a0\u00bb]<\/p>\n<h3><b>L&rsquo;importance du rep\u00e9rage des personnes \u00e2g\u00e9es en perte d\u2019autonomie selon une approche populationnelle et pr\u00e9ventive<\/b><\/h3>\n<div id=\"attachment_137\" style=\"width: 210px\" class=\"wp-caption alignleft\"><img loading=\"lazy\" decoding=\"async\" aria-describedby=\"caption-attachment-137\" class=\"wp-image-137 size-medium\" src=\"https:\/\/www.lepointensante.com\/colloque-pour-le-mieux-etre-des-aines-2020\/wp-content\/uploads\/sites\/16\/2020\/01\/Michel_Racine-200x300.jpg\" alt=\"\" width=\"200\" height=\"300\" srcset=\"https:\/\/www.lepointensante.com\/colloque-pour-le-mieux-etre-des-aines\/wp-content\/uploads\/sites\/16\/2020\/01\/Michel_Racine-200x300.jpg 200w, https:\/\/www.lepointensante.com\/colloque-pour-le-mieux-etre-des-aines\/wp-content\/uploads\/sites\/16\/2020\/01\/Michel_Racine-768x1152.jpg 768w, https:\/\/www.lepointensante.com\/colloque-pour-le-mieux-etre-des-aines\/wp-content\/uploads\/sites\/16\/2020\/01\/Michel_Racine-683x1024.jpg 683w, https:\/\/www.lepointensante.com\/colloque-pour-le-mieux-etre-des-aines\/wp-content\/uploads\/sites\/16\/2020\/01\/Michel_Racine-1080x1620.jpg 1080w, https:\/\/www.lepointensante.com\/colloque-pour-le-mieux-etre-des-aines\/wp-content\/uploads\/sites\/16\/2020\/01\/Michel_Racine-1320x1980.jpg 1320w, https:\/\/www.lepointensante.com\/colloque-pour-le-mieux-etre-des-aines\/wp-content\/uploads\/sites\/16\/2020\/01\/Michel_Racine-600x900.jpg 600w, https:\/\/www.lepointensante.com\/colloque-pour-le-mieux-etre-des-aines\/wp-content\/uploads\/sites\/16\/2020\/01\/Michel_Racine.jpg 2048w\" sizes=\"auto, (max-width: 200px) 100vw, 200px\" \/><p id=\"caption-attachment-137\" class=\"wp-caption-text\"><strong>Michel Ra\u00eeche<\/strong>, Directeur scientifique, Centre d\u2019expertise en sant\u00e9 de Sherbrooke<\/p><\/div>\n<p>La conf\u00e9rence a pour objectif de pr\u00e9senter un outil permettant de rep\u00e9rer les personnes \u00e2g\u00e9es en perte d\u2019autonomie non connues des services du soutien \u00e0 domicile.<\/p>\n<p>Cette conf\u00e9rence mettra en lumi\u00e8re les meilleures pratiques de rep\u00e9rage et de suivis. L\u2019auditoire sera donc sensibilis\u00e9 aux avantages pour l\u2019usager, le proche aidant et le r\u00e9seau de sant\u00e9 d\u2019une identification pr\u00e9coce des personnes vuln\u00e9rables avant que le processus de perte d\u2019autonomie ne soit trop avanc\u00e9, de proc\u00e9der \u00e0 une \u00e9valuation plus approfondie et d\u2019offrir le soutien requis.<\/p>\n<p>Ces meilleures pratiques de rep\u00e9rage et de suivi sont les r\u00e9sultats de travaux r\u00e9alis\u00e9s dans le cadre de la Politique gouvernementale de sant\u00e9 publique.<\/p>\n<p>&nbsp;<\/p>\n<p>&nbsp;<\/p>\n<p>&nbsp;<\/p>\n<h3>\u00a0<\/h3>\n<h3>\u00a0<\/h3>\n<p>&nbsp;<\/p>\n<h3><strong>La t\u00e9l\u00e9r\u00e9adaptation pour les personnes atteintes de la maladie de Parkinson avec histoire de chutes<\/strong><\/h3>\n<div id=\"attachment_178\" style=\"width: 210px\" class=\"wp-caption alignleft\"><img loading=\"lazy\" decoding=\"async\" aria-describedby=\"caption-attachment-178\" class=\"wp-image-178 size-medium\" src=\"https:\/\/www.lepointensante.com\/colloque-pour-le-mieux-etre-des-aines-2020\/wp-content\/uploads\/sites\/16\/2020\/01\/Violaine_Lavoie-200x300.jpg\" alt=\"\" width=\"200\" height=\"300\" srcset=\"https:\/\/www.lepointensante.com\/colloque-pour-le-mieux-etre-des-aines\/wp-content\/uploads\/sites\/16\/2020\/01\/Violaine_Lavoie-200x300.jpg 200w, https:\/\/www.lepointensante.com\/colloque-pour-le-mieux-etre-des-aines\/wp-content\/uploads\/sites\/16\/2020\/01\/Violaine_Lavoie-768x1152.jpg 768w, https:\/\/www.lepointensante.com\/colloque-pour-le-mieux-etre-des-aines\/wp-content\/uploads\/sites\/16\/2020\/01\/Violaine_Lavoie-683x1024.jpg 683w, https:\/\/www.lepointensante.com\/colloque-pour-le-mieux-etre-des-aines\/wp-content\/uploads\/sites\/16\/2020\/01\/Violaine_Lavoie-1080x1620.jpg 1080w, https:\/\/www.lepointensante.com\/colloque-pour-le-mieux-etre-des-aines\/wp-content\/uploads\/sites\/16\/2020\/01\/Violaine_Lavoie-1320x1980.jpg 1320w, https:\/\/www.lepointensante.com\/colloque-pour-le-mieux-etre-des-aines\/wp-content\/uploads\/sites\/16\/2020\/01\/Violaine_Lavoie-600x900.jpg 600w, https:\/\/www.lepointensante.com\/colloque-pour-le-mieux-etre-des-aines\/wp-content\/uploads\/sites\/16\/2020\/01\/Violaine_Lavoie.jpg 2048w\" sizes=\"auto, (max-width: 200px) 100vw, 200px\" \/><p id=\"caption-attachment-178\" class=\"wp-caption-text\"><strong>Violaine Lavoie<\/strong>, Physioth\u00e9rapeute clinicienne et chercheure associ\u00e9e, CISSS de Chaudi\u00e8re-Appalaches<\/p><\/div>\n<p>Le but de cette conf\u00e9rence sera de faire un bref rappel des caract\u00e9ristiques de la maladie de Parkinson (MP) et de pr\u00e9senter les r\u00e9sultats d\u2019une \u00e9tude exploratoire d\u2019intervention de t\u00e9l\u00e9r\u00e9adaptation.<\/p>\n<p>Les chutes chez les personnes atteintes de la MP diminuent la qualit\u00e9 de vie et constituent un facteur de risque d\u2019hospitalisation. La physioth\u00e9rapie permet de diminuer le taux de chutes et d\u2019am\u00e9liorer la capacit\u00e9 fonctionnelle, mais l\u2019acc\u00e8s \u00e0 des services sp\u00e9cialis\u00e9s de r\u00e9adaptation pour les personnes vivant en r\u00e9gion \u00e9loign\u00e9e est limit\u00e9.<\/p>\n<p>Le but de cette \u00e9tude \u00e9tait de v\u00e9rifier la faisabilit\u00e9 d\u2019une intervention novatrice par t\u00e9l\u00e9r\u00e9adaptation aupr\u00e8s des personnes atteintes de la MP avec histoire de chute et d\u2019explorer les effets de cette modalit\u00e9 d\u2019intervention sur la capacit\u00e9 fonctionnelle et la qualit\u00e9 de vie.<\/p>\n<p>Les participants ont pris part \u00e0 un programme d\u2019exercices \u00e0 domicile d\u2019une dur\u00e9e de 8 semaines supervis\u00e9 \u00e0 distance par un physioth\u00e9rapeute \u00e0 l\u2019aide d\u2019un syst\u00e8me de t\u00e9l\u00e9sant\u00e9. Toutes les rencontres \u00e9taient effectu\u00e9es en pr\u00e9sence d\u2019un proche aidant. La participation \u00e0 l\u2019intervention, l\u2019incidence des chutes, la capacit\u00e9 fonctionnelle et la qualit\u00e9 de vie ont \u00e9t\u00e9 \u00e9valu\u00e9es une semaine avant le d\u00e9but de l\u2019intervention, puis une semaine et douze semaines post intervention.<\/p>\n<p>Les taux de r\u00e9tention et d\u2019assiduit\u00e9 ont \u00e9t\u00e9 de 91% et 100%. 21.9 % des sessions ont pr\u00e9sent\u00e9 des probl\u00e8mes techniques, qui ont \u00e9t\u00e9 r\u00e9solus. Aucun \u00e9v\u00e9nement ind\u00e9sirable n\u2019est survenu. L\u2019incidence des chutes au d\u00e9part (100%) a diminu\u00e9 \u00e0 la fois pendant la phase d\u2019intervention (40%) et au suivi (70%). La capacit\u00e9 fonctionnelle et la qualit\u00e9 de vie se sont am\u00e9lior\u00e9es.<\/p>\n<p>La physioth\u00e9rapie par t\u00e9l\u00e9r\u00e9adaptation est faisable et s\u00e9curitaire pour les personnes atteintes de la MP. L\u2019am\u00e9lioration de la capacit\u00e9 fonctionnelle et de la qualit\u00e9 de vie devra \u00eatre confirm\u00e9e avec une \u00e9tude exp\u00e9rimentale.<\/p>\n<p>&nbsp;<\/p>\n<h3><strong>Outiller les proches aidants pour favoriser le maintien de l\u2019engagement occupationnel <\/strong><\/h3>\n<div id=\"attachment_263\" style=\"width: 210px\" class=\"wp-caption alignleft\"><img loading=\"lazy\" decoding=\"async\" aria-describedby=\"caption-attachment-263\" class=\"wp-image-263 size-medium\" src=\"https:\/\/www.lepointensante.com\/colloque-pour-le-mieux-etre-des-aines-2020\/wp-content\/uploads\/sites\/16\/2020\/02\/Chantal_Viscogliosi-200x300.jpg\" alt=\"\" width=\"200\" height=\"300\" srcset=\"https:\/\/www.lepointensante.com\/colloque-pour-le-mieux-etre-des-aines\/wp-content\/uploads\/sites\/16\/2020\/02\/Chantal_Viscogliosi-200x300.jpg 200w, https:\/\/www.lepointensante.com\/colloque-pour-le-mieux-etre-des-aines\/wp-content\/uploads\/sites\/16\/2020\/02\/Chantal_Viscogliosi-768x1152.jpg 768w, https:\/\/www.lepointensante.com\/colloque-pour-le-mieux-etre-des-aines\/wp-content\/uploads\/sites\/16\/2020\/02\/Chantal_Viscogliosi-683x1024.jpg 683w, https:\/\/www.lepointensante.com\/colloque-pour-le-mieux-etre-des-aines\/wp-content\/uploads\/sites\/16\/2020\/02\/Chantal_Viscogliosi-1080x1620.jpg 1080w, https:\/\/www.lepointensante.com\/colloque-pour-le-mieux-etre-des-aines\/wp-content\/uploads\/sites\/16\/2020\/02\/Chantal_Viscogliosi-1320x1980.jpg 1320w, https:\/\/www.lepointensante.com\/colloque-pour-le-mieux-etre-des-aines\/wp-content\/uploads\/sites\/16\/2020\/02\/Chantal_Viscogliosi-600x900.jpg 600w, https:\/\/www.lepointensante.com\/colloque-pour-le-mieux-etre-des-aines\/wp-content\/uploads\/sites\/16\/2020\/02\/Chantal_Viscogliosi.jpg 2048w\" sizes=\"auto, (max-width: 200px) 100vw, 200px\" \/><p id=\"caption-attachment-263\" class=\"wp-caption-text\"><strong>Chantal Viscogliosi<\/strong>, Ergoth\u00e9rapeute et professeure en ergoth\u00e9rapie, Universit\u00e9 de Sherbrooke<\/p><\/div>\n<p>Des \u00e9tudes montrent que les a\u00een\u00e9s ayant un trouble neurocognitif majeur (TNCM) b\u00e9n\u00e9ficient de l\u2019utilisation des strat\u00e9gies cognitives adapt\u00e9es favorisant la poursuite s\u00e9curitaire de leurs activit\u00e9s significatives. Les approches pr\u00e9sent\u00e9es aux proches aidants sont le plus souvent de nature dite compensatoire. Ne misant pas sur l\u2019utilisation des capacit\u00e9s pr\u00e9serv\u00e9es des a\u00een\u00e9s en perte d\u2019autonomie cognitive, elles provoquent fr\u00e9quemment des sympt\u00f4mes comportementaux et psychologiques li\u00e9s \u00e0 la d\u00e9mence. Le fardeau des proches s\u2019alourdit toujours plus, leur risque d\u2019\u00e9puisement grimpe et le d\u00e9sir d\u2019h\u00e9bergement finit alors par s\u2019imposer comme la seule solution possible. Des strat\u00e9gies s&rsquo;appuyant sur les m\u00e9moires proc\u00e9durale (automatisation d\u2019une t\u00e2che) et s\u00e9mantique (connaissances) ainsi que sur les processus implicites (inconscients) de r\u00e9cup\u00e9ration de l\u2019information favorisent l&rsquo;apprentissage. Ces strat\u00e9gies visant le maintien du fonctionnement quotidien et dont l\u2019efficacit\u00e9 est d\u00e9montr\u00e9e sont, par exemple: l\u2019apprentissage sans erreur (utilisation du bon geste dans l&rsquo;apprentissage), l\u2019encodage moteur (r\u00e9p\u00e9tition du geste), la r\u00e9cup\u00e9ration espac\u00e9e (augmentation du d\u00e9lai entre les r\u00e9p\u00e9titions) et l\u2019estompage (diminution graduelle des indices pour les r\u00e9p\u00e9titions).<\/p>\n<p>Un projet-pilote de cinq ateliers de deux heures chacun avec les proches aidants de personnes ayant un TNCM a \u00e9t\u00e9 r\u00e9alis\u00e9 de mai \u00e0 octobre 2019 avec la Soci\u00e9t\u00e9 Alzheimer des Maskoutains. Les ateliers ont \u00e9t\u00e9 b\u00e2tis \u00e0 partir des entrevues r\u00e9alis\u00e9es aupr\u00e8s de 10 proches aidants, une accompagnatrice aux familles, un conseiller aux familles et trois intervenantes en soutien \u00e0 domicile. Apr\u00e8s chacun des ateliers un questionnaire permettait de recueillir les commentaires afin de bonifier les ateliers subs\u00e9quents. Des entrevues individuelles post-ateliers ont permis de comprendre les retomb\u00e9es et d\u2019envisager les \u00e9tapes suivantes. Selon les proches aidants, l\u2019enseignement et le soutien \u00e0 l\u2019appropriation des strat\u00e9gies cognitives pour des activit\u00e9s li\u00e9es \u00e0 notamment \u00e0 l&rsquo;hygi\u00e8ne ou \u00e0 l&rsquo;alimentation influencerait tr\u00e8s positivement (75%) ou plut\u00f4t positivement (25%) leur fa\u00e7on d&rsquo;interagir avec la personne dont ils prennent soin et leur satisfaction face au maintien \u00e0 domicile. Ce projet d\u2019enseignement a favoris\u00e9 l&#8217;empowerment par les proches. Pour favoriser l\u2019appropriation des strat\u00e9gies, un outil d\u2019aide \u00e0 la d\u00e9cision a \u00e9t\u00e9 d\u00e9velopp\u00e9. Une application num\u00e9rique interactive sera d\u00e9velopp\u00e9e \u00e0 partir de cet outil.<\/p>\n<h3>\u00a0<\/h3>\n<h3>\u00a0<\/h3>\n<h3><strong>Partenariat avec les r\u00e9sidences priv\u00e9es pour a\u00een\u00e9s: Une offre de service adapt\u00e9e dans notre communaut\u00e9<\/strong><\/h3>\n<div id=\"attachment_265\" style=\"width: 210px\" class=\"wp-caption alignleft\"><img loading=\"lazy\" decoding=\"async\" aria-describedby=\"caption-attachment-265\" class=\"wp-image-265 size-medium\" src=\"https:\/\/www.lepointensante.com\/colloque-pour-le-mieux-etre-des-aines-2020\/wp-content\/uploads\/sites\/16\/2020\/02\/M\u00e9lissa_Houle-200x300.jpg\" alt=\"\" width=\"200\" height=\"300\" srcset=\"https:\/\/www.lepointensante.com\/colloque-pour-le-mieux-etre-des-aines\/wp-content\/uploads\/sites\/16\/2020\/02\/M\u00e9lissa_Houle-200x300.jpg 200w, https:\/\/www.lepointensante.com\/colloque-pour-le-mieux-etre-des-aines\/wp-content\/uploads\/sites\/16\/2020\/02\/M\u00e9lissa_Houle-768x1152.jpg 768w, https:\/\/www.lepointensante.com\/colloque-pour-le-mieux-etre-des-aines\/wp-content\/uploads\/sites\/16\/2020\/02\/M\u00e9lissa_Houle-683x1024.jpg 683w, https:\/\/www.lepointensante.com\/colloque-pour-le-mieux-etre-des-aines\/wp-content\/uploads\/sites\/16\/2020\/02\/M\u00e9lissa_Houle-1080x1620.jpg 1080w, https:\/\/www.lepointensante.com\/colloque-pour-le-mieux-etre-des-aines\/wp-content\/uploads\/sites\/16\/2020\/02\/M\u00e9lissa_Houle-1320x1980.jpg 1320w, https:\/\/www.lepointensante.com\/colloque-pour-le-mieux-etre-des-aines\/wp-content\/uploads\/sites\/16\/2020\/02\/M\u00e9lissa_Houle-600x900.jpg 600w, https:\/\/www.lepointensante.com\/colloque-pour-le-mieux-etre-des-aines\/wp-content\/uploads\/sites\/16\/2020\/02\/M\u00e9lissa_Houle.jpg 2048w\" sizes=\"auto, (max-width: 200px) 100vw, 200px\" \/><p id=\"caption-attachment-265\" class=\"wp-caption-text\"><strong>M\u00e9lissa Houle<\/strong>, Chef de service partenariat avec les RPA, Direction du programme soutien \u00e0 l\u2019autonomie des personnes \u00e2g\u00e9es (SAPA), CIUSSS de l\u2019Est-de-l\u2019\u00cele-de-Montr\u00e9al<\/p><\/div>\n<p>Dans le contexte actuel de vieillissement de la population, on retrouve pr\u00e8s de 90 000 personnes \u00e2g\u00e9es de 65 ans et plus sur le territoire du CIUSSS de l\u2019Est-de-l\u2019\u00cele-de-Montr\u00e9al (CIUSSS-EMTL). On d\u00e9nombre que 67 % d\u2019entre elles sont atteintes d\u2019au moins une maladie chronique et que plus de 11 % habitent en r\u00e9sidences priv\u00e9es pour ain\u00e9s (RPA). En 2020, on compte d\u2019ailleurs 53 r\u00e9sidences priv\u00e9es certifi\u00e9es sur le territoire du CIUSSS-EMTL.<\/p>\n<p>Puisque les RPA sont aujourd\u2019hui des acteurs majeurs dans le soutien \u00e0 domicile de la population \u00e2g\u00e9e, il est essentiel de d\u00e9velopper un partenariat avec elles. Bien que le CIUSSS soit pr\u00e9sent au sein des RPA,\u00a0 il est souvent difficile d\u2019augmenter le taux de p\u00e9n\u00e9tration de la client\u00e8le suivie en soutien \u00e0 domicile (SAD). Ainsi, 61 % des personnes vivant en RPA ne sont pas connues par le SAD.\u00a0 Parmi ces personnes, on compte un certain nombre en perte d\u2019autonomie et d\u2019autres en tr\u00e8s grande perte d\u2019autonomie.<\/p>\n<p>L\u2019objectif de la conf\u00e9rence est de pr\u00e9senter le projet de mise en place d\u2019infirmi\u00e8res de liaison dans les RPA et leur r\u00f4le aupr\u00e8s des r\u00e9sidences du territoire du CIUSSS-EMTL, \u00e0 savoir\u00a0:<\/p>\n<p>&#8211; Syst\u00e9matiser l\u2019utilisation d\u2019un outil de rep\u00e9rage pour identifier les personnes pr\u00e9sentant des facteurs de risque et les r\u00e9f\u00e9rer au SAD lorsque n\u00e9cessaire.<\/p>\n<p>&#8211; Offrir une alternative \u00e0 l\u2019urgence\u00a0: permettre au RPA d\u2019avoir acc\u00e8s \u00e0 une infirmi\u00e8re de liaison pour proc\u00e9der \u00e0 l\u2019\u00e9valuation, au traitement et aux r\u00e9f\u00e9rences de la client\u00e8le pr\u00e9sentant un changement soudain dans leur \u00e9tat de sant\u00e9.<\/p>\n<p>&#8211; Sensibiliser les r\u00e9sidents des RPA \u00e0 communiquer avec le SAD lorsqu\u2019ils pr\u00e9sentent des probl\u00e8mes de sant\u00e9 et les informer des services offerts en premi\u00e8re ligne.<\/p>\n<p>&#8211; Soutenir les RPA dans la qualit\u00e9 de prestation des services\u00a0:\u00a0perfectionner l\u2019analyse des rapports d\u2019incidents et la mise en place des changements pour am\u00e9liorer la s\u00e9curit\u00e9 et la qualit\u00e9 des soins et services. Apporter un soutien dans l\u2019encadrement des pratiques de distribution et d\u2019administration de m\u00e9dicaments (projet de loi 90).<\/p>\n<h3>\u00a0<\/h3>\n<p>&nbsp;<\/p>\n<h3><b>Concept Maison des a\u00een\u00e9s<\/b><\/h3>\n<div id=\"attachment_138\" style=\"width: 210px\" class=\"wp-caption alignleft\"><img loading=\"lazy\" decoding=\"async\" aria-describedby=\"caption-attachment-138\" class=\"wp-image-138 size-medium\" src=\"https:\/\/www.lepointensante.com\/colloque-pour-le-mieux-etre-des-aines-2020\/wp-content\/uploads\/sites\/16\/2020\/01\/St\u00e9phane_Bouffard-200x300.jpg\" alt=\"\" width=\"200\" height=\"300\" srcset=\"https:\/\/www.lepointensante.com\/colloque-pour-le-mieux-etre-des-aines\/wp-content\/uploads\/sites\/16\/2020\/01\/St\u00e9phane_Bouffard-200x300.jpg 200w, https:\/\/www.lepointensante.com\/colloque-pour-le-mieux-etre-des-aines\/wp-content\/uploads\/sites\/16\/2020\/01\/St\u00e9phane_Bouffard-768x1152.jpg 768w, https:\/\/www.lepointensante.com\/colloque-pour-le-mieux-etre-des-aines\/wp-content\/uploads\/sites\/16\/2020\/01\/St\u00e9phane_Bouffard-683x1024.jpg 683w, https:\/\/www.lepointensante.com\/colloque-pour-le-mieux-etre-des-aines\/wp-content\/uploads\/sites\/16\/2020\/01\/St\u00e9phane_Bouffard-1080x1620.jpg 1080w, https:\/\/www.lepointensante.com\/colloque-pour-le-mieux-etre-des-aines\/wp-content\/uploads\/sites\/16\/2020\/01\/St\u00e9phane_Bouffard-1320x1980.jpg 1320w, https:\/\/www.lepointensante.com\/colloque-pour-le-mieux-etre-des-aines\/wp-content\/uploads\/sites\/16\/2020\/01\/St\u00e9phane_Bouffard-600x900.jpg 600w, https:\/\/www.lepointensante.com\/colloque-pour-le-mieux-etre-des-aines\/wp-content\/uploads\/sites\/16\/2020\/01\/St\u00e9phane_Bouffard.jpg 2048w\" sizes=\"auto, (max-width: 200px) 100vw, 200px\" \/><p id=\"caption-attachment-138\" class=\"wp-caption-text\"><strong>St\u00e9phane Bouffard<\/strong>, Conseiller Clinique, Direction de la qualit\u00e9 des milieux de vie<\/p><\/div>\n<p>Le mod\u00e8le centr\u00e9 sur la personne est \u00e0 la base du concept de la Maison des a\u00een\u00e9s. Il favorise chez les r\u00e9sidents la possibilit\u00e9 de faire des choix et met l\u2019emphase sur la dignit\u00e9, le respect et l\u2019autod\u00e9termination. Cette approche permet une normalisation, une appropriation et une personnalisation de l\u2019espace par les r\u00e9sidents afin qu\u2019ils se sentent davantage comme \u00e0 la maison. Elle constitue un changement significatif tant dans la conception architecturale que dans la fa\u00e7on d\u2019offrir les soins et les services. Elle renforce la dimension humaine au c\u0153ur des relations entre les usagers, leurs proches, le personnel et la communaut\u00e9.<\/p>\n<p>&nbsp;<\/p>\n<p>&nbsp;<\/p>\n<p>&nbsp;<\/p>\n<p>&nbsp;<\/p>\n<p>&nbsp;<\/p>\n<p>&nbsp;<\/p>\n<h3>\u00a0<\/h3>\n<h3><strong>Les Outils de cheminement Clinique informatis\u00e9s pour les usagers et les proches aidants<\/strong><\/h3>\n<div id=\"attachment_248\" style=\"width: 210px\" class=\"wp-caption alignleft\"><img loading=\"lazy\" decoding=\"async\" aria-describedby=\"caption-attachment-248\" class=\"wp-image-248 size-medium\" src=\"https:\/\/www.lepointensante.com\/colloque-pour-le-mieux-etre-des-aines-2020\/wp-content\/uploads\/sites\/16\/2020\/02\/Valerie_Guillot--200x300.jpg\" alt=\"\" width=\"200\" height=\"300\" srcset=\"https:\/\/www.lepointensante.com\/colloque-pour-le-mieux-etre-des-aines\/wp-content\/uploads\/sites\/16\/2020\/02\/Valerie_Guillot--200x300.jpg 200w, https:\/\/www.lepointensante.com\/colloque-pour-le-mieux-etre-des-aines\/wp-content\/uploads\/sites\/16\/2020\/02\/Valerie_Guillot--768x1152.jpg 768w, https:\/\/www.lepointensante.com\/colloque-pour-le-mieux-etre-des-aines\/wp-content\/uploads\/sites\/16\/2020\/02\/Valerie_Guillot--683x1024.jpg 683w, https:\/\/www.lepointensante.com\/colloque-pour-le-mieux-etre-des-aines\/wp-content\/uploads\/sites\/16\/2020\/02\/Valerie_Guillot--1080x1620.jpg 1080w, https:\/\/www.lepointensante.com\/colloque-pour-le-mieux-etre-des-aines\/wp-content\/uploads\/sites\/16\/2020\/02\/Valerie_Guillot--1320x1980.jpg 1320w, https:\/\/www.lepointensante.com\/colloque-pour-le-mieux-etre-des-aines\/wp-content\/uploads\/sites\/16\/2020\/02\/Valerie_Guillot--600x900.jpg 600w, https:\/\/www.lepointensante.com\/colloque-pour-le-mieux-etre-des-aines\/wp-content\/uploads\/sites\/16\/2020\/02\/Valerie_Guillot-.jpg 2048w\" sizes=\"auto, (max-width: 200px) 100vw, 200px\" \/><p id=\"caption-attachment-248\" class=\"wp-caption-text\"><strong>Val\u00e9rie Guillot<\/strong>, conseill\u00e8re en g\u00e9rontologie, Direction des orientations des services aux a\u00een\u00e9s et aux proches aidants, Minist\u00e8re de la Sant\u00e9 et des Services sociaux<\/p><\/div>\n<p>La conf\u00e9rence a pour objectif de pr\u00e9senter la philosophie des Outils de cheminements cliniques informatis\u00e9s (OCCI), les diff\u00e9rents outils compris dans les OCCI permettant une approche pr\u00e9ventive bas\u00e9e sur les donn\u00e9es probantes, et ce, sur toute la trajectoire des usagers et leur proche aidant (ex.\u00a0: Soutien \u00e0 domicile, r\u00e9adaptation, CHSLD).<\/p>\n<p>La pr\u00e9sentation permet aussi de mettre en lumi\u00e8re l\u2019approche pr\u00e9ventive possible gr\u00e2ce \u00e0 l\u2019utilisation d\u2019indices de situation potentiellement probl\u00e9matique et leurs marqueurs associ\u00e9s, notamment en ce qui a trait \u00e0 l\u2019\u00e9puisement des proches aidants et la maltraitance chez les a\u00een\u00e9s.<\/p>\n<p>Il est aussi pr\u00e9vu de pr\u00e9senter les avantages de la banque de donn\u00e9es tir\u00e9e des OCCI pour soutenir les gestionnaires dans l\u2019organisation des services et leurs d\u00e9cisions clinico-administratives.<\/p>\n<p>Cette pr\u00e9sentation se conclura par les avanc\u00e9es et les futurs d\u00e9veloppements des OCCI.<\/p>\n<h3>\u00a0<\/h3>\n<p>&nbsp;<\/p>\n<h3>\u00a0<\/h3>\n<p>&nbsp;<\/p>\n<p>&nbsp;<\/p>\n<h3>\u00a0<\/h3>\n<h3>\u00a0<\/h3>\n<h3><strong>L&rsquo;ordonnance de protection : un outil juridique m\u00e9connu<\/strong><\/h3>\n<div id=\"attachment_271\" style=\"width: 210px\" class=\"wp-caption alignleft\"><img loading=\"lazy\" decoding=\"async\" aria-describedby=\"caption-attachment-271\" class=\"wp-image-271 size-medium\" src=\"https:\/\/www.lepointensante.com\/colloque-pour-le-mieux-etre-des-aines-2020\/wp-content\/uploads\/sites\/16\/2020\/02\/Marie-Nancy_Paquet-1-200x300.jpg\" alt=\"\" width=\"200\" height=\"300\" srcset=\"https:\/\/www.lepointensante.com\/colloque-pour-le-mieux-etre-des-aines\/wp-content\/uploads\/sites\/16\/2020\/02\/Marie-Nancy_Paquet-1-200x300.jpg 200w, https:\/\/www.lepointensante.com\/colloque-pour-le-mieux-etre-des-aines\/wp-content\/uploads\/sites\/16\/2020\/02\/Marie-Nancy_Paquet-1-768x1152.jpg 768w, https:\/\/www.lepointensante.com\/colloque-pour-le-mieux-etre-des-aines\/wp-content\/uploads\/sites\/16\/2020\/02\/Marie-Nancy_Paquet-1-683x1024.jpg 683w, https:\/\/www.lepointensante.com\/colloque-pour-le-mieux-etre-des-aines\/wp-content\/uploads\/sites\/16\/2020\/02\/Marie-Nancy_Paquet-1-1080x1620.jpg 1080w, https:\/\/www.lepointensante.com\/colloque-pour-le-mieux-etre-des-aines\/wp-content\/uploads\/sites\/16\/2020\/02\/Marie-Nancy_Paquet-1-1320x1980.jpg 1320w, https:\/\/www.lepointensante.com\/colloque-pour-le-mieux-etre-des-aines\/wp-content\/uploads\/sites\/16\/2020\/02\/Marie-Nancy_Paquet-1-600x900.jpg 600w, https:\/\/www.lepointensante.com\/colloque-pour-le-mieux-etre-des-aines\/wp-content\/uploads\/sites\/16\/2020\/02\/Marie-Nancy_Paquet-1.jpg 2048w\" sizes=\"auto, (max-width: 200px) 100vw, 200px\" \/><p id=\"caption-attachment-271\" class=\"wp-caption-text\"><strong>Marie-Nancy Paquet<\/strong>, Avocate, Lavery Avocats<\/p><\/div>\n<p>En 2016, le l\u00e9gislateur a modifi\u00e9 le <em>Code de proc\u00e9dure civile<\/em> afin d\u2019y introduire une nouvelle mesure\u00a0: l\u2019ordonnance de protection. Par cette mesure de nature injonctive, le tribunal enjoint \u00e0 une personne de faire ou de ne pas faire quelque chose ou encore d\u2019accomplir un acte afin de prot\u00e9ger une personne dont la vie, la sant\u00e9 ou la s\u00e9curit\u00e9 est menac\u00e9e. La transgression de cette ordonnance est susceptible de constituer un outrage au tribunal, punissable d\u2019une amende, de travaux d\u2019utilit\u00e9s sociales ou m\u00eame d\u2019une peine d\u2019emprisonnement. Caract\u00e9ristique importante, l\u2019ordonnance de protection peut \u00eatre demand\u00e9e par une autre personne ou par un organisme si la personne menac\u00e9e y consent ou bien avec l\u2019accord du tribunal.<\/p>\n<p>Depuis son entr\u00e9e en vigueur, l\u2019ordonnance de protection a \u00e9t\u00e9 utilis\u00e9e dans quelques situations relatives au bien-\u00eatre des a\u00een\u00e9s\u00a0: emp\u00eacher les contacts entre un individu et un a\u00een\u00e9 dans un contexte de maltraitance ou afin de faire cesser les entraves d\u2019un individu, qui s\u2019immis\u00e7ait dans la prestation des soins requis par l\u2019\u00e9tat de sant\u00e9 d\u2019un a\u00een\u00e9. La pr\u00e9sentation a pour but de faire connaitre cet outil juridique de nature \u00e0 constituer une mesure concr\u00e8te de frein \u00e0 la maltraitance.<\/p>\n<h3>\u00a0<\/h3>\n<h3>\u00a0<\/h3>\n<p>&nbsp;<\/p>\n<p>&nbsp;<\/p>\n<h3><strong>\u00c9valuation comparative de la mise en \u0153uvre du projet \u00ab Soins aigus pour les a\u00een\u00e9s \u00bb (Acute Care for Elders, ACE) dans deux h\u00f4pitaux francophones au Canada : l&rsquo;h\u00f4pital H\u00f4tel Dieu de L\u00e9vis et l&rsquo;h\u00f4pital (HDL) et l&rsquo;h\u00f4pital Montfort (HM) \u00e0 Ottawa<br \/><\/strong><\/h3>\n<p><div id=\"attachment_171\" style=\"width: 210px\" class=\"wp-caption alignleft\"><img loading=\"lazy\" decoding=\"async\" aria-describedby=\"caption-attachment-171\" class=\"wp-image-171 size-medium\" src=\"https:\/\/www.lepointensante.com\/colloque-pour-le-mieux-etre-des-aines-2020\/wp-content\/uploads\/sites\/16\/2020\/01\/El-Kebir_Ghandour-200x300.jpg\" alt=\"\" width=\"200\" height=\"300\" srcset=\"https:\/\/www.lepointensante.com\/colloque-pour-le-mieux-etre-des-aines\/wp-content\/uploads\/sites\/16\/2020\/01\/El-Kebir_Ghandour-200x300.jpg 200w, https:\/\/www.lepointensante.com\/colloque-pour-le-mieux-etre-des-aines\/wp-content\/uploads\/sites\/16\/2020\/01\/El-Kebir_Ghandour-768x1152.jpg 768w, https:\/\/www.lepointensante.com\/colloque-pour-le-mieux-etre-des-aines\/wp-content\/uploads\/sites\/16\/2020\/01\/El-Kebir_Ghandour-683x1024.jpg 683w, https:\/\/www.lepointensante.com\/colloque-pour-le-mieux-etre-des-aines\/wp-content\/uploads\/sites\/16\/2020\/01\/El-Kebir_Ghandour-1080x1620.jpg 1080w, https:\/\/www.lepointensante.com\/colloque-pour-le-mieux-etre-des-aines\/wp-content\/uploads\/sites\/16\/2020\/01\/El-Kebir_Ghandour-1320x1980.jpg 1320w, https:\/\/www.lepointensante.com\/colloque-pour-le-mieux-etre-des-aines\/wp-content\/uploads\/sites\/16\/2020\/01\/El-Kebir_Ghandour-600x900.jpg 600w, https:\/\/www.lepointensante.com\/colloque-pour-le-mieux-etre-des-aines\/wp-content\/uploads\/sites\/16\/2020\/01\/El-Kebir_Ghandour.jpg 2048w\" sizes=\"auto, (max-width: 200px) 100vw, 200px\" \/><p id=\"caption-attachment-171\" class=\"wp-caption-text\"><strong>El Kebir Ghandour<\/strong>, chercheur postdoctoral IRSC- INESSS- CISSS Chaudi\u00e8re Appalaches<\/p><\/div><div id=\"attachment_142\" style=\"width: 210px\" class=\"wp-caption alignleft\"><img loading=\"lazy\" decoding=\"async\" aria-describedby=\"caption-attachment-142\" class=\"wp-image-142 size-medium\" src=\"https:\/\/www.lepointensante.com\/colloque-pour-le-mieux-etre-des-aines-2020\/wp-content\/uploads\/sites\/16\/2020\/01\/Pascal_Smith-200x300.jpg\" alt=\"\" width=\"200\" height=\"300\" srcset=\"https:\/\/www.lepointensante.com\/colloque-pour-le-mieux-etre-des-aines\/wp-content\/uploads\/sites\/16\/2020\/01\/Pascal_Smith-200x300.jpg 200w, https:\/\/www.lepointensante.com\/colloque-pour-le-mieux-etre-des-aines\/wp-content\/uploads\/sites\/16\/2020\/01\/Pascal_Smith-768x1152.jpg 768w, https:\/\/www.lepointensante.com\/colloque-pour-le-mieux-etre-des-aines\/wp-content\/uploads\/sites\/16\/2020\/01\/Pascal_Smith-683x1024.jpg 683w, https:\/\/www.lepointensante.com\/colloque-pour-le-mieux-etre-des-aines\/wp-content\/uploads\/sites\/16\/2020\/01\/Pascal_Smith-1080x1620.jpg 1080w, https:\/\/www.lepointensante.com\/colloque-pour-le-mieux-etre-des-aines\/wp-content\/uploads\/sites\/16\/2020\/01\/Pascal_Smith-1320x1980.jpg 1320w, https:\/\/www.lepointensante.com\/colloque-pour-le-mieux-etre-des-aines\/wp-content\/uploads\/sites\/16\/2020\/01\/Pascal_Smith-600x900.jpg 600w, https:\/\/www.lepointensante.com\/colloque-pour-le-mieux-etre-des-aines\/wp-content\/uploads\/sites\/16\/2020\/01\/Pascal_Smith.jpg 2048w\" sizes=\"auto, (max-width: 200px) 100vw, 200px\" \/><p id=\"caption-attachment-142\" class=\"wp-caption-text\"><strong>Patrick Archambault<\/strong>, chercheur-clinicien int\u00e9gr\u00e9 IRSC, MD, M. Sc, FRCP<\/p><\/div><\/p>\n<p>En 2016, le CISSS de Chaudi\u00e8re-Appalaches et l&rsquo;h\u00f4pital Montfort \u00e9taient les seuls h\u00f4pitaux francophones ayant particip\u00e9 \u00e0 une collaboration nationale dirig\u00e9e par la Fondation Canadienne pour l\u2019am\u00e9lioration des services de sant\u00e9 (FCASS) et l&rsquo;H\u00f4pital Mount Sinai (Toronto) pour la mise en \u0153uvre de la strat\u00e9gie ACE.<\/p>\n<p>Les deux h\u00f4pitaux ont choisi une m\u00eame intervention \u00ab Coach de transition \u00bb visant l\u2019am\u00e9lioration de la qualit\u00e9 de la transition des soins des a\u00een\u00e9s fragiles. L\u2019adaptation de la strat\u00e9gie a \u00e9t\u00e9 men\u00e9e diff\u00e9remment par les deux h\u00f4pitaux et les r\u00e9sultats sont mitig\u00e9s.<br \/>Nous pr\u00e9sentons les r\u00e9sultats d\u2019une \u00e9valuation comparative de l&rsquo;adaptation et l\u2019implantation de ACE dans ces h\u00f4pitaux.<\/p>\n<p>Nous avons men\u00e9 une \u00e9tude de cas multiples, comparative et exploratoire, selon une m\u00e9thodologie mixte bas\u00e9e sur le cadre strat\u00e9gique pour une \u00e9valuation utile et utilis\u00e9e et le National Health Service Sustainability Model (NHS-SM). Nous avons men\u00e9 une analyse documentaire, 21 entrevues individuelles (8 \u00e0 HDL et 13 \u00e0 HM; mai 2018- avril 2019), 2 focus groupes avec les acteurs cl\u00e9s (professionnels, managers et patients-partenaires) et une analyse du NHS-SM questionnaire. L&rsquo;analyse s&rsquo;est concentr\u00e9e sur les contextes, les acteurs et ressources, les principales d\u00e9cisions, les enjeux et les strat\u00e9gies privil\u00e9gi\u00e9es pour l\u2019implantation et le transfert des connaissances.<\/p>\n<p>Nous avons pu identifier les barri\u00e8res facilitateurs et les enjeux ayant influenc\u00e9 les r\u00e9sultats des projets ainsi que les principales strat\u00e9gies utilis\u00e9es pour l\u2019adaptation local et l\u2019implantation de l\u2019intervention.<\/p>\n<p>ACE a sensibilis\u00e9 les \u00e9quipes et a am\u00e9lior\u00e9 leurs connaissances et comp\u00e9tences; a permis d\u2019\u00e9tablir des liens entre les a\u00een\u00e9s et leurs familles, les cliniciens, les gestionnaires et les \u00e9quipes de planification des cong\u00e9s et \u00e0 r\u00e9fl\u00e9chir \u00e0 des liens syst\u00e9matiques avec la premi\u00e8re ligne. Les le\u00e7ons apprises ont permis de sugg\u00e9rer des strat\u00e9gies de p\u00e9rennisation du r\u00f4le du coach de transition et elles peuvent soutenir la diffusion r\u00e9gionale de l\u2019interventions ACE et ailleurs au Canada.<\/p>\n<div class=\"mceTemp\">\u00a0<\/div>\n<p>&nbsp;<\/p>\n<h3>\u00a0<\/h3>\n<h3>\u00a0<\/h3>\n<h3><b>Comment bien se pr\u00e9parer \u00e0 un d\u00e9m\u00e9nagement en r\u00e9sidence<\/b><\/h3>\n<div id=\"attachment_131\" style=\"width: 210px\" class=\"wp-caption alignleft\"><img loading=\"lazy\" decoding=\"async\" aria-describedby=\"caption-attachment-131\" class=\"wp-image-131 size-medium\" src=\"https:\/\/www.lepointensante.com\/colloque-pour-le-mieux-etre-des-aines-2020\/wp-content\/uploads\/sites\/16\/2020\/01\/Nouha_Ben_Gaied-200x300.jpg\" alt=\"\" width=\"200\" height=\"300\" srcset=\"https:\/\/www.lepointensante.com\/colloque-pour-le-mieux-etre-des-aines\/wp-content\/uploads\/sites\/16\/2020\/01\/Nouha_Ben_Gaied-200x300.jpg 200w, https:\/\/www.lepointensante.com\/colloque-pour-le-mieux-etre-des-aines\/wp-content\/uploads\/sites\/16\/2020\/01\/Nouha_Ben_Gaied-768x1152.jpg 768w, https:\/\/www.lepointensante.com\/colloque-pour-le-mieux-etre-des-aines\/wp-content\/uploads\/sites\/16\/2020\/01\/Nouha_Ben_Gaied-683x1024.jpg 683w, https:\/\/www.lepointensante.com\/colloque-pour-le-mieux-etre-des-aines\/wp-content\/uploads\/sites\/16\/2020\/01\/Nouha_Ben_Gaied-1080x1620.jpg 1080w, https:\/\/www.lepointensante.com\/colloque-pour-le-mieux-etre-des-aines\/wp-content\/uploads\/sites\/16\/2020\/01\/Nouha_Ben_Gaied-1320x1980.jpg 1320w, https:\/\/www.lepointensante.com\/colloque-pour-le-mieux-etre-des-aines\/wp-content\/uploads\/sites\/16\/2020\/01\/Nouha_Ben_Gaied-600x900.jpg 600w, https:\/\/www.lepointensante.com\/colloque-pour-le-mieux-etre-des-aines\/wp-content\/uploads\/sites\/16\/2020\/01\/Nouha_Ben_Gaied.jpg 2048w\" sizes=\"auto, (max-width: 200px) 100vw, 200px\" \/><p id=\"caption-attachment-131\" class=\"wp-caption-text\"><strong>Nouha Ben Gaied<\/strong>, directrice R&amp;D, qualit\u00e9 des services, F\u00e9d\u00e9ration qu\u00e9b\u00e9coise des Soci\u00e9t\u00e9s Alzheimer<\/p><\/div>\n<p>La transition du domicile vers une r\u00e9sidence n\u2019est jamais une \u00e9tape facile pour la famille et encore moins pour la personne elle-m\u00eame, surtout dans un contexte de troubles cognitifs tels que la maladie d\u2019Alzheimer. C\u2019est n\u00e9anmoins une \u00e9tape importante \u00e0 laquelle il faut penser, qu\u2019il est n\u00e9cessaire de planifier et de pr\u00e9parer de mani\u00e8re conjointe, entre la famille et l\u2019\u00e9quipe de soins du nouveau milieu de vie.<\/p>\n<p>Le d\u00e9m\u00e9nagement est sans doute l\u2019une des \u00e9tapes les plus importantes dans le parcours d\u2019une personne vivant avec la maladie d\u2019Alzheimer. Elle apporte en plus son lot de d\u00e9fis pour la famille, qu\u2019il faut d\u2019abord rassurer, r\u00e9conforter et accompagner dans cette d\u00e9cision parfois tr\u00e8s lourde \u00e0 porter. Outre les Soci\u00e9t\u00e9s Alzheimer qui offrent conseils et soutien durant tout le processus, l\u2019\u00e9quipe de soins de la nouvelle r\u00e9sidence a un r\u00f4le important \u00e0 jouer d\u00e8s les premiers jours, pour que cette transition se d\u00e9roule de la mani\u00e8re la plus harmonieuse possible, pour le nouveau r\u00e9sident et sa famille.<\/p>\n<p>Ainsi, l\u2019atelier aura pour objectif de mieux comprendre les sentiments \u00e9prouv\u00e9s par le r\u00e9sident et la famille; sensibiliser aux \u00e9tapes n\u00e9cessaires \u00e0 mettre en place avant un d\u00e9m\u00e9nagement; d\u2019outiller les \u00e9quipes de soins pour qu\u2019elles puissent prendre en charge les personnes atteintes de troubles cognitifs d\u00e8s les premiers jours et tout au long de la p\u00e9riode d\u2019h\u00e9bergement.<\/p>\n<h3>\u00a0<\/h3>\n<p>&nbsp;<\/p>\n<h3>\u00a0<\/h3>\n<p>[\/et_pb_accordion_item][et_pb_accordion_item title=\u00a0\u00bbWEBINAIRES\u00a0\u00bb _builder_version=\u00a0\u00bb4.0.10&Prime; open=\u00a0\u00bboff\u00a0\u00bb]<\/p>\n<h4><strong>Ateliers offerts en webinaire uniquement<\/strong><\/h4>\n<h3><strong>Projet unir : co-construire ensemble!<\/strong><\/h3>\n<p><div id=\"attachment_160\" style=\"width: 210px\" class=\"wp-caption alignleft\"><img loading=\"lazy\" decoding=\"async\" aria-describedby=\"caption-attachment-160\" class=\"wp-image-160 size-medium\" src=\"https:\/\/www.lepointensante.com\/colloque-pour-le-mieux-etre-des-aines-2020\/wp-content\/uploads\/sites\/16\/2020\/01\/Jos\u00e9e_Chouinard-200x300.jpg\" alt=\"\" width=\"200\" height=\"300\" srcset=\"https:\/\/www.lepointensante.com\/colloque-pour-le-mieux-etre-des-aines\/wp-content\/uploads\/sites\/16\/2020\/01\/Jos\u00e9e_Chouinard-200x300.jpg 200w, https:\/\/www.lepointensante.com\/colloque-pour-le-mieux-etre-des-aines\/wp-content\/uploads\/sites\/16\/2020\/01\/Jos\u00e9e_Chouinard-768x1152.jpg 768w, https:\/\/www.lepointensante.com\/colloque-pour-le-mieux-etre-des-aines\/wp-content\/uploads\/sites\/16\/2020\/01\/Jos\u00e9e_Chouinard-683x1024.jpg 683w, https:\/\/www.lepointensante.com\/colloque-pour-le-mieux-etre-des-aines\/wp-content\/uploads\/sites\/16\/2020\/01\/Jos\u00e9e_Chouinard-1080x1620.jpg 1080w, https:\/\/www.lepointensante.com\/colloque-pour-le-mieux-etre-des-aines\/wp-content\/uploads\/sites\/16\/2020\/01\/Jos\u00e9e_Chouinard-1320x1980.jpg 1320w, https:\/\/www.lepointensante.com\/colloque-pour-le-mieux-etre-des-aines\/wp-content\/uploads\/sites\/16\/2020\/01\/Jos\u00e9e_Chouinard-600x900.jpg 600w, https:\/\/www.lepointensante.com\/colloque-pour-le-mieux-etre-des-aines\/wp-content\/uploads\/sites\/16\/2020\/01\/Jos\u00e9e_Chouinard.jpg 2048w\" sizes=\"auto, (max-width: 200px) 100vw, 200px\" \/><p id=\"caption-attachment-160\" class=\"wp-caption-text\"><strong>Jos\u00e9e Chouinard<\/strong>, Directrice SAPA,\u00a0CISSS de Chaudi\u00e8re-Appalaches<\/p><\/div><div id=\"attachment_176\" style=\"width: 210px\" class=\"wp-caption alignleft\"><img loading=\"lazy\" decoding=\"async\" aria-describedby=\"caption-attachment-176\" class=\"wp-image-176 size-medium\" src=\"https:\/\/www.lepointensante.com\/colloque-pour-le-mieux-etre-des-aines-2020\/wp-content\/uploads\/sites\/16\/2020\/01\/Carole_Bordes-200x300.jpg\" alt=\"\" width=\"200\" height=\"300\" srcset=\"https:\/\/www.lepointensante.com\/colloque-pour-le-mieux-etre-des-aines\/wp-content\/uploads\/sites\/16\/2020\/01\/Carole_Bordes-200x300.jpg 200w, https:\/\/www.lepointensante.com\/colloque-pour-le-mieux-etre-des-aines\/wp-content\/uploads\/sites\/16\/2020\/01\/Carole_Bordes-768x1152.jpg 768w, https:\/\/www.lepointensante.com\/colloque-pour-le-mieux-etre-des-aines\/wp-content\/uploads\/sites\/16\/2020\/01\/Carole_Bordes-683x1024.jpg 683w, https:\/\/www.lepointensante.com\/colloque-pour-le-mieux-etre-des-aines\/wp-content\/uploads\/sites\/16\/2020\/01\/Carole_Bordes-1080x1620.jpg 1080w, https:\/\/www.lepointensante.com\/colloque-pour-le-mieux-etre-des-aines\/wp-content\/uploads\/sites\/16\/2020\/01\/Carole_Bordes-1320x1980.jpg 1320w, https:\/\/www.lepointensante.com\/colloque-pour-le-mieux-etre-des-aines\/wp-content\/uploads\/sites\/16\/2020\/01\/Carole_Bordes-600x900.jpg 600w, https:\/\/www.lepointensante.com\/colloque-pour-le-mieux-etre-des-aines\/wp-content\/uploads\/sites\/16\/2020\/01\/Carole_Bordes.jpg 2048w\" sizes=\"auto, (max-width: 200px) 100vw, 200px\" \/><p id=\"caption-attachment-176\" class=\"wp-caption-text\"><strong>Carole Bordes<\/strong>, Directrice Adjointe Logistique,\u00a0CISSS de Chaudi\u00e8re-Appalaches<\/p><\/div><\/p>\n<p>Diffus\u00e9es en octobre 2003, les orientations \u00ab Un milieu de vie de qualit\u00e9 pour les personnes h\u00e9berg\u00e9es en CHSLD \u00bb visaient \u00e0 s\u2019assurer que les personnes h\u00e9berg\u00e9es en centre d\u2019h\u00e9bergement et de soins de longue dur\u00e9e (CHSLD) b\u00e9n\u00e9ficient d\u2019un v\u00e9ritable milieu de vie de qualit\u00e9.<\/p>\n<p>En 2018, un \u00e9tat des connaissances produit par l\u2019Institut national d&rsquo;excellence en sant\u00e9 et services sociaux a permis de circonscrire cinq caract\u00e9ristiques essentielles d\u2019un milieu de vie de qualit\u00e9, dont celle que le milieu de vie permette de se sentir comme \u00e0 la maison.<\/p>\n<p>Les 5 caract\u00e9ristiques d\u2019un milieu de vie selon l\u2019INESSS (2018 &#8211; assises de la nouvelle philosophie des Maisons des A\u00een\u00e9s) : (1) Permet de se sentir comme \u00e0 la maison; (2) Adopte une gestion participative; (3) Compte sur du personnel comp\u00e9tent, engag\u00e9 et reconnu; (4) Pr\u00eate attention aux transitions v\u00e9cues par le r\u00e9sident; (5) S\u2019engage dans un processus d\u2019am\u00e9lioration continue de la qualit\u00e9.<\/p>\n<p><u>Quels sont les enjeux actuels ?\u00a0:<\/u>\u00a0(1)\u00a0\u00ab Se sentir comme \u00e0 la maison\u2026\u00a0\u00bb am\u00e8ne un nouveau paradigme, et une nouvelle organisation du travail \u00e0 r\u00e9fl\u00e9chir. (2)\u00a0Comment s\u2019adapter au rythme des usagers dans l\u2019organisation du travail des Maisons des A\u00een\u00e9s ? (3) Comment reproduire un r\u00e9el chez-soi, flexible et prenant en compte les besoins des usagers au bon moment ? (4) Comment faire adh\u00e9rer le personnel \u00e0 cette nouvelle culture, dans un contexte de p\u00e9nurie ? (5) Comment tirer profit des comp\u00e9tences de tous les titres d\u2019emploi pour accompagner nos usagers au quotidien?<\/p>\n<p>Nous vous pr\u00e9senterons, les r\u00e9sultats de notre projet UNIR\u00a0: une organisation de travail int\u00e9gr\u00e9e au c\u0153ur des besoins des usagers au CHSLD de Beauceville.<\/p>\n<p>Tout en redonnant les bonnes t\u00e2ches aux bonnes personnes, l\u2019exp\u00e9rience de ce projet vise \u00e0 construire une organisation du travail autour des besoins de nos usagers. Nous pr\u00e9senterons en d\u00e9tail le service restauration comme \u00e0 la maison, et la fonction h\u00f4tellerie aux chambres, un service sur mesure.<\/p>\n<p>Redonner du sens au travail \u00e0 nos \u00e9quipes \u0153uvrant dans un contexte de p\u00e9nurie de main d\u2019\u0153uvre fait partie \u00e9galement des objectifs poursuivis.<\/p>\n<p>&nbsp;<\/p>\n<p>&nbsp;<\/p>\n<h3><strong>Int\u00e9gration d\u2019une infirmi\u00e8re experte en g\u00e9riatrie \u00e0 l\u2019urgence\u00a0: Comment red\u00e9finir\u00a0<\/strong><strong>\u00ab <\/strong><strong>l\u2019urgence \u00bb d\u2019agir aupr\u00e8s des a\u00een\u00e9s dans ce contexte<\/strong><\/h3>\n<div class=\"mceTemp\"><div id=\"attachment_143\" style=\"width: 210px\" class=\"wp-caption alignleft\"><img loading=\"lazy\" decoding=\"async\" aria-describedby=\"caption-attachment-143\" class=\"wp-image-143 size-medium\" src=\"https:\/\/www.lepointensante.com\/colloque-pour-le-mieux-etre-des-aines-2020\/wp-content\/uploads\/sites\/16\/2020\/01\/Joanie_Robitaille-200x300.jpg\" alt=\"\" width=\"200\" height=\"300\" srcset=\"https:\/\/www.lepointensante.com\/colloque-pour-le-mieux-etre-des-aines\/wp-content\/uploads\/sites\/16\/2020\/01\/Joanie_Robitaille-200x300.jpg 200w, https:\/\/www.lepointensante.com\/colloque-pour-le-mieux-etre-des-aines\/wp-content\/uploads\/sites\/16\/2020\/01\/Joanie_Robitaille-768x1152.jpg 768w, https:\/\/www.lepointensante.com\/colloque-pour-le-mieux-etre-des-aines\/wp-content\/uploads\/sites\/16\/2020\/01\/Joanie_Robitaille-683x1024.jpg 683w, https:\/\/www.lepointensante.com\/colloque-pour-le-mieux-etre-des-aines\/wp-content\/uploads\/sites\/16\/2020\/01\/Joanie_Robitaille-1080x1620.jpg 1080w, https:\/\/www.lepointensante.com\/colloque-pour-le-mieux-etre-des-aines\/wp-content\/uploads\/sites\/16\/2020\/01\/Joanie_Robitaille-1320x1980.jpg 1320w, https:\/\/www.lepointensante.com\/colloque-pour-le-mieux-etre-des-aines\/wp-content\/uploads\/sites\/16\/2020\/01\/Joanie_Robitaille-600x900.jpg 600w, https:\/\/www.lepointensante.com\/colloque-pour-le-mieux-etre-des-aines\/wp-content\/uploads\/sites\/16\/2020\/01\/Joanie_Robitaille.jpg 2048w\" sizes=\"auto, (max-width: 200px) 100vw, 200px\" \/><p id=\"caption-attachment-143\" class=\"wp-caption-text\"><em><strong>Joanie Robitaille<\/strong><\/em>, Infirmi\u00e8re clinicienne sp\u00e9cialis\u00e9e en g\u00e9riatrie \u00e0 l\u2019urgence, CISSS de Chaudi\u00e8re-Appalaches, Direction SAPA, H\u00f4tel-Dieu-de-L\u00e9vis<\/p><\/div><div id=\"attachment_142\" style=\"width: 210px\" class=\"wp-caption alignleft\"><img loading=\"lazy\" decoding=\"async\" aria-describedby=\"caption-attachment-142\" class=\"wp-image-142 size-medium\" src=\"https:\/\/www.lepointensante.com\/colloque-pour-le-mieux-etre-des-aines-2020\/wp-content\/uploads\/sites\/16\/2020\/01\/Pascal_Smith-200x300.jpg\" alt=\"\" width=\"200\" height=\"300\" srcset=\"https:\/\/www.lepointensante.com\/colloque-pour-le-mieux-etre-des-aines\/wp-content\/uploads\/sites\/16\/2020\/01\/Pascal_Smith-200x300.jpg 200w, https:\/\/www.lepointensante.com\/colloque-pour-le-mieux-etre-des-aines\/wp-content\/uploads\/sites\/16\/2020\/01\/Pascal_Smith-768x1152.jpg 768w, https:\/\/www.lepointensante.com\/colloque-pour-le-mieux-etre-des-aines\/wp-content\/uploads\/sites\/16\/2020\/01\/Pascal_Smith-683x1024.jpg 683w, https:\/\/www.lepointensante.com\/colloque-pour-le-mieux-etre-des-aines\/wp-content\/uploads\/sites\/16\/2020\/01\/Pascal_Smith-1080x1620.jpg 1080w, https:\/\/www.lepointensante.com\/colloque-pour-le-mieux-etre-des-aines\/wp-content\/uploads\/sites\/16\/2020\/01\/Pascal_Smith-1320x1980.jpg 1320w, https:\/\/www.lepointensante.com\/colloque-pour-le-mieux-etre-des-aines\/wp-content\/uploads\/sites\/16\/2020\/01\/Pascal_Smith-600x900.jpg 600w, https:\/\/www.lepointensante.com\/colloque-pour-le-mieux-etre-des-aines\/wp-content\/uploads\/sites\/16\/2020\/01\/Pascal_Smith.jpg 2048w\" sizes=\"auto, (max-width: 200px) 100vw, 200px\" \/><p id=\"caption-attachment-142\" class=\"wp-caption-text\"><strong>Patrick Archambault<\/strong>, chercheur-clinicien int\u00e9gr\u00e9 IRSC, MD, M. Sc, FRCP<\/p><\/div><\/p>\n<p>&nbsp;<\/p>\n<p>Les conf\u00e9renciers pr\u00e9senteront l\u2019implantation d\u2019un projet-pilote d\u2019infirmi\u00e8re experte en g\u00e9riatrie \u00e0 l\u2019urgence au CISSS-CA. Plus particuli\u00e8rement, les conf\u00e9renciers feront un retour sur plus d\u2019un an d\u2019\u00e9volution de ce r\u00f4le.<\/p>\n<\/div>\n<p>Le Dr Archambault expliquera le contexte et les travaux pr\u00e9liminaires Acute care for elders (ACE) qui ont aliment\u00e9 les r\u00e9flexions et d\u00e9cisions quant \u00e0 l\u2019implantation de ce projet.<\/p>\n<p>Mme Joanie Robitaille pr\u00e9sentera les barri\u00e8res rencontr\u00e9es, l\u2019\u00e9volution et l\u2019adaptation locale du r\u00f4le, les micro-innovations issues du terrain, l\u2019accompagnement d\u2019une \u00e9quipe de recherche avec des donn\u00e9es probantes, transfert de connaissances multidisciplinaire ainsi que les outils, les bons coups et le chemin encore \u00e0 faire pour p\u00e9renniser l\u2019impact de cette pratique exemplaire.<\/p>\n<p>&nbsp;<\/p>\n<p>&nbsp;<\/p>\n<p>&nbsp;<\/p>\n<p>&nbsp;<\/p>\n<p>&nbsp;<\/p>\n<p>&nbsp;<\/p>\n<h5><strong style=\"font-size: 22px;\">I-t\u00e9l\u00e9soins\u00a0:<\/strong> <strong style=\"font-size: 22px;\">favoriser le maintien \u00e0 domicile en assistant les a\u00een\u00e9s et leurs proches<\/strong><\/h5>\n<div id=\"attachment_387\" style=\"width: 210px\" class=\"wp-caption alignleft\"><img loading=\"lazy\" decoding=\"async\" aria-describedby=\"caption-attachment-387\" class=\"wp-image-387 size-medium\" src=\"https:\/\/www.lepointensante.com\/colloque-pour-le-mieux-etre-des-aines-2020\/wp-content\/uploads\/sites\/16\/2020\/03\/Nicolas_Bastien-200x300.jpg\" alt=\"\" width=\"200\" height=\"300\" srcset=\"https:\/\/www.lepointensante.com\/colloque-pour-le-mieux-etre-des-aines\/wp-content\/uploads\/sites\/16\/2020\/03\/Nicolas_Bastien-200x300.jpg 200w, https:\/\/www.lepointensante.com\/colloque-pour-le-mieux-etre-des-aines\/wp-content\/uploads\/sites\/16\/2020\/03\/Nicolas_Bastien-768x1152.jpg 768w, https:\/\/www.lepointensante.com\/colloque-pour-le-mieux-etre-des-aines\/wp-content\/uploads\/sites\/16\/2020\/03\/Nicolas_Bastien-683x1024.jpg 683w, https:\/\/www.lepointensante.com\/colloque-pour-le-mieux-etre-des-aines\/wp-content\/uploads\/sites\/16\/2020\/03\/Nicolas_Bastien-1080x1620.jpg 1080w, https:\/\/www.lepointensante.com\/colloque-pour-le-mieux-etre-des-aines\/wp-content\/uploads\/sites\/16\/2020\/03\/Nicolas_Bastien-1320x1980.jpg 1320w, https:\/\/www.lepointensante.com\/colloque-pour-le-mieux-etre-des-aines\/wp-content\/uploads\/sites\/16\/2020\/03\/Nicolas_Bastien-600x900.jpg 600w, https:\/\/www.lepointensante.com\/colloque-pour-le-mieux-etre-des-aines\/wp-content\/uploads\/sites\/16\/2020\/03\/Nicolas_Bastien.jpg 2048w\" sizes=\"auto, (max-width: 200px) 100vw, 200px\" \/><p id=\"caption-attachment-387\" class=\"wp-caption-text\"><strong>Nicolas Bastien<\/strong>,\u00a0Vice-pr\u00e9sident au d\u00e9veloppement des affaires, Qualicode<\/p><\/div>\n<p>Il est le souhait de la plupart des a\u00een\u00e9s de demeurer le plus longtemps possible \u00e0 la maison. Cependant, lorsque la sant\u00e9 de ces derniers commence \u00e0 d\u00e9cliner et qu\u2019ils \u00e9prouvent certaines difficult\u00e9s au niveau physique ou cognitif, les proches sont inquiets de laisser la personne seule \u00e0 la maison.<\/p>\n<p>La technologie est de plus en plus proactive pour offrir des solutions adapt\u00e9es \u00e0 la r\u00e9alit\u00e9 des personnes en perte d\u2019autonomie.\u00a0 Ainsi, les I-t\u00e9l\u00e9soins offrent l\u2019assistance d\u2019une tablette \u00e9lectronique intelligente, \u00e0 l\u2019interface simple d\u2019utilisation et regroupant sur une page d\u2019accueil les fonctionnalit\u00e9s d\u2019utilisation courantes lui permettant d\u2019assurer son bien-\u00eatre et sa s\u00e9curit\u00e9\u00a0:<\/p>\n<ul>\n<li>Vid\u00e9ot\u00e9l\u00e9phonie<\/li>\n<li>D\u00e9tecteurs de mouvements\/d\u00e9tection d\u2019inactivit\u00e9<\/li>\n<li>D\u00e9tecteur de chutes<\/li>\n<li>Gestion de la prise de m\u00e9dicaments<\/li>\n<li>Alerte \u2014 bouton physique et iconique<\/li>\n<li>Commande de repas<\/li>\n<li>\u00c0 venir sous peu &#8211; gestion des rendez-vous de diverses sources gr\u00e2ce au R\u00e9seau Sant\u00e9 \u00e0 Domicile (RS\u00e0D)<\/li>\n<\/ul>\n<p>Nous vous invitons \u00e0 d\u00e9couvrir les b\u00e9n\u00e9fices que l\u2019utilisation des cette application peut\u00a0apporter non seulement \u00e0 l\u2019utilisateur en perte d\u2019autonomie, mais aussi \u00e0 ses proches, ses aidants naturels et son personnel soignant.<\/p>\n<p>I-t\u00e9l\u00e9soins\u00a0:<\/p>\n<ul>\n<li>Assiste les personnes \u00e2g\u00e9es en perte d\u2019autonomie cognitive et\/ou physique<\/li>\n<li>Rassure les proches et de facilite l\u2019interaction entre les divers intervenants<\/li>\n<li>Assure la s\u00e9curit\u00e9 des personnes \u00e2g\u00e9es<\/li>\n<li>Recueille des donn\u00e9es t\u00e9l\u00e9m\u00e9triques sur la sant\u00e9 de l\u2019usager (glyc\u00e9mie, tension, pouls)<\/li>\n<li>Aide \u00e0 retarder le transfert en institution<\/li>\n<li>Facilite la communication avec les proches et les ressources disponibles pour briser l\u2019isolement<\/li>\n<li>Permet de s\u2019assurer que les personnes \u00e2g\u00e9es voient \u00e0 leurs besoins essentiels<\/li>\n<\/ul>\n<p>[\/et_pb_accordion_item][\/et_pb_accordion][et_pb_divider color=\u00a0\u00bbrgba(255,255,255,0.51)\u00a0\u00bb _builder_version=\u00a0\u00bb3.19.10&Prime;][\/et_pb_divider][et_pb_text admin_label=\u00a0\u00bbCOMIT\u00c9 D&rsquo;ORIENTATION\u00a0\u00bb _builder_version=\u00a0\u00bb3.27.4&Prime; text_font_size=\u00a0\u00bb16px\u00a0\u00bb text_line_height=\u00a0\u00bb1.8em\u00a0\u00bb header_2_font=\u00a0\u00bbLato||||||||\u00a0\u00bb header_2_text_align=\u00a0\u00bbcenter\u00a0\u00bb header_2_font_size=\u00a0\u00bb30&Prime; text_orientation=\u00a0\u00bbcenter\u00a0\u00bb]<\/p>\n<h2 style=\"text-align: center;\">COMIT\u00c9 D&rsquo;ORIENTATION<\/h2>\n<p>[\/et_pb_text][et_pb_text _builder_version=\u00a0\u00bb3.27.4&Prime; text_font=\u00a0\u00bbLato||||||||\u00a0\u00bb text_font_size=\u00a0\u00bb16px\u00a0\u00bb text_line_height=\u00a0\u00bb1.8em\u00a0\u00bb]<\/p>\n<p>Le contenu du Colloque pour le Mieux-\u00catre des A\u00een\u00e9s est sous la responsabilit\u00e9 du comit\u00e9 d\u2019orientation :<\/p>\n<ul>\n<li><em>Sylvie Cayer<\/em>, directrice \u00e0 la Direction de la qualit\u00e9 des milieux de vie au minist\u00e8re de la Sant\u00e9 et des Services sociaux<\/li>\n<li><em>Chantal Kroon<\/em>, directrice adjointe, SAPA<\/li>\n<li><em>Annie Foy<\/em>,\u00a0directrice adjointe SAD-RI au CIUSSS Centre-Sud-de-l&rsquo;\u00cele-de-Montr\u00e9al<\/li>\n<li><em>\u00c9milie David<\/em>, Responsable de l\u2019attraction des talents, RQRA<\/li>\n<li><em>Sophie Barsetti<\/em>, Directrice, Soutien \u00e0 l\u2019autonomie des personnes \u00e2g\u00e9es (DSAPA)<\/li>\n<li><em>Johanne Pratte<\/em>, directrice g\u00e9n\u00e9rale, ARIHQ<\/li>\n<li><em>Annick Lavoie<\/em>, directrice g\u00e9n\u00e9rale, AEPC<\/li>\n<li><em style=\"font-size: 16px;\">Christian Grenier<\/em><span style=\"font-size: 16px;\">, consultant, Le Point en sant\u00e9 et services sociaux<\/span><\/li>\n<\/ul>\n<p>[\/et_pb_text][\/et_pb_column][\/et_pb_row][\/et_pb_section][et_pb_section fb_built=\u00a0\u00bb1&Prime; _builder_version=\u00a0\u00bb3.22&Prime; background_color=\u00a0\u00bb#c4c4c4&Prime;][et_pb_row _builder_version=\u00a0\u00bb3.25&Prime;][et_pb_column type=\u00a0\u00bb4_4&Prime; _builder_version=\u00a0\u00bb3.25&Prime; custom_padding=\u00a0\u00bb|||\u00a0\u00bb custom_padding__hover=\u00a0\u00bb|||\u00a0\u00bb][et_pb_text admin_label=\u00a0\u00bbTARIFS D&rsquo;INSCRIPTION\u00a0\u00bb _builder_version=\u00a0\u00bb3.27.4&Prime; text_font_size=\u00a0\u00bb16px\u00a0\u00bb text_line_height=\u00a0\u00bb1.8em\u00a0\u00bb header_2_font=\u00a0\u00bbLato||||||||\u00a0\u00bb header_2_text_align=\u00a0\u00bbcenter\u00a0\u00bb header_2_font_size=\u00a0\u00bb30&Prime; text_orientation=\u00a0\u00bbcenter\u00a0\u00bb]<\/p>\n<h2 style=\"text-align: center;\">TARIFS POUR LES INSCRIPTIONS<\/h2>\n<p>[\/et_pb_text][\/et_pb_column][\/et_pb_row][et_pb_row column_structure=\u00a0\u00bb1_2,1_2&Prime; _builder_version=\u00a0\u00bb3.25&Prime; background_size=\u00a0\u00bbinitial\u00a0\u00bb background_position=\u00a0\u00bbtop_left\u00a0\u00bb background_repeat=\u00a0\u00bbrepeat\u00a0\u00bb][et_pb_column type=\u00a0\u00bb1_2&Prime; _builder_version=\u00a0\u00bb3.25&Prime; custom_padding=\u00a0\u00bb|||\u00a0\u00bb custom_padding__hover=\u00a0\u00bb|||\u00a0\u00bb][et_pb_text _builder_version=\u00a0\u00bb3.27.4&Prime; text_font=\u00a0\u00bbLato||||||||\u00a0\u00bb text_font_size=\u00a0\u00bb16px\u00a0\u00bb text_line_height=\u00a0\u00bb1.8em\u00a0\u00bb]<\/p>\n<h2><strong>PRIX R\u00c9GULIER<\/strong><\/h2>\n<p>Billet r\u00e9gulier : <strong>375,00$<\/strong>&nbsp;+ taxes<br \/>\nGroupe de quatre personnes :&nbsp;<strong>325,00<\/strong>&nbsp;<strong>$<\/strong>&nbsp;+ taxes par personne<\/p>\n<h5>&nbsp;<\/h5>\n<p>[\/et_pb_text][\/et_pb_column][et_pb_column type=\u00a0\u00bb1_2&Prime; _builder_version=\u00a0\u00bb3.25&Prime; custom_padding=\u00a0\u00bb|||\u00a0\u00bb custom_padding__hover=\u00a0\u00bb|||\u00a0\u00bb][et_pb_text disabled_on=\u00a0\u00bbon|on|on\u00a0\u00bb _builder_version=\u00a0\u00bb3.27.4&Prime; text_font=\u00a0\u00bbLato||||||||\u00a0\u00bb text_font_size=\u00a0\u00bb16px\u00a0\u00bb text_line_height=\u00a0\u00bb1.8em\u00a0\u00bb header_text_color=\u00a0\u00bb#000000&Prime; header_2_text_color=\u00a0\u00bb#e02b20&Prime; header_5_text_color=\u00a0\u00bb#e02b20&Prime; disabled=\u00a0\u00bbon\u00a0\u00bb]<\/p>\n<h2><strong>PRIX L\u00c8VE-T\u00d4T<\/strong><\/h2>\n<p>Billet r\u00e9gulier : <strong>275,00$<\/strong>&nbsp;+ taxes<br \/>\nGroupe de quatre personnes :&nbsp;<strong>225,00<\/strong>&nbsp;<strong>$<\/strong>&nbsp;+ taxes par personne<\/p>\n<h5><strong>* Offre valide jusqu&rsquo;au 29 f\u00e9vrier 2020<\/strong><\/h5>\n<p>[\/et_pb_text][\/et_pb_column][\/et_pb_row][et_pb_row _builder_version=\u00a0\u00bb3.25&Prime;][et_pb_column type=\u00a0\u00bb4_4&Prime; _builder_version=\u00a0\u00bb3.25&Prime; custom_padding=\u00a0\u00bb|||\u00a0\u00bb custom_padding__hover=\u00a0\u00bb|||\u00a0\u00bb][et_pb_button button_url=\u00a0\u00bbhttps:\/\/www.evenementlepointensante.com\/colloque\/4e-edition-du-colloque-pour-le-mieux-etre-des-aines\/\u00a0\u00bb url_new_window=\u00a0\u00bbon\u00a0\u00bb button_text=\u00a0\u00bbS&rsquo;INSCRIRE\u00a0\u00bb button_alignment=\u00a0\u00bbcenter\u00a0\u00bb admin_label=\u00a0\u00bbS&rsquo;INSCRIRE BOUTON\u00a0\u00bb _builder_version=\u00a0\u00bb3.19.10&Prime; custom_button=\u00a0\u00bbon\u00a0\u00bb button_text_color=\u00a0\u00bb#ffffff\u00a0\u00bb button_bg_color=\u00a0\u00bb#000000&Prime; button_border_color=\u00a0\u00bb#000000&Prime; button_border_radius=\u00a0\u00bb20&Prime; button_font=\u00a0\u00bbLato||||||||\u00a0\u00bb][\/et_pb_button][\/et_pb_column][\/et_pb_row][\/et_pb_section][et_pb_section fb_built=\u00a0\u00bb1&Prime; _builder_version=\u00a0\u00bb3.22&Prime;][et_pb_row _builder_version=\u00a0\u00bb3.25&Prime;][et_pb_column type=\u00a0\u00bb4_4&Prime; _builder_version=\u00a0\u00bb3.25&Prime; custom_padding=\u00a0\u00bb|||\u00a0\u00bb custom_padding__hover=\u00a0\u00bb|||\u00a0\u00bb][et_pb_text admin_label=\u00a0\u00bbH\u00c9BERGEMENT\u00a0\u00bb _builder_version=\u00a0\u00bb3.27.4&Prime; text_font_size=\u00a0\u00bb16px\u00a0\u00bb text_line_height=\u00a0\u00bb1.8em\u00a0\u00bb header_2_font=\u00a0\u00bbLato||||||||\u00a0\u00bb header_2_text_align=\u00a0\u00bbcenter\u00a0\u00bb header_2_font_size=\u00a0\u00bb30&Prime; text_orientation=\u00a0\u00bbcenter\u00a0\u00bb]<\/p>\n<h2 style=\"text-align: center;\">H\u00c9BERGEMENT<\/h2>\n<p>[\/et_pb_text][\/et_pb_column][\/et_pb_row][et_pb_row column_structure=\u00a0\u00bb1_2,1_2&Prime; _builder_version=\u00a0\u00bb3.25&Prime; background_size=\u00a0\u00bbinitial\u00a0\u00bb background_position=\u00a0\u00bbtop_left\u00a0\u00bb background_repeat=\u00a0\u00bbrepeat\u00a0\u00bb][et_pb_column type=\u00a0\u00bb1_2&Prime; _builder_version=\u00a0\u00bb3.25&Prime; custom_padding=\u00a0\u00bb|||\u00a0\u00bb custom_padding__hover=\u00a0\u00bb|||\u00a0\u00bb][et_pb_text _builder_version=\u00a0\u00bb3.27.4&Prime; text_font=\u00a0\u00bbLato||||||||\u00a0\u00bb text_font_size=\u00a0\u00bb18px\u00a0\u00bb text_line_height=\u00a0\u00bb1.5em\u00a0\u00bb]<\/p>\n<h3><strong>FOUR POINTS SHERATON&nbsp;<\/strong><\/h3>\n<p>Adjacent au Centre des congr\u00e8s et d&rsquo;expositions de L\u00e9vis&nbsp;[\/et_pb_text][et_pb_image src=\u00a0\u00bbhttps:\/\/www.lepointensante.com\/colloque-pour-le-mieux-etre-des-aines-2020\/wp-content\/uploads\/sites\/16\/2019\/12\/four_points_by_sheraton_levis_convention_centre_3.jpg\u00a0\u00bb align_tablet=\u00a0\u00bbcenter\u00a0\u00bb align_phone=\u00a0\u00bb\u00a0\u00bb align_last_edited=\u00a0\u00bbon|desktop\u00a0\u00bb _builder_version=\u00a0\u00bb3.23&Prime;][\/et_pb_image][\/et_pb_column][et_pb_column type=\u00a0\u00bb1_2&Prime; _builder_version=\u00a0\u00bb3.25&Prime; custom_padding=\u00a0\u00bb|||\u00a0\u00bb custom_padding__hover=\u00a0\u00bb|||\u00a0\u00bb][et_pb_text _builder_version=\u00a0\u00bb3.27.4&Prime; text_font=\u00a0\u00bbLato||||||||\u00a0\u00bb text_font_size=\u00a0\u00bb18px\u00a0\u00bb text_line_height=\u00a0\u00bb1.8em\u00a0\u00bb]<\/p>\n<p><span style=\"font-size: 18px;\">Un bloc de chambres a \u00e9t\u00e9 r\u00e9serv\u00e9 au Four Points\u00a0Sheraton pour les participants du colloque. Toutes les r\u00e9servations se font individuellement. Les participants peuvent r\u00e9server leur chambre en appelant au (418) 838-0025 ou au 1-888-838-0025.<\/span><\/p>\n<p>Lors de la r\u00e9servation, pour avoir acc\u00e8s au tarif pr\u00e9f\u00e9rentiel, pri\u00e8re de mentionner le\u00a0<strong>colloque Pour le mieux-\u00eatre des A\u00een\u00e9s\u00a0<\/strong>ainsi que le\u00a0<strong>Centre de congr\u00e8s de L\u00e9vis<\/strong>. Le bloc de chambres sera retenu <strong>jusqu\u2019au 10 ao\u00fbt 2020<\/strong>, veuillez r\u00e9server avant cette date.<\/p>\n<p><strong>Tarif pr\u00e9f\u00e9rentiel : <\/strong>149,00 $ en occupation simple ou double<br \/> <strong>Heure d&rsquo;arriv\u00e9e :<\/strong> 15 h 00<br \/> <strong>Heure de d\u00e9part :<\/strong> 12 h 00<\/p>\n<p>[\/et_pb_text][et_pb_button button_url=\u00a0\u00bbhttps:\/\/www.marriott.fr\/hotels\/travel\/yqblf-four-points-levis-convention-centre\/\u00a0\u00bb url_new_window=\u00a0\u00bbon\u00a0\u00bb button_text=\u00a0\u00bbVoir l&rsquo;H\u00f4tel\u00a0\u00bb button_alignment=\u00a0\u00bbcenter\u00a0\u00bb admin_label=\u00a0\u00bbVoir l&rsquo;H\u00f4tel\u00a0\u00bb _builder_version=\u00a0\u00bb3.19.10&Prime; custom_button=\u00a0\u00bbon\u00a0\u00bb button_text_color=\u00a0\u00bb#ffffff\u00a0\u00bb button_bg_color=\u00a0\u00bb#000000&Prime; button_border_color=\u00a0\u00bb#000000&Prime; button_border_radius=\u00a0\u00bb20&Prime; button_font=\u00a0\u00bbLato||||||||\u00a0\u00bb][\/et_pb_button][\/et_pb_column][\/et_pb_row][\/et_pb_section][et_pb_section fb_built=\u00a0\u00bb1&Prime; _builder_version=\u00a0\u00bb3.22&Prime; background_color=\u00a0\u00bb#c4c4c4&Prime;][et_pb_row _builder_version=\u00a0\u00bb3.25&Prime;][et_pb_column type=\u00a0\u00bb4_4&Prime; _builder_version=\u00a0\u00bb3.25&Prime; custom_padding=\u00a0\u00bb|||\u00a0\u00bb custom_padding__hover=\u00a0\u00bb|||\u00a0\u00bb][et_pb_text admin_label=\u00a0\u00bbPOLITIQUE DE REMBOURSEMENT\u00a0\u00bb _builder_version=\u00a0\u00bb3.27.4&Prime; text_font_size=\u00a0\u00bb16px\u00a0\u00bb text_line_height=\u00a0\u00bb1.8em\u00a0\u00bb header_2_font=\u00a0\u00bbLato||||||||\u00a0\u00bb header_2_text_align=\u00a0\u00bbcenter\u00a0\u00bb header_2_font_size=\u00a0\u00bb30&Prime; text_orientation=\u00a0\u00bbcenter\u00a0\u00bb]<\/p>\n<h2 style=\"text-align: center;\">POLITIQUE DE REMBOURSEMENT<\/h2>\n<p>[\/et_pb_text][et_pb_text _builder_version=\u00a0\u00bb3.27.4&Prime; text_font=\u00a0\u00bbLato||||||||\u00a0\u00bb text_font_size=\u00a0\u00bb16px\u00a0\u00bb text_line_height=\u00a0\u00bb1.8em\u00a0\u00bb]<\/p>\n<div>10 semaines et plus avant le colloque : 75% de la facture<\/div>\n<div>5 \u00e0 10 semaines avant le colloque : 50% de la facture<\/div>\n<div><strong>Moins de 5 semaines avant le colloque : aucun remboursement<\/strong><\/div>\n<div>&nbsp;<\/div>\n<div>Vous pouvez en tout temps transf\u00e9rer votre inscription \u00e0 un autre participant en contactant :<\/div>\n<div>Michel Gagnon<\/div>\n<div><a href=\"mailto:michelg@prodtgv.com\">michelg@prodtgv.com<\/a><\/div>\n<div><a href=\"tel:514%20277-4544;229\">514 277-4544 poste 229<\/a><\/div>\n<p>[\/et_pb_text][\/et_pb_column][\/et_pb_row][\/et_pb_section][et_pb_section fb_built=\u00a0\u00bb1&Prime; _builder_version=\u00a0\u00bb3.22&Prime;][et_pb_row _builder_version=\u00a0\u00bb3.25&Prime; background_size=\u00a0\u00bbinitial\u00a0\u00bb background_position=\u00a0\u00bbtop_left\u00a0\u00bb background_repeat=\u00a0\u00bbrepeat\u00a0\u00bb][et_pb_column type=\u00a0\u00bb4_4&Prime; _builder_version=\u00a0\u00bb3.25&Prime; custom_padding=\u00a0\u00bb|||\u00a0\u00bb custom_padding__hover=\u00a0\u00bb|||\u00a0\u00bb][et_pb_text admin_label=\u00a0\u00bbEXPOSANTS SUR PLACE\u00a0\u00bb _builder_version=\u00a0\u00bb3.27.4&Prime; text_font_size=\u00a0\u00bb16px\u00a0\u00bb text_line_height=\u00a0\u00bb1.8em\u00a0\u00bb header_2_font=\u00a0\u00bbLato||||||||\u00a0\u00bb header_2_text_align=\u00a0\u00bbcenter\u00a0\u00bb header_2_font_size=\u00a0\u00bb30&Prime; text_orientation=\u00a0\u00bbcenter\u00a0\u00bb]<\/p>\n<h2 style=\"text-align: center;\">EXPOSANTS SUR PLACE<\/h2>\n<p>[\/et_pb_text][et_pb_image src=\u00a0\u00bbhttps:\/\/www.lepointensante.com\/colloque-pour-le-mieux-etre-des-aines-2020\/wp-content\/uploads\/sites\/16\/2020\/09\/2020-09-09-Mieux-\u00eatre-des-A\u00een\u00e9s-V4.jpg\u00a0\u00bb url=\u00a0\u00bbhttps:\/\/www.lepointensante.com\/colloque-pour-le-mieux-etre-des-aines-2020\/wp-content\/uploads\/sites\/16\/2020\/05\/2020-04-23-Mieux-\u00eatre-des-A\u00een\u00e9s.jpg\u00a0\u00bb align_tablet=\u00a0\u00bbcenter\u00a0\u00bb align_phone=\u00a0\u00bb\u00a0\u00bb align_last_edited=\u00a0\u00bbon|desktop\u00a0\u00bb admin_label=\u00a0\u00bbPlan de salle\u00a0\u00bb _builder_version=\u00a0\u00bb4.0.10&Prime;][\/et_pb_image][et_pb_button button_url=\u00a0\u00bbhttps:\/\/www.lepointensante.com\/colloque-pour-le-mieux-etre-des-aines-2020\/wp-content\/uploads\/sites\/16\/2020\/05\/PLAN-DE-COMMANDITES-Ain\u00e9s_2020WEB.docx\u00a0\u00bb url_new_window=\u00a0\u00bbon\u00a0\u00bb button_text=\u00a0\u00bbCONSULTER LE PLAN DE COMMANDITES\u00a0\u00bb button_alignment=\u00a0\u00bbcenter\u00a0\u00bb admin_label=\u00a0\u00bbCONSULTER LE PLAN DE COMMANDITES BOUTON\u00a0\u00bb _builder_version=\u00a0\u00bb3.19.10&Prime; custom_button=\u00a0\u00bbon\u00a0\u00bb button_text_color=\u00a0\u00bb#ffffff\u00a0\u00bb button_bg_color=\u00a0\u00bb#000000&Prime; button_border_color=\u00a0\u00bb#000000&Prime; button_border_radius=\u00a0\u00bb20&Prime; button_font=\u00a0\u00bbLato||||||||\u00a0\u00bb][\/et_pb_button][\/et_pb_column][\/et_pb_row][\/et_pb_section][et_pb_section fb_built=\u00a0\u00bb1&Prime; _builder_version=\u00a0\u00bb3.22&Prime;][et_pb_row column_structure=\u00a0\u00bb1_3,1_3,1_3&Prime; _builder_version=\u00a0\u00bb3.25&Prime;][et_pb_column type=\u00a0\u00bb1_3&Prime; _builder_version=\u00a0\u00bb3.25&Prime; custom_padding=\u00a0\u00bb|||\u00a0\u00bb custom_padding__hover=\u00a0\u00bb|||\u00a0\u00bb][et_pb_text _builder_version=\u00a0\u00bb4.0.10&Prime; text_font=\u00a0\u00bbLato||||||||\u00a0\u00bb text_font_size=\u00a0\u00bb16px\u00a0\u00bb text_line_height=\u00a0\u00bb1.5em\u00a0\u00bb]<\/p>\n<p>1<br \/>2 <br \/>3<br \/>4<br \/>5\u00a0<br \/>6\u00a0<br \/>7\u00a0<strong>QUALICODE<br \/><\/strong>8<strong><br \/><\/strong>9<strong>\u00a0<\/strong><\/p>\n<p><strong>\u00a0<\/strong><\/p>\n<p>[\/et_pb_text][\/et_pb_column][et_pb_column type=\u00a0\u00bb1_3&Prime; _builder_version=\u00a0\u00bb3.25&Prime; custom_padding=\u00a0\u00bb|||\u00a0\u00bb custom_padding__hover=\u00a0\u00bb|||\u00a0\u00bb][et_pb_text _builder_version=\u00a0\u00bb4.0.10&Prime; text_font=\u00a0\u00bbLato||||||||\u00a0\u00bb text_font_size=\u00a0\u00bb16px\u00a0\u00bb text_line_height=\u00a0\u00bb1.5em\u00a0\u00bb]<\/p>\n<p>10 <strong>CENTRE DE RECONNAISSANCE<\/strong><br \/>11<br \/>12-13 <strong>HOPEM<\/strong><br \/>14 <strong>DOMEDIC<\/strong><br \/>15<br \/>16\u00a0<strong>HOSPITALIS<\/strong><br \/>17 <strong>UNIVERSIT\u00c9 LAVAL\u00a0<\/strong><br \/>18\u00a0<strong>ARJO<\/strong><br \/>19\u00a0<strong>ARJO<\/strong><\/p>\n<p>[\/et_pb_text][\/et_pb_column][et_pb_column type=\u00a0\u00bb1_3&Prime; _builder_version=\u00a0\u00bb3.25&Prime; custom_padding=\u00a0\u00bb|||\u00a0\u00bb custom_padding__hover=\u00a0\u00bb|||\u00a0\u00bb][et_pb_text _builder_version=\u00a0\u00bb4.0.10&Prime; text_font=\u00a0\u00bbLato||||||||\u00a0\u00bb text_font_size=\u00a0\u00bb16px\u00a0\u00bb text_line_height=\u00a0\u00bb1.5em\u00a0\u00bb]<\/p>\n<p>20<br \/>21<br \/>22<br \/>23<br \/>24<br \/>25<br \/>26 <strong>CHARTWELL<\/strong><br \/>27\u00a0<strong>HACARE MEDICAL<\/strong><br \/>28<\/p>\n<p>[\/et_pb_text][\/et_pb_column][\/et_pb_row][et_pb_row _builder_version=\u00a0\u00bb3.25&Prime; background_size=\u00a0\u00bbinitial\u00a0\u00bb background_position=\u00a0\u00bbtop_left\u00a0\u00bb background_repeat=\u00a0\u00bbrepeat\u00a0\u00bb][et_pb_column type=\u00a0\u00bb4_4&Prime; _builder_version=\u00a0\u00bb3.25&Prime; custom_padding=\u00a0\u00bb|||\u00a0\u00bb custom_padding__hover=\u00a0\u00bb|||\u00a0\u00bb][et_pb_divider color=\u00a0\u00bbrgba(0,0,0,0.51)\u00a0\u00bb _builder_version=\u00a0\u00bb3.19.10&Prime;][\/et_pb_divider][\/et_pb_column][\/et_pb_row][\/et_pb_section][et_pb_section fb_built=\u00a0\u00bb1&Prime; _builder_version=\u00a0\u00bb3.22&Prime;][et_pb_row _builder_version=\u00a0\u00bb3.25&Prime; background_size=\u00a0\u00bbinitial\u00a0\u00bb background_position=\u00a0\u00bbtop_left\u00a0\u00bb background_repeat=\u00a0\u00bbrepeat\u00a0\u00bb][et_pb_column type=\u00a0\u00bb4_4&Prime; _builder_version=\u00a0\u00bb3.25&Prime; custom_padding=\u00a0\u00bb|||\u00a0\u00bb custom_padding__hover=\u00a0\u00bb|||\u00a0\u00bb][et_pb_text admin_label=\u00a0\u00bbPARTENAIRES ET COMMANDITAIRES\u00a0\u00bb _builder_version=\u00a0\u00bb3.27.4&Prime; text_font_size=\u00a0\u00bb16px\u00a0\u00bb text_line_height=\u00a0\u00bb1.8em\u00a0\u00bb header_2_font=\u00a0\u00bbLato||||||||\u00a0\u00bb header_2_text_align=\u00a0\u00bbcenter\u00a0\u00bb header_2_font_size=\u00a0\u00bb30&Prime; text_orientation=\u00a0\u00bbcenter\u00a0\u00bb]<\/p>\n<h2 style=\"text-align: center;\">PARTENAIRES ET COMMANDITAIRES<\/h2>\n<p>[\/et_pb_text][\/et_pb_column][\/et_pb_row][et_pb_row column_structure=\u00a0\u00bb1_3,1_3,1_3&Prime; _builder_version=\u00a0\u00bb3.25&Prime; background_size=\u00a0\u00bbinitial\u00a0\u00bb background_position=\u00a0\u00bbtop_left\u00a0\u00bb background_repeat=\u00a0\u00bbrepeat\u00a0\u00bb][et_pb_column type=\u00a0\u00bb1_3&Prime; _builder_version=\u00a0\u00bb3.25&Prime; custom_padding=\u00a0\u00bb|||\u00a0\u00bb custom_padding__hover=\u00a0\u00bb|||\u00a0\u00bb][et_pb_image src=\u00a0\u00bbhttps:\/\/www.lepointensante.com\/colloque-pour-le-mieux-etre-des-aines-2020\/wp-content\/uploads\/sites\/16\/2020\/02\/hopem_S.png\u00a0\u00bb url=\u00a0\u00bbhttp:\/\/www.hopem.com\/\u00a0\u00bb url_new_window=\u00a0\u00bbon\u00a0\u00bb align_tablet=\u00a0\u00bbcenter\u00a0\u00bb align_phone=\u00a0\u00bb\u00a0\u00bb align_last_edited=\u00a0\u00bbon|desktop\u00a0\u00bb _builder_version=\u00a0\u00bb3.23&Prime;][\/et_pb_image][et_pb_text _builder_version=\u00a0\u00bb3.27.4&Prime; text_font=\u00a0\u00bbLato||||||||\u00a0\u00bb text_font_size=\u00a0\u00bb16px\u00a0\u00bb text_line_height=\u00a0\u00bb1.5em\u00a0\u00bb]<\/p>\n<p style=\"text-align: center;\"><strong>Commanditaire Argent<\/strong><\/p>\n<p>[\/et_pb_text][\/et_pb_column][et_pb_column type=\u00a0\u00bb1_3&Prime; _builder_version=\u00a0\u00bb3.25&Prime; custom_padding=\u00a0\u00bb|||\u00a0\u00bb custom_padding__hover=\u00a0\u00bb|||\u00a0\u00bb][et_pb_image src=\u00a0\u00bbhttps:\/\/www.lepointensante.com\/colloque-pour-le-mieux-etre-des-aines-2020\/wp-content\/uploads\/sites\/16\/2019\/12\/Hospitalis-2.png\u00a0\u00bb url=\u00a0\u00bbhttp:\/\/www.hospitalis.com\/fr\u00a0\u00bb url_new_window=\u00a0\u00bbon\u00a0\u00bb align_tablet=\u00a0\u00bbcenter\u00a0\u00bb align_phone=\u00a0\u00bb\u00a0\u00bb align_last_edited=\u00a0\u00bbon|desktop\u00a0\u00bb _builder_version=\u00a0\u00bb3.23&Prime;][\/et_pb_image][et_pb_text _builder_version=\u00a0\u00bb3.27.4&Prime; text_font=\u00a0\u00bbLato||||||||\u00a0\u00bb text_font_size=\u00a0\u00bb16px\u00a0\u00bb text_line_height=\u00a0\u00bb1.5em\u00a0\u00bb]<\/p>\n<p style=\"text-align: center;\"><strong>Commanditaire Bronze<\/strong><\/p>\n<p>[\/et_pb_text][\/et_pb_column][et_pb_column type=\u00a0\u00bb1_3&Prime; _builder_version=\u00a0\u00bb3.25&Prime; custom_padding=\u00a0\u00bb|||\u00a0\u00bb custom_padding__hover=\u00a0\u00bb|||\u00a0\u00bb][et_pb_image src=\u00a0\u00bbhttps:\/\/www.lepointensante.com\/colloque-pour-le-mieux-etre-des-aines-2020\/wp-content\/uploads\/sites\/16\/2020\/02\/lOGO-AMC.jpg\u00a0\u00bb url=\u00a0\u00bbhttps:\/\/www.cma.ca\/fr\u00a0\u00bb url_new_window=\u00a0\u00bbon\u00a0\u00bb align_tablet=\u00a0\u00bbcenter\u00a0\u00bb align_phone=\u00a0\u00bb\u00a0\u00bb align_last_edited=\u00a0\u00bbon|desktop\u00a0\u00bb _builder_version=\u00a0\u00bb3.23&Prime;][\/et_pb_image][et_pb_image src=\u00a0\u00bbhttps:\/\/www.lepointensante.com\/colloque-pour-le-mieux-etre-des-aines-2020\/wp-content\/uploads\/sites\/16\/2020\/02\/VL_hori_CMYK.jpg\u00a0\u00bb url=\u00a0\u00bbhttps:\/\/www.ville.levis.qc.ca\/accueil\/\u00a0\u00bb url_new_window=\u00a0\u00bbon\u00a0\u00bb align_tablet=\u00a0\u00bbcenter\u00a0\u00bb align_phone=\u00a0\u00bb\u00a0\u00bb align_last_edited=\u00a0\u00bbon|desktop\u00a0\u00bb _builder_version=\u00a0\u00bb3.23&Prime;][\/et_pb_image][et_pb_image src=\u00a0\u00bbhttps:\/\/www.lepointensante.com\/colloque-pour-le-mieux-etre-des-aines-2020\/wp-content\/uploads\/sites\/16\/2020\/03\/MSSS.jpg\u00a0\u00bb url=\u00a0\u00bbhttps:\/\/www.msss.gouv.qc.ca\/\u00a0\u00bb url_new_window=\u00a0\u00bbon\u00a0\u00bb align_tablet=\u00a0\u00bbcenter\u00a0\u00bb align_phone=\u00a0\u00bb\u00a0\u00bb align_last_edited=\u00a0\u00bbon|desktop\u00a0\u00bb _builder_version=\u00a0\u00bb3.23&Prime;][\/et_pb_image][et_pb_text _builder_version=\u00a0\u00bb3.27.4&Prime; text_font=\u00a0\u00bbLato||||||||\u00a0\u00bb text_font_size=\u00a0\u00bb16px\u00a0\u00bb text_line_height=\u00a0\u00bb1.5em\u00a0\u00bb]<\/p>\n<p style=\"text-align: center;\"><strong>Partenaires<\/strong><\/p>\n<p>[\/et_pb_text][\/et_pb_column][\/et_pb_row][\/et_pb_section]<\/p>\n","protected":false},"excerpt":{"rendered":"<p>&nbsp; &nbsp; COLLOQUEPour le mieux-\u00eatre des a\u00een\u00e9s10 SEPTEMBRE 2020 &nbsp;DU DOMICILE \u00c0 L&rsquo;H\u00c9BERGEMENTEn primeur, le 4e colloque Pour le mieux-\u00eatres des A\u00een\u00e9s aura lieu dans une formule hybride, en partie en centre de congr\u00e8s et en partie en webdiffusion. Pour tout probl\u00e8me de connexion \u00e0 la plateforme web, contactez la ligne de support d\u00e9di\u00e9e au [&hellip;]<\/p>\n","protected":false},"author":1,"featured_media":0,"parent":0,"menu_order":0,"comment_status":"closed","ping_status":"closed","template":"","meta":{"_et_pb_use_builder":"on","_et_pb_old_content":"","_et_gb_content_width":"","_exactmetrics_skip_tracking":false,"_exactmetrics_sitenote_active":false,"_exactmetrics_sitenote_note":"","_exactmetrics_sitenote_category":0,"footnotes":""},"class_list":["post-812","page","type-page","status-publish","hentry"],"_links":{"self":[{"href":"https:\/\/www.lepointensante.com\/colloque-pour-le-mieux-etre-des-aines\/wp-json\/wp\/v2\/pages\/812","targetHints":{"allow":["GET"]}}],"collection":[{"href":"https:\/\/www.lepointensante.com\/colloque-pour-le-mieux-etre-des-aines\/wp-json\/wp\/v2\/pages"}],"about":[{"href":"https:\/\/www.lepointensante.com\/colloque-pour-le-mieux-etre-des-aines\/wp-json\/wp\/v2\/types\/page"}],"author":[{"embeddable":true,"href":"https:\/\/www.lepointensante.com\/colloque-pour-le-mieux-etre-des-aines\/wp-json\/wp\/v2\/users\/1"}],"replies":[{"embeddable":true,"href":"https:\/\/www.lepointensante.com\/colloque-pour-le-mieux-etre-des-aines\/wp-json\/wp\/v2\/comments?post=812"}],"version-history":[{"count":6,"href":"https:\/\/www.lepointensante.com\/colloque-pour-le-mieux-etre-des-aines\/wp-json\/wp\/v2\/pages\/812\/revisions"}],"predecessor-version":[{"id":833,"href":"https:\/\/www.lepointensante.com\/colloque-pour-le-mieux-etre-des-aines\/wp-json\/wp\/v2\/pages\/812\/revisions\/833"}],"wp:attachment":[{"href":"https:\/\/www.lepointensante.com\/colloque-pour-le-mieux-etre-des-aines\/wp-json\/wp\/v2\/media?parent=812"}],"curies":[{"name":"wp","href":"https:\/\/api.w.org\/{rel}","templated":true}]}}