{"id":1876,"date":"2021-10-13T16:29:35","date_gmt":"2021-10-13T16:29:35","guid":{"rendered":"https:\/\/www.lepointensante.com\/gala\/?page_id=1876"},"modified":"2021-11-02T16:51:57","modified_gmt":"2021-11-02T16:51:57","slug":"finalistes2021","status":"publish","type":"page","link":"https:\/\/www.lepointensante.com\/gala\/finalistes2021\/","title":{"rendered":"Finalistes 2021"},"content":{"rendered":"<p>[et_pb_section fb_built=\u00a0\u00bb1&Prime; _builder_version=\u00a0\u00bb3.22&Prime; background_image=\u00a0\u00bbhttp:\/\/www.lepointensante.com\/gala\/wp-content\/uploads\/sites\/13\/2019\/04\/BG_Gala_2.png\u00a0\u00bb global_colors_info=\u00a0\u00bb{}\u00a0\u00bb][et_pb_row _builder_version=\u00a0\u00bb3.25&Prime; global_colors_info=\u00a0\u00bb{}\u00a0\u00bb][et_pb_column type=\u00a0\u00bb4_4&Prime; _builder_version=\u00a0\u00bb3.25&Prime; custom_padding=\u00a0\u00bb|||\u00a0\u00bb global_colors_info=\u00a0\u00bb{}\u00a0\u00bb custom_padding__hover=\u00a0\u00bb|||\u00a0\u00bb][et_pb_text _builder_version=\u00a0\u00bb3.27.4&Prime; text_font=\u00a0\u00bbLato||||||||\u00a0\u00bb text_font_size=\u00a0\u00bb32px\u00a0\u00bb text_line_height=\u00a0\u00bb1.8em\u00a0\u00bb header_text_color=\u00a0\u00bb#000000&Prime; text_orientation=\u00a0\u00bbcenter\u00a0\u00bb animation_style=\u00a0\u00bbfade\u00a0\u00bb animation_duration=\u00a0\u00bb1800ms\u00a0\u00bb animation_starting_opacity=\u00a0\u00bb35%\u00a0\u00bb animation_speed_curve=\u00a0\u00bblinear\u00a0\u00bb global_colors_info=\u00a0\u00bb{}\u00a0\u00bb]<\/p>\n<p><img loading=\"lazy\" decoding=\"async\" class=\"aligncenter wp-image-252\" src=\"http:\/\/www.lepointensante.com\/gala\/wp-content\/uploads\/sites\/13\/2019\/04\/LeGalaTI-1-1024x182.png\" alt=\"\" width=\"800\" height=\"142\" srcset=\"https:\/\/www.lepointensante.com\/gala\/wp-content\/uploads\/sites\/13\/2019\/04\/LeGalaTI-1-1024x182.png 1024w, https:\/\/www.lepointensante.com\/gala\/wp-content\/uploads\/sites\/13\/2019\/04\/LeGalaTI-1-300x53.png 300w, https:\/\/www.lepointensante.com\/gala\/wp-content\/uploads\/sites\/13\/2019\/04\/LeGalaTI-1-768x137.png 768w, https:\/\/www.lepointensante.com\/gala\/wp-content\/uploads\/sites\/13\/2019\/04\/LeGalaTI-1-1080x192.png 1080w, https:\/\/www.lepointensante.com\/gala\/wp-content\/uploads\/sites\/13\/2019\/04\/LeGalaTI-1-1320x235.png 1320w, https:\/\/www.lepointensante.com\/gala\/wp-content\/uploads\/sites\/13\/2019\/04\/LeGalaTI-1-600x107.png 600w, https:\/\/www.lepointensante.com\/gala\/wp-content\/uploads\/sites\/13\/2019\/04\/LeGalaTI-1.png 1798w\" sizes=\"auto, (max-width: 800px) 100vw, 800px\" \/><\/p>\n<p>[\/et_pb_text][et_pb_text _builder_version=\u00a0\u00bb3.27.4&Prime; text_font=\u00a0\u00bbLato||||||||\u00a0\u00bb text_text_color=\u00a0\u00bb#000000&Prime; text_font_size=\u00a0\u00bb12px\u00a0\u00bb text_line_height=\u00a0\u00bb1.8em\u00a0\u00bb text_orientation=\u00a0\u00bbcenter\u00a0\u00bb global_colors_info=\u00a0\u00bb{}\u00a0\u00bb][\/et_pb_text][et_pb_text _builder_version=\u00a0\u00bb3.27.4&Prime; text_font=\u00a0\u00bbLato|300|||||||\u00a0\u00bb text_text_color=\u00a0\u00bb#000000&Prime; text_font_size=\u00a0\u00bb26px\u00a0\u00bb text_line_height=\u00a0\u00bb1.5em\u00a0\u00bb text_orientation=\u00a0\u00bbcenter\u00a0\u00bb animation_style=\u00a0\u00bbfade\u00a0\u00bb animation_duration=\u00a0\u00bb1800ms\u00a0\u00bb animation_starting_opacity=\u00a0\u00bb35%\u00a0\u00bb animation_speed_curve=\u00a0\u00bblinear\u00a0\u00bb global_colors_info=\u00a0\u00bb{}\u00a0\u00bb]<\/p>\n<p>Pr\u00e9sent\u00e9 dans le cadre du <em>Colloque Informatique Sant\u00e9<\/em><\/p>\n<p>[\/et_pb_text][\/et_pb_column][\/et_pb_row][et_pb_row _builder_version=\u00a0\u00bb3.25&Prime; background_size=\u00a0\u00bbinitial\u00a0\u00bb background_position=\u00a0\u00bbtop_left\u00a0\u00bb background_repeat=\u00a0\u00bbrepeat\u00a0\u00bb global_colors_info=\u00a0\u00bb{}\u00a0\u00bb][et_pb_column type=\u00a0\u00bb4_4&Prime; _builder_version=\u00a0\u00bb3.25&Prime; custom_padding=\u00a0\u00bb|||\u00a0\u00bb global_colors_info=\u00a0\u00bb{}\u00a0\u00bb custom_padding__hover=\u00a0\u00bb|||\u00a0\u00bb][et_pb_button button_url=\u00a0\u00bbhttps:\/\/www.evenementlepointensante.com\/colloque\/le-gala\/\u00a0\u00bb button_text=\u00a0\u00bbAssister au Gala\u00a0\u00bb button_alignment=\u00a0\u00bbcenter\u00a0\u00bb disabled_on=\u00a0\u00bbon|on|on\u00a0\u00bb _builder_version=\u00a0\u00bb3.19.10&Prime; custom_button=\u00a0\u00bbon\u00a0\u00bb button_text_size=\u00a0\u00bb18&Prime; button_text_color=\u00a0\u00bbrgba(255,255,255,0.86)\u00a0\u00bb button_bg_color=\u00a0\u00bb#e02b20&Prime; button_border_width=\u00a0\u00bb1&Prime; button_border_color=\u00a0\u00bb#e02b20&Prime; button_border_radius=\u00a0\u00bb5&Prime; button_font=\u00a0\u00bbLato|700|||||||\u00a0\u00bb background_layout=\u00a0\u00bbdark\u00a0\u00bb animation_style=\u00a0\u00bbfade\u00a0\u00bb animation_duration=\u00a0\u00bb1800ms\u00a0\u00bb animation_starting_opacity=\u00a0\u00bb35%\u00a0\u00bb animation_speed_curve=\u00a0\u00bblinear\u00a0\u00bb button_text_size_tablet=\u00a0\u00bb\u00a0\u00bb button_text_size_phone=\u00a0\u00bb\u00a0\u00bb button_text_size_last_edited=\u00a0\u00bbon|\u00a0\u00bb disabled=\u00a0\u00bbon\u00a0\u00bb global_colors_info=\u00a0\u00bb{}\u00a0\u00bb][\/et_pb_button][et_pb_button button_url=\u00a0\u00bbhttp:\/\/www.lepointensante.com\/gala\/gagnants-2019\/\u00a0\u00bb button_text=\u00a0\u00bbLaur\u00e9ats 2021&Prime; button_alignment=\u00a0\u00bbcenter\u00a0\u00bb disabled_on=\u00a0\u00bbon|on|on\u00a0\u00bb _builder_version=\u00a0\u00bb4.11.1&Prime; custom_button=\u00a0\u00bbon\u00a0\u00bb button_text_size=\u00a0\u00bb18&Prime; button_text_color=\u00a0\u00bbrgba(255,255,255,0.86)\u00a0\u00bb button_bg_color=\u00a0\u00bb#02c7b2&Prime; button_border_width=\u00a0\u00bb1&Prime; button_border_color=\u00a0\u00bb#02c7b2&Prime; button_border_radius=\u00a0\u00bb5&Prime; button_font=\u00a0\u00bbLato|700|||||||\u00a0\u00bb background_layout=\u00a0\u00bbdark\u00a0\u00bb animation_style=\u00a0\u00bbfade\u00a0\u00bb animation_duration=\u00a0\u00bb1800ms\u00a0\u00bb animation_starting_opacity=\u00a0\u00bb35%\u00a0\u00bb animation_speed_curve=\u00a0\u00bblinear\u00a0\u00bb button_text_size_tablet=\u00a0\u00bb\u00a0\u00bb button_text_size_phone=\u00a0\u00bb\u00a0\u00bb button_text_size_last_edited=\u00a0\u00bbon|\u00a0\u00bb disabled=\u00a0\u00bbon\u00a0\u00bb global_colors_info=\u00a0\u00bb{}\u00a0\u00bb][\/et_pb_button][et_pb_button button_url=\u00a0\u00bbhttp:\/\/www.lepointensante.com\/gala\/prix\/\u00a0\u00bb button_text=\u00a0\u00bbCat\u00e9gories de Prix\u00a0\u00bb button_alignment=\u00a0\u00bbcenter\u00a0\u00bb admin_label=\u00a0\u00bbButton Cat\u00e9gories de Prix\u00a0\u00bb _builder_version=\u00a0\u00bb3.19.10&Prime; custom_button=\u00a0\u00bbon\u00a0\u00bb button_text_size=\u00a0\u00bb18&Prime; button_text_color=\u00a0\u00bbrgba(255,255,255,0.86)\u00a0\u00bb button_bg_color=\u00a0\u00bb#000000&Prime; button_border_width=\u00a0\u00bb1&Prime; button_border_color=\u00a0\u00bb#000000&Prime; button_border_radius=\u00a0\u00bb5&Prime; button_font=\u00a0\u00bbLato|700|||||||\u00a0\u00bb background_layout=\u00a0\u00bbdark\u00a0\u00bb animation_style=\u00a0\u00bbfade\u00a0\u00bb animation_duration=\u00a0\u00bb1800px\u00a0\u00bb animation_starting_opacity=\u00a0\u00bb35%\u00a0\u00bb animation_speed_curve=\u00a0\u00bblinear\u00a0\u00bb button_text_size_tablet=\u00a0\u00bb\u00a0\u00bb button_text_size_phone=\u00a0\u00bb\u00a0\u00bb button_text_size_last_edited=\u00a0\u00bbon|\u00a0\u00bb global_colors_info=\u00a0\u00bb{}\u00a0\u00bb][\/et_pb_button][\/et_pb_column][\/et_pb_row][\/et_pb_section][et_pb_section fb_built=\u00a0\u00bb1&Prime; _builder_version=\u00a0\u00bb3.22&Prime; custom_margin=\u00a0\u00bb3px||3px|\u00a0\u00bb custom_padding=\u00a0\u00bb3px||3px|\u00a0\u00bb global_colors_info=\u00a0\u00bb{}\u00a0\u00bb][et_pb_row _builder_version=\u00a0\u00bb3.25&Prime; module_alignment=\u00a0\u00bbcenter\u00a0\u00bb global_colors_info=\u00a0\u00bb{}\u00a0\u00bb][et_pb_column type=\u00a0\u00bb4_4&Prime; _builder_version=\u00a0\u00bb3.25&Prime; custom_padding=\u00a0\u00bb|||\u00a0\u00bb global_colors_info=\u00a0\u00bb{}\u00a0\u00bb custom_padding__hover=\u00a0\u00bb|||\u00a0\u00bb][et_pb_text disabled_on=\u00a0\u00bboff|off|off\u00a0\u00bb admin_label=\u00a0\u00bbraison\u00a0\u00bb _builder_version=\u00a0\u00bb4.11.1&Prime; text_font=\u00a0\u00bbLato||||||||\u00a0\u00bb text_font_size=\u00a0\u00bb16px\u00a0\u00bb text_line_height=\u00a0\u00bb1.8em\u00a0\u00bb text_orientation=\u00a0\u00bbjustified\u00a0\u00bb global_colors_info=\u00a0\u00bb{}\u00a0\u00bb]<\/p>\n<h1><\/h1>\n<h1 style=\"text-align: center;\">F\u00c9LICITATIONS AUX FINALISTES 2021!<\/h1>\n<p>[\/et_pb_text][et_pb_text disabled_on=\u00a0\u00bboff|off|off\u00a0\u00bb admin_label=\u00a0\u00bbText du prix\u00a0\u00bb _builder_version=\u00a0\u00bb4.11.1&Prime; text_font=\u00a0\u00bbLato||||||||\u00a0\u00bb text_font_size=\u00a0\u00bb16px\u00a0\u00bb text_line_height=\u00a0\u00bb1.8em\u00a0\u00bb text_orientation=\u00a0\u00bbjustified\u00a0\u00bb global_colors_info=\u00a0\u00bb{}\u00a0\u00bb]<\/p>\n<div class=\"page\" title=\"Page 1\">\n<div class=\"layoutArea\">\n<div class=\"column\">\n<p>C\u00e9l\u00e9brez l&rsquo;innovation en sant\u00e9 et vos coll\u00e8gues de partout dans le r\u00e9seau! Pour cette deuxi\u00e8me \u00e9dition du Gala, 17 projets novateurs en technologies de l&rsquo;information en sant\u00e9 ont e\u0301te\u0301 retenus dans six (6) cate\u0301gories de Prix au Gala des Prix TI en Sant\u00e9 et Services Sociaux. Faute de candidatures suffisantes, certaines cat\u00e9gories ont \u00e9t\u00e9 retir\u00e9es de la course, mais une nouvelle cat\u00e9gorie a \u00e9merg\u00e9e, soit Mention sp\u00e9ciale COVID-19. Les finalistes, dans nos six cat\u00e9gories, sont&#8230;<\/p>\n<\/div>\n<\/div>\n<\/div>\n<p>[\/et_pb_text][et_pb_button button_url=\u00a0\u00bbhttp:\/\/www.lepointensante.com\/gala\/prix\/\u00a0\u00bb button_text=\u00a0\u00bbConsulter les cat\u00e9gories de Prix\u00a0\u00bb button_alignment=\u00a0\u00bbcenter\u00a0\u00bb disabled_on=\u00a0\u00bboff|off|off\u00a0\u00bb _builder_version=\u00a0\u00bb4.11.1&Prime; custom_button=\u00a0\u00bbon\u00a0\u00bb button_text_size=\u00a0\u00bb18&Prime; button_text_color=\u00a0\u00bbrgba(255,255,255,0.86)\u00a0\u00bb button_bg_color=\u00a0\u00bb#000000&Prime; button_border_width=\u00a0\u00bb1&Prime; button_border_color=\u00a0\u00bb#000000&Prime; button_border_radius=\u00a0\u00bb5&Prime; button_font=\u00a0\u00bbLato|700|||||||\u00a0\u00bb background_layout=\u00a0\u00bbdark\u00a0\u00bb animation_style=\u00a0\u00bbfade\u00a0\u00bb animation_duration=\u00a0\u00bb1800px\u00a0\u00bb animation_starting_opacity=\u00a0\u00bb35%\u00a0\u00bb animation_speed_curve=\u00a0\u00bblinear\u00a0\u00bb button_text_size_tablet=\u00a0\u00bb\u00a0\u00bb button_text_size_phone=\u00a0\u00bb\u00a0\u00bb button_text_size_last_edited=\u00a0\u00bbon|\u00a0\u00bb global_colors_info=\u00a0\u00bb{}\u00a0\u00bb][\/et_pb_button][\/et_pb_column][\/et_pb_row][\/et_pb_section][et_pb_section fb_built=\u00a0\u00bb1&Prime; _builder_version=\u00a0\u00bb3.22&Prime; custom_margin=\u00a0\u00bb0px||0px|\u00a0\u00bb custom_padding=\u00a0\u00bb0px||0px|\u00a0\u00bb global_colors_info=\u00a0\u00bb{}\u00a0\u00bb][et_pb_row _builder_version=\u00a0\u00bb3.25&Prime; global_colors_info=\u00a0\u00bb{}\u00a0\u00bb][et_pb_column type=\u00a0\u00bb4_4&Prime; _builder_version=\u00a0\u00bb3.25&Prime; custom_padding=\u00a0\u00bb|||\u00a0\u00bb global_colors_info=\u00a0\u00bb{}\u00a0\u00bb custom_padding__hover=\u00a0\u00bb|||\u00a0\u00bb][et_pb_divider _builder_version=\u00a0\u00bb3.19.10&Prime; global_colors_info=\u00a0\u00bb{}\u00a0\u00bb][\/et_pb_divider][et_pb_text admin_label=\u00a0\u00bbTITRE FINALISTE\u00a0\u00bb _builder_version=\u00a0\u00bb4.11.1&Prime; text_font=\u00a0\u00bbLato||||||||\u00a0\u00bb text_font_size=\u00a0\u00bb16px\u00a0\u00bb text_line_height=\u00a0\u00bb1.8em\u00a0\u00bb text_orientation=\u00a0\u00bbjustified\u00a0\u00bb global_colors_info=\u00a0\u00bb{}\u00a0\u00bb]<\/p>\n<h1><\/h1>\n<h1 style=\"text-align: center;\">FINALISTES 2021<\/h1>\n<p>[\/et_pb_text][et_pb_text admin_label=\u00a0\u00bbTITRE FINALISTE\u00a0\u00bb _builder_version=\u00a0\u00bb4.11.1&Prime; text_font=\u00a0\u00bbLato||||||||\u00a0\u00bb text_font_size=\u00a0\u00bb16px\u00a0\u00bb text_line_height=\u00a0\u00bb1.8em\u00a0\u00bb text_orientation=\u00a0\u00bbjustified\u00a0\u00bb global_colors_info=\u00a0\u00bb{}\u00a0\u00bb]<\/p>\n<h1 style=\"text-align: left;\"><\/h1>\n<h2 style=\"text-align: left;\">PRIX \u00c9QUIPE CLINIQUE INNOVANTE<\/h2>\n<p>[\/et_pb_text][\/et_pb_column][\/et_pb_row][et_pb_row column_structure=\u00a0\u00bb1_3,1_3,1_3&Prime; _builder_version=\u00a0\u00bb3.25&Prime; global_colors_info=\u00a0\u00bb{}\u00a0\u00bb][et_pb_column type=\u00a0\u00bb1_3&Prime; _builder_version=\u00a0\u00bb3.25&Prime; custom_padding=\u00a0\u00bb|||\u00a0\u00bb global_colors_info=\u00a0\u00bb{}\u00a0\u00bb custom_padding__hover=\u00a0\u00bb|||\u00a0\u00bb][et_pb_text admin_label=\u00a0\u00bbText du prix\u00a0\u00bb _builder_version=\u00a0\u00bb4.11.1&Prime; text_font=\u00a0\u00bbLato||||||||\u00a0\u00bb text_font_size=\u00a0\u00bb16px\u00a0\u00bb text_line_height=\u00a0\u00bb1.8em\u00a0\u00bb global_colors_info=\u00a0\u00bb{}\u00a0\u00bb]<\/p>\n<div class=\"page\" title=\"Page 2\">\n<div class=\"section\">\n<div class=\"layoutArea\">\n<div class=\"column\">\n<h3 style=\"text-align: center;\">Le r\u00f4le de la technologie dans la surveillance clinique<\/h3>\n<\/div>\n<\/div>\n<\/div>\n<\/div>\n<p>[\/et_pb_text][et_pb_text admin_label=\u00a0\u00bbText du prix\u00a0\u00bb _builder_version=\u00a0\u00bb4.11.1&Prime; text_font=\u00a0\u00bbLato||||||||\u00a0\u00bb text_font_size=\u00a0\u00bb16px\u00a0\u00bb text_line_height=\u00a0\u00bb1.8em\u00a0\u00bb global_colors_info=\u00a0\u00bb{}\u00a0\u00bb]<\/p>\n<div class=\"page\" title=\"Page 2\">\n<div class=\"section\">\n<div class=\"layoutArea\">\n<div class=\"column\">\n<h4 style=\"text-align: center;\">\u00c9quipe M\u00e9decine interne et pneumologie CHUM<\/h4>\n<\/div>\n<\/div>\n<\/div>\n<\/div>\n<p>[\/et_pb_text][\/et_pb_column][et_pb_column type=\u00a0\u00bb1_3&Prime; _builder_version=\u00a0\u00bb3.25&Prime; custom_padding=\u00a0\u00bb|||\u00a0\u00bb global_colors_info=\u00a0\u00bb{}\u00a0\u00bb custom_padding__hover=\u00a0\u00bb|||\u00a0\u00bb][et_pb_text admin_label=\u00a0\u00bbText du prix\u00a0\u00bb _builder_version=\u00a0\u00bb4.11.1&Prime; text_font=\u00a0\u00bbLato||||||||\u00a0\u00bb text_font_size=\u00a0\u00bb16px\u00a0\u00bb text_line_height=\u00a0\u00bb1.8em\u00a0\u00bb global_colors_info=\u00a0\u00bb{}\u00a0\u00bb]<\/p>\n<div class=\"page\" title=\"Page 2\">\n<div class=\"section\">\n<div class=\"layoutArea\">\n<div class=\"column\">\n<h3 style=\"text-align: center;\">Optimisation de la trajectoire inter-\u00e9tablissements des soins en chirurgie thoracique entre le CUSM et le CISSS de l\u2019Outaouais<\/h3>\n<p>&nbsp;<\/p>\n<\/div>\n<\/div>\n<\/div>\n<\/div>\n<p>[\/et_pb_text][et_pb_text admin_label=\u00a0\u00bbText du prix\u00a0\u00bb _builder_version=\u00a0\u00bb4.11.1&Prime; text_font=\u00a0\u00bbLato||||||||\u00a0\u00bb text_font_size=\u00a0\u00bb16px\u00a0\u00bb text_line_height=\u00a0\u00bb1.8em\u00a0\u00bb global_colors_info=\u00a0\u00bb{}\u00a0\u00bb]<\/p>\n<div class=\"page\" title=\"Page 2\">\n<div class=\"section\">\n<div class=\"layoutArea\">\n<div class=\"column\">\n<h4 style=\"text-align: center;\">\u00c9quipe clinique en chirurgie thoracique CISSSO-CUSM<\/h4>\n<\/div>\n<\/div>\n<\/div>\n<\/div>\n<p>[\/et_pb_text][\/et_pb_column][et_pb_column type=\u00a0\u00bb1_3&Prime; _builder_version=\u00a0\u00bb3.25&Prime; custom_padding=\u00a0\u00bb|||\u00a0\u00bb global_colors_info=\u00a0\u00bb{}\u00a0\u00bb custom_padding__hover=\u00a0\u00bb|||\u00a0\u00bb][et_pb_text admin_label=\u00a0\u00bbText du prix\u00a0\u00bb _builder_version=\u00a0\u00bb4.11.1&Prime; text_font=\u00a0\u00bbLato||||||||\u00a0\u00bb text_font_size=\u00a0\u00bb16px\u00a0\u00bb text_line_height=\u00a0\u00bb1.8em\u00a0\u00bb global_colors_info=\u00a0\u00bb{}\u00a0\u00bb]<\/p>\n<div class=\"page\" title=\"Page 2\">\n<div class=\"section\">\n<div class=\"layoutArea\">\n<div class=\"column\">\n<h3 style=\"text-align: center;\">Parcours informatis\u00e9 en endoscopie au CIUSSS du Nord-de-l&rsquo;\u00cele-de-Montr\u00e9al<\/h3>\n<\/div>\n<\/div>\n<\/div>\n<\/div>\n<p>[\/et_pb_text][et_pb_text admin_label=\u00a0\u00bbText du prix\u00a0\u00bb _builder_version=\u00a0\u00bb4.11.1&Prime; text_font=\u00a0\u00bbLato||||||||\u00a0\u00bb text_font_size=\u00a0\u00bb16px\u00a0\u00bb text_line_height=\u00a0\u00bb1.8em\u00a0\u00bb global_colors_info=\u00a0\u00bb{}\u00a0\u00bb]<\/p>\n<div class=\"page\" title=\"Page 2\">\n<div class=\"section\">\n<div class=\"layoutArea\">\n<div class=\"column\">\n<h4 style=\"text-align: center;\">\u00c9quipe Informatisation clinique &#8211; Endoscopie<\/h4>\n<\/div>\n<\/div>\n<\/div>\n<\/div>\n<p>[\/et_pb_text][\/et_pb_column][\/et_pb_row][et_pb_row column_structure=\u00a0\u00bb1_6,1_6,1_6,1_6,1_6,1_6&Prime; _builder_version=\u00a0\u00bb4.11.1&Prime; _module_preset=\u00a0\u00bbdefault\u00a0\u00bb global_colors_info=\u00a0\u00bb{}\u00a0\u00bb][et_pb_column type=\u00a0\u00bb1_6&Prime; _builder_version=\u00a0\u00bb4.11.1&Prime; _module_preset=\u00a0\u00bbdefault\u00a0\u00bb global_colors_info=\u00a0\u00bb{}\u00a0\u00bb][et_pb_image src=\u00a0\u00bbhttps:\/\/www.lepointensante.com\/gala\/wp-content\/uploads\/sites\/13\/2021\/10\/CHUM.jpg\u00a0\u00bb title_text=\u00a0\u00bbCHUM\u00a0\u00bb url=\u00a0\u00bbhttps:\/\/www.chumontreal.qc.ca\/\u00a0\u00bb url_new_window=\u00a0\u00bbon\u00a0\u00bb admin_label=\u00a0\u00bbLogo CHUM\u00a0\u00bb _builder_version=\u00a0\u00bb4.11.1&Prime; always_center_on_mobile=\u00a0\u00bboff\u00a0\u00bb global_colors_info=\u00a0\u00bb{}\u00a0\u00bb][\/et_pb_image][\/et_pb_column][et_pb_column type=\u00a0\u00bb1_6&Prime; _builder_version=\u00a0\u00bb4.11.1&Prime; _module_preset=\u00a0\u00bbdefault\u00a0\u00bb global_colors_info=\u00a0\u00bb{}\u00a0\u00bb][et_pb_divider show_divider=\u00a0\u00bboff\u00a0\u00bb _builder_version=\u00a0\u00bb4.11.1&Prime; _module_preset=\u00a0\u00bbdefault\u00a0\u00bb global_colors_info=\u00a0\u00bb{}\u00a0\u00bb][\/et_pb_divider][et_pb_image src=\u00a0\u00bbhttps:\/\/www.lepointensante.com\/gala\/wp-content\/uploads\/sites\/13\/2021\/10\/Logo2-500px-JPG-1.jpg\u00a0\u00bb title_text=\u00a0\u00bbLogo2-500px-JPG (1)\u00a0\u00bb disabled_on=\u00a0\u00bbon|on|on\u00a0\u00bb _builder_version=\u00a0\u00bb4.11.1&Prime; _module_preset=\u00a0\u00bbdefault\u00a0\u00bb disabled=\u00a0\u00bbon\u00a0\u00bb global_colors_info=\u00a0\u00bb{}\u00a0\u00bb][\/et_pb_image][et_pb_image src=\u00a0\u00bbhttps:\/\/www.lepointensante.com\/gala\/wp-content\/uploads\/sites\/13\/2021\/10\/Logo2-500px-JPG-1.jpg\u00a0\u00bb title_text=\u00a0\u00bbLogo2-500px-JPG (1)\u00a0\u00bb _builder_version=\u00a0\u00bb4.11.1&Prime; _module_preset=\u00a0\u00bbdefault\u00a0\u00bb global_colors_info=\u00a0\u00bb{}\u00a0\u00bb][\/et_pb_image][et_pb_image src=\u00a0\u00bbhttps:\/\/www.lepointensante.com\/gala\/wp-content\/uploads\/sites\/13\/2021\/10\/brand-logo-alt@2x.png\u00a0\u00bb title_text=\u00a0\u00bbbrand-logo-alt@2x\u00a0\u00bb _builder_version=\u00a0\u00bb4.11.1&Prime; _module_preset=\u00a0\u00bbdefault\u00a0\u00bb global_colors_info=\u00a0\u00bb{}\u00a0\u00bb][\/et_pb_image][\/et_pb_column][et_pb_column type=\u00a0\u00bb1_6&Prime; _builder_version=\u00a0\u00bb4.11.1&Prime; _module_preset=\u00a0\u00bbdefault\u00a0\u00bb global_colors_info=\u00a0\u00bb{}\u00a0\u00bb][et_pb_image src=\u00a0\u00bbhttps:\/\/www.lepointensante.com\/gala\/wp-content\/uploads\/sites\/13\/2021\/10\/Logo-Akinox.png\u00a0\u00bb title_text=\u00a0\u00bbLogo Akinox\u00a0\u00bb _builder_version=\u00a0\u00bb4.11.1&Prime; _module_preset=\u00a0\u00bbdefault\u00a0\u00bb global_colors_info=\u00a0\u00bb{}\u00a0\u00bb][\/et_pb_image][et_pb_image src=\u00a0\u00bbhttps:\/\/www.lepointensante.com\/gala\/wp-content\/uploads\/sites\/13\/2021\/10\/Logo-Telesante_FR-scaled.jpg\u00a0\u00bb title_text=\u00a0\u00bbLogo Telesant\u00e9_FR\u00a0\u00bb _builder_version=\u00a0\u00bb4.11.1&Prime; _module_preset=\u00a0\u00bbdefault\u00a0\u00bb width=\u00a0\u00bb64.5%\u00a0\u00bb global_colors_info=\u00a0\u00bb{}\u00a0\u00bb][\/et_pb_image][et_pb_image src=\u00a0\u00bbhttps:\/\/www.lepointensante.com\/gala\/wp-content\/uploads\/sites\/13\/2021\/10\/Logo-MEDTEQ.png\u00a0\u00bb title_text=\u00a0\u00bbLogo MEDTEQ\u00a0\u00bb _builder_version=\u00a0\u00bb4.11.1&Prime; _module_preset=\u00a0\u00bbdefault\u00a0\u00bb width=\u00a0\u00bb64.5%\u00a0\u00bb global_colors_info=\u00a0\u00bb{}\u00a0\u00bb][\/et_pb_image][\/et_pb_column][et_pb_column type=\u00a0\u00bb1_6&Prime; _builder_version=\u00a0\u00bb4.11.1&Prime; _module_preset=\u00a0\u00bbdefault\u00a0\u00bb global_colors_info=\u00a0\u00bb{}\u00a0\u00bb][et_pb_image src=\u00a0\u00bbhttps:\/\/www.lepointensante.com\/gala\/wp-content\/uploads\/sites\/13\/2021\/10\/Logo-CUSM-scaled.jpg\u00a0\u00bb title_text=\u00a0\u00bbLogo CUSM\u00a0\u00bb _builder_version=\u00a0\u00bb4.11.1&Prime; _module_preset=\u00a0\u00bbdefault\u00a0\u00bb width=\u00a0\u00bb100%\u00a0\u00bb global_colors_info=\u00a0\u00bb{}\u00a0\u00bb][\/et_pb_image][et_pb_image src=\u00a0\u00bbhttps:\/\/www.lepointensante.com\/gala\/wp-content\/uploads\/sites\/13\/2021\/10\/logo-CISSSO.png\u00a0\u00bb title_text=\u00a0\u00bblogo CISSSO\u00a0\u00bb align=\u00a0\u00bbcenter\u00a0\u00bb _builder_version=\u00a0\u00bb4.11.1&Prime; _module_preset=\u00a0\u00bbdefault\u00a0\u00bb global_colors_info=\u00a0\u00bb{}\u00a0\u00bb][\/et_pb_image][et_pb_image src=\u00a0\u00bbhttps:\/\/www.lepointensante.com\/gala\/wp-content\/uploads\/sites\/13\/2021\/10\/Logo-UQO.jpg\u00a0\u00bb title_text=\u00a0\u00bbLogo UQO\u00a0\u00bb align=\u00a0\u00bbcenter\u00a0\u00bb _builder_version=\u00a0\u00bb4.11.1&Prime; _module_preset=\u00a0\u00bbdefault\u00a0\u00bb global_colors_info=\u00a0\u00bb{}\u00a0\u00bb][\/et_pb_image][\/et_pb_column][et_pb_column type=\u00a0\u00bb1_6&Prime; _builder_version=\u00a0\u00bb4.11.1&Prime; _module_preset=\u00a0\u00bbdefault\u00a0\u00bb global_colors_info=\u00a0\u00bb{}\u00a0\u00bb][et_pb_image src=\u00a0\u00bbhttps:\/\/www.lepointensante.com\/gala\/wp-content\/uploads\/sites\/13\/2021\/10\/Logo-CIUSSS-NIM.jpg\u00a0\u00bb title_text=\u00a0\u00bbLogo CIUSSS NIM\u00a0\u00bb url=\u00a0\u00bbhttps:\/\/ciusss-nordmtl.gouv.qc.ca\/accueil\/\u00a0\u00bb url_new_window=\u00a0\u00bbon\u00a0\u00bb admin_label=\u00a0\u00bbLogo CIUSSS Nord MTRL\u00a0\u00bb _builder_version=\u00a0\u00bb4.11.1&Prime; always_center_on_mobile=\u00a0\u00bboff\u00a0\u00bb global_colors_info=\u00a0\u00bb{}\u00a0\u00bb][\/et_pb_image][\/et_pb_column][et_pb_column type=\u00a0\u00bb1_6&Prime; _builder_version=\u00a0\u00bb4.11.1&Prime; _module_preset=\u00a0\u00bbdefault\u00a0\u00bb global_colors_info=\u00a0\u00bb{}\u00a0\u00bb][\/et_pb_column][\/et_pb_row][et_pb_row _builder_version=\u00a0\u00bb3.25&Prime; global_colors_info=\u00a0\u00bb{}\u00a0\u00bb][et_pb_column type=\u00a0\u00bb4_4&Prime; _builder_version=\u00a0\u00bb3.25&Prime; custom_padding=\u00a0\u00bb|||\u00a0\u00bb global_colors_info=\u00a0\u00bb{}\u00a0\u00bb custom_padding__hover=\u00a0\u00bb|||\u00a0\u00bb][et_pb_divider color=\u00a0\u00bbrgba(0,0,0,0.51)\u00a0\u00bb _builder_version=\u00a0\u00bb3.19.10&Prime; global_colors_info=\u00a0\u00bb{}\u00a0\u00bb][\/et_pb_divider][et_pb_text admin_label=\u00a0\u00bbTITRE FINALISTE\u00a0\u00bb _builder_version=\u00a0\u00bb4.11.1&Prime; text_font=\u00a0\u00bbLato||||||||\u00a0\u00bb text_font_size=\u00a0\u00bb16px\u00a0\u00bb text_line_height=\u00a0\u00bb1.8em\u00a0\u00bb text_orientation=\u00a0\u00bbjustified\u00a0\u00bb global_colors_info=\u00a0\u00bb{}\u00a0\u00bb]<\/p>\n<h1 style=\"text-align: left;\"><\/h1>\n<h2 style=\"text-align: left;\">PRIX \u00c9TABLISSEMENT DE SANT\u00c9 NOVATEUR<\/h2>\n<p>[\/et_pb_text][\/et_pb_column][\/et_pb_row][et_pb_row column_structure=\u00a0\u00bb1_3,1_3,1_3&Prime; _builder_version=\u00a0\u00bb4.11.1&Prime; _module_preset=\u00a0\u00bbdefault\u00a0\u00bb global_colors_info=\u00a0\u00bb{}\u00a0\u00bb][et_pb_column type=\u00a0\u00bb1_3&Prime; _builder_version=\u00a0\u00bb4.11.1&Prime; _module_preset=\u00a0\u00bbdefault\u00a0\u00bb global_colors_info=\u00a0\u00bb{}\u00a0\u00bb][et_pb_text admin_label=\u00a0\u00bbText du prix\u00a0\u00bb _builder_version=\u00a0\u00bb4.11.1&Prime; text_font=\u00a0\u00bbLato||||||||\u00a0\u00bb text_font_size=\u00a0\u00bb16px\u00a0\u00bb text_line_height=\u00a0\u00bb1.8em\u00a0\u00bb global_colors_info=\u00a0\u00bb{}\u00a0\u00bb]<\/p>\n<div class=\"page\" title=\"Page 2\">\n<div class=\"section\">\n<div class=\"layoutArea\">\n<div class=\"column\">\n<h3 style=\"text-align: center;\">Service d&rsquo;Accueil, Analyse, Orientation et R\u00e9f\u00e9rence (AAOR) r\u00e9gional<\/h3>\n<\/div>\n<\/div>\n<\/div>\n<\/div>\n<p>[\/et_pb_text][et_pb_image src=\u00a0\u00bbhttps:\/\/www.lepointensante.com\/gala\/wp-content\/uploads\/sites\/13\/2021\/10\/cisssbsl.png\u00a0\u00bb title_text=\u00a0\u00bbcisssbsl\u00a0\u00bb url=\u00a0\u00bbhttps:\/\/www.cisss-bsl.gouv.qc.ca\/\u00a0\u00bb url_new_window=\u00a0\u00bbon\u00a0\u00bb _builder_version=\u00a0\u00bb4.11.1&Prime; _module_preset=\u00a0\u00bbdefault\u00a0\u00bb width=\u00a0\u00bb67%\u00a0\u00bb global_colors_info=\u00a0\u00bb{}\u00a0\u00bb][\/et_pb_image][et_pb_image src=\u00a0\u00bbhttps:\/\/www.lepointensante.com\/gala\/wp-content\/uploads\/sites\/13\/2021\/10\/Logo-Octopus-1.png\u00a0\u00bb title_text=\u00a0\u00bbLogo Octopus\u00a0\u00bb url=\u00a0\u00bbhttps:\/\/www.octopus-itsm.com\/\u00a0\u00bb url_new_window=\u00a0\u00bbon\u00a0\u00bb _builder_version=\u00a0\u00bb4.11.1&Prime; _module_preset=\u00a0\u00bbdefault\u00a0\u00bb global_colors_info=\u00a0\u00bb{}\u00a0\u00bb][\/et_pb_image][et_pb_text admin_label=\u00a0\u00bbText du prix\u00a0\u00bb _builder_version=\u00a0\u00bb4.11.1&Prime; text_font=\u00a0\u00bbLato||||||||\u00a0\u00bb text_font_size=\u00a0\u00bb16px\u00a0\u00bb text_line_height=\u00a0\u00bb1.8em\u00a0\u00bb global_colors_info=\u00a0\u00bb{}\u00a0\u00bb]<\/p>\n<div class=\"page\" title=\"Page 2\">\n<div class=\"section\">\n<div class=\"layoutArea\">\n<div class=\"column\">\n<h3 style=\"text-align: center;\"><em style=\"font-size: 16px;\"><strong>Gabrielle Ste-Marie<\/strong>, Chef de l&rsquo;AAOR durant la dur\u00e9e du projet<\/em><\/h3>\n<\/div>\n<\/div>\n<\/div>\n<\/div>\n<p>[\/et_pb_text][\/et_pb_column][et_pb_column type=\u00a0\u00bb1_3&Prime; _builder_version=\u00a0\u00bb4.11.1&Prime; _module_preset=\u00a0\u00bbdefault\u00a0\u00bb global_colors_info=\u00a0\u00bb{}\u00a0\u00bb][et_pb_text admin_label=\u00a0\u00bbText du prix\u00a0\u00bb _builder_version=\u00a0\u00bb4.11.1&Prime; text_font=\u00a0\u00bbLato||||||||\u00a0\u00bb text_font_size=\u00a0\u00bb16px\u00a0\u00bb text_line_height=\u00a0\u00bb1.8em\u00a0\u00bb global_colors_info=\u00a0\u00bb{}\u00a0\u00bb]<\/p>\n<div class=\"page\" title=\"Page 2\">\n<div class=\"section\">\n<div class=\"layoutArea\">\n<div class=\"column\">\n<h3 style=\"text-align: center;\">Prendre soin des pr\u00e9pos\u00e9s aux b\u00e9n\u00e9ficiaires \u00e0 l&rsquo;ICM gr\u00e2ce au num\u00e9rique<\/h3>\n<\/div>\n<\/div>\n<\/div>\n<\/div>\n<p>[\/et_pb_text][et_pb_image src=\u00a0\u00bbhttps:\/\/www.lepointensante.com\/gala\/wp-content\/uploads\/sites\/13\/2021\/10\/ICM-2.jpg\u00a0\u00bb title_text=\u00a0\u00bbICM\u00a0\u00bb url=\u00a0\u00bbhttps:\/\/www.icm-mhi.org\/fr\/institut-de-cardiologie-de-montreal\u00a0\u00bb url_new_window=\u00a0\u00bbon\u00a0\u00bb _builder_version=\u00a0\u00bb4.11.1&Prime; _module_preset=\u00a0\u00bbdefault\u00a0\u00bb global_colors_info=\u00a0\u00bb{}\u00a0\u00bb][\/et_pb_image][et_pb_image src=\u00a0\u00bbhttps:\/\/www.lepointensante.com\/gala\/wp-content\/uploads\/sites\/13\/2021\/10\/BlueKanGo.jpg\u00a0\u00bb title_text=\u00a0\u00bbBlueKanGo\u00a0\u00bb url=\u00a0\u00bbhttps:\/\/www.bluekango.com\/fr_ca\/\u00a0\u00bb url_new_window=\u00a0\u00bbon\u00a0\u00bb _builder_version=\u00a0\u00bb4.11.1&Prime; _module_preset=\u00a0\u00bbdefault\u00a0\u00bb global_colors_info=\u00a0\u00bb{}\u00a0\u00bb][\/et_pb_image][et_pb_divider show_divider=\u00a0\u00bboff\u00a0\u00bb _builder_version=\u00a0\u00bb4.11.1&Prime; _module_preset=\u00a0\u00bbdefault\u00a0\u00bb min_height=\u00a0\u00bb43.3px\u00a0\u00bb global_colors_info=\u00a0\u00bb{}\u00a0\u00bb][\/et_pb_divider][et_pb_text admin_label=\u00a0\u00bbText du prix\u00a0\u00bb _builder_version=\u00a0\u00bb4.11.1&Prime; text_font=\u00a0\u00bbLato||||||||\u00a0\u00bb text_font_size=\u00a0\u00bb16px\u00a0\u00bb text_line_height=\u00a0\u00bb1.8em\u00a0\u00bb global_colors_info=\u00a0\u00bb{}\u00a0\u00bb]<\/p>\n<div class=\"page\" title=\"Page 2\">\n<div class=\"section\">\n<div class=\"layoutArea\">\n<div class=\"column\">\n<h3 style=\"text-align: center;\"><em style=\"font-size: 16px;\"><strong>Veronica Perez<\/strong>, Coordonatrice de l&rsquo;\u00e9quipe de la transformation num\u00e9rique<\/em><\/h3>\n<\/div>\n<\/div>\n<\/div>\n<\/div>\n<p>[\/et_pb_text][\/et_pb_column][et_pb_column type=\u00a0\u00bb1_3&Prime; _builder_version=\u00a0\u00bb4.11.1&Prime; _module_preset=\u00a0\u00bbdefault\u00a0\u00bb global_colors_info=\u00a0\u00bb{}\u00a0\u00bb][et_pb_text admin_label=\u00a0\u00bbText du prix\u00a0\u00bb _builder_version=\u00a0\u00bb4.11.1&Prime; text_font=\u00a0\u00bbLato||||||||\u00a0\u00bb text_font_size=\u00a0\u00bb16px\u00a0\u00bb text_line_height=\u00a0\u00bb1.8em\u00a0\u00bb global_colors_info=\u00a0\u00bb{}\u00a0\u00bb]<\/p>\n<div class=\"page\" title=\"Page 2\">\n<div class=\"section\">\n<div class=\"layoutArea\">\n<div class=\"column\">\n<h3 style=\"text-align: center;\">La param\u00e9decine communautaire, une solution innovante au service des usagers de 50 ans et plus<\/h3>\n<\/div>\n<\/div>\n<\/div>\n<\/div>\n<p>[\/et_pb_text][et_pb_image src=\u00a0\u00bbhttps:\/\/www.lepointensante.com\/gala\/wp-content\/uploads\/sites\/13\/2021\/10\/unnamed.jpg\u00a0\u00bb title_text=\u00a0\u00bbunnamed\u00a0\u00bb url=\u00a0\u00bbhttps:\/\/www.santemonteregie.qc.ca\/centre\u00a0\u00bb url_new_window=\u00a0\u00bbon\u00a0\u00bb _builder_version=\u00a0\u00bb4.11.1&Prime; _module_preset=\u00a0\u00bbdefault\u00a0\u00bb global_colors_info=\u00a0\u00bb{}\u00a0\u00bb][\/et_pb_image][et_pb_divider show_divider=\u00a0\u00bboff\u00a0\u00bb _builder_version=\u00a0\u00bb4.11.1&Prime; _module_preset=\u00a0\u00bbdefault\u00a0\u00bb min_height=\u00a0\u00bb54.3px\u00a0\u00bb global_colors_info=\u00a0\u00bb{}\u00a0\u00bb][\/et_pb_divider][et_pb_text admin_label=\u00a0\u00bbText du prix\u00a0\u00bb _builder_version=\u00a0\u00bb4.11.1&Prime; text_font=\u00a0\u00bbLato||||||||\u00a0\u00bb text_font_size=\u00a0\u00bb16px\u00a0\u00bb text_line_height=\u00a0\u00bb1.8em\u00a0\u00bb min_height=\u00a0\u00bb52.7px\u00a0\u00bb global_colors_info=\u00a0\u00bb{}\u00a0\u00bb]<\/p>\n<div class=\"page\" title=\"Page 2\">\n<div class=\"section\">\n<div class=\"layoutArea\">\n<div class=\"column\">\n<h3 style=\"text-align: center;\"><em style=\"font-size: 16px;\"><strong>Lyne Marquis<\/strong>, Directrice g\u00e9n\u00e9rale adjointe aux programmes sociaux, r\u00e9adaptation et canc\u00e9rologie<\/em><\/h3>\n<\/div>\n<\/div>\n<\/div>\n<\/div>\n<p>[\/et_pb_text][\/et_pb_column][\/et_pb_row][et_pb_row _builder_version=\u00a0\u00bb4.11.1&Prime; _module_preset=\u00a0\u00bbdefault\u00a0\u00bb global_colors_info=\u00a0\u00bb{}\u00a0\u00bb][et_pb_column type=\u00a0\u00bb4_4&Prime; _builder_version=\u00a0\u00bb4.11.1&Prime; _module_preset=\u00a0\u00bbdefault\u00a0\u00bb global_colors_info=\u00a0\u00bb{}\u00a0\u00bb][et_pb_divider color=\u00a0\u00bbrgba(0,0,0,0.51)\u00a0\u00bb _builder_version=\u00a0\u00bb3.19.10&Prime; global_colors_info=\u00a0\u00bb{}\u00a0\u00bb][\/et_pb_divider][\/et_pb_column][\/et_pb_row][et_pb_row _builder_version=\u00a0\u00bb4.11.1&Prime; _module_preset=\u00a0\u00bbdefault\u00a0\u00bb global_colors_info=\u00a0\u00bb{}\u00a0\u00bb][et_pb_column type=\u00a0\u00bb4_4&Prime; _builder_version=\u00a0\u00bb4.11.1&Prime; _module_preset=\u00a0\u00bbdefault\u00a0\u00bb global_colors_info=\u00a0\u00bb{}\u00a0\u00bb][et_pb_text admin_label=\u00a0\u00bbTITRE FINALISTE\u00a0\u00bb _builder_version=\u00a0\u00bb4.11.1&Prime; text_font=\u00a0\u00bbLato||||||||\u00a0\u00bb text_font_size=\u00a0\u00bb16px\u00a0\u00bb text_line_height=\u00a0\u00bb1.8em\u00a0\u00bb text_orientation=\u00a0\u00bbjustified\u00a0\u00bb global_colors_info=\u00a0\u00bb{}\u00a0\u00bb]<\/p>\n<h1 style=\"text-align: left;\"><\/h1>\n<h2 style=\"text-align: left;\">MENTION SP\u00c9CIALE COVID-19<\/h2>\n<p>[\/et_pb_text][\/et_pb_column][\/et_pb_row][et_pb_row column_structure=\u00a0\u00bb1_3,1_3,1_3&Prime; _builder_version=\u00a0\u00bb4.11.1&Prime; _module_preset=\u00a0\u00bbdefault\u00a0\u00bb global_colors_info=\u00a0\u00bb{}\u00a0\u00bb][et_pb_column type=\u00a0\u00bb1_3&Prime; _builder_version=\u00a0\u00bb4.11.1&Prime; _module_preset=\u00a0\u00bbdefault\u00a0\u00bb global_colors_info=\u00a0\u00bb{}\u00a0\u00bb][et_pb_text admin_label=\u00a0\u00bbText du prix\u00a0\u00bb _builder_version=\u00a0\u00bb4.11.1&Prime; text_font=\u00a0\u00bbLato||||||||\u00a0\u00bb text_font_size=\u00a0\u00bb16px\u00a0\u00bb text_line_height=\u00a0\u00bb1.8em\u00a0\u00bb global_colors_info=\u00a0\u00bb{}\u00a0\u00bb]<\/p>\n<div class=\"page\" title=\"Page 2\">\n<div class=\"section\">\n<div class=\"layoutArea\">\n<div class=\"column\">\n<h3 style=\"text-align: center;\">Dossier vaccinal \u00e9lectronique<\/h3>\n<\/div>\n<\/div>\n<\/div>\n<\/div>\n<p>[\/et_pb_text][et_pb_image src=\u00a0\u00bbhttps:\/\/www.lepointensante.com\/gala\/wp-content\/uploads\/sites\/13\/2021\/10\/Ciusss-csim.png\u00a0\u00bb title_text=\u00a0\u00bbCiusss csim\u00a0\u00bb url=\u00a0\u00bbhttps:\/\/ciusss-centresudmtl.gouv.qc.ca\/\u00a0\u00bb url_new_window=\u00a0\u00bbon\u00a0\u00bb _builder_version=\u00a0\u00bb4.11.1&Prime; _module_preset=\u00a0\u00bbdefault\u00a0\u00bb width=\u00a0\u00bb75%\u00a0\u00bb custom_margin=\u00a0\u00bb||49px|||\u00a0\u00bb custom_padding=\u00a0\u00bb|0px||||\u00a0\u00bb global_colors_info=\u00a0\u00bb{}\u00a0\u00bb][\/et_pb_image][et_pb_image src=\u00a0\u00bbhttps:\/\/www.lepointensante.com\/gala\/wp-content\/uploads\/sites\/13\/2021\/10\/TELUS_Sante_FR_Hor_2021_Digital_RGB-1-1-1.png\u00a0\u00bb title_text=\u00a0\u00bbTELUS_Sante_FR_Hor_2021_Digital_RGB (1) (1) (1)\u00a0\u00bb url=\u00a0\u00bbhttps:\/\/www.telus.com\/fr\/health\u00a0\u00bb url_new_window=\u00a0\u00bbon\u00a0\u00bb _builder_version=\u00a0\u00bb4.11.1&Prime; _module_preset=\u00a0\u00bbdefault\u00a0\u00bb width=\u00a0\u00bb75%\u00a0\u00bb custom_margin=\u00a0\u00bb||49px|||\u00a0\u00bb custom_padding=\u00a0\u00bb|0px||||\u00a0\u00bb global_colors_info=\u00a0\u00bb{}\u00a0\u00bb][\/et_pb_image][et_pb_text admin_label=\u00a0\u00bbText du prix\u00a0\u00bb _builder_version=\u00a0\u00bb4.11.1&Prime; text_font=\u00a0\u00bbLato||||||||\u00a0\u00bb text_font_size=\u00a0\u00bb16px\u00a0\u00bb text_line_height=\u00a0\u00bb1.8em\u00a0\u00bb min_height=\u00a0\u00bb52.7px\u00a0\u00bb global_colors_info=\u00a0\u00bb{}\u00a0\u00bb]<\/p>\n<div class=\"page\" title=\"Page 2\">\n<div class=\"section\">\n<div class=\"layoutArea\">\n<div class=\"column\">\n<h3 style=\"text-align: center;\"><em style=\"font-size: 16px;\"><strong>Sergio Fernandes<\/strong>, Directeur des ressources informationnelles<\/em><\/h3>\n<\/div>\n<\/div>\n<\/div>\n<\/div>\n<p>[\/et_pb_text][\/et_pb_column][et_pb_column type=\u00a0\u00bb1_3&Prime; _builder_version=\u00a0\u00bb4.11.1&Prime; _module_preset=\u00a0\u00bbdefault\u00a0\u00bb global_colors_info=\u00a0\u00bb{}\u00a0\u00bb][\/et_pb_column][et_pb_column type=\u00a0\u00bb1_3&Prime; _builder_version=\u00a0\u00bb4.11.1&Prime; _module_preset=\u00a0\u00bbdefault\u00a0\u00bb global_colors_info=\u00a0\u00bb{}\u00a0\u00bb][et_pb_text admin_label=\u00a0\u00bbText du prix\u00a0\u00bb _builder_version=\u00a0\u00bb4.11.1&Prime; text_font=\u00a0\u00bbLato||||||||\u00a0\u00bb text_font_size=\u00a0\u00bb16px\u00a0\u00bb text_line_height=\u00a0\u00bb1.8em\u00a0\u00bb global_colors_info=\u00a0\u00bb{}\u00a0\u00bb]<\/p>\n<div class=\"page\" title=\"Page 2\">\n<div class=\"section\">\n<div class=\"layoutArea\">\n<div class=\"column\">\n<h3 style=\"text-align: center;\">Solution inscription COVID<\/h3>\n<\/div>\n<\/div>\n<\/div>\n<\/div>\n<p>[\/et_pb_text][et_pb_image src=\u00a0\u00bbhttps:\/\/www.lepointensante.com\/gala\/wp-content\/uploads\/sites\/13\/2021\/10\/Ciusss-csim.png\u00a0\u00bb title_text=\u00a0\u00bbCiusss csim\u00a0\u00bb url=\u00a0\u00bbhttps:\/\/ciusss-centresudmtl.gouv.qc.ca\/\u00a0\u00bb url_new_window=\u00a0\u00bbon\u00a0\u00bb _builder_version=\u00a0\u00bb4.11.1&Prime; _module_preset=\u00a0\u00bbdefault\u00a0\u00bb width=\u00a0\u00bb75%\u00a0\u00bb custom_margin=\u00a0\u00bb||49px|||\u00a0\u00bb custom_padding=\u00a0\u00bb|0px||||\u00a0\u00bb global_colors_info=\u00a0\u00bb{}\u00a0\u00bb][\/et_pb_image][et_pb_divider show_divider=\u00a0\u00bboff\u00a0\u00bb _builder_version=\u00a0\u00bb4.11.1&Prime; _module_preset=\u00a0\u00bbdefault\u00a0\u00bb min_height=\u00a0\u00bb54.3px\u00a0\u00bb global_colors_info=\u00a0\u00bb{}\u00a0\u00bb][\/et_pb_divider][et_pb_text admin_label=\u00a0\u00bbText du prix\u00a0\u00bb _builder_version=\u00a0\u00bb4.11.1&Prime; text_font=\u00a0\u00bbLato||||||||\u00a0\u00bb text_font_size=\u00a0\u00bb16px\u00a0\u00bb text_line_height=\u00a0\u00bb1.8em\u00a0\u00bb min_height=\u00a0\u00bb52.7px\u00a0\u00bb global_colors_info=\u00a0\u00bb{}\u00a0\u00bb]<\/p>\n<div class=\"page\" title=\"Page 2\">\n<div class=\"section\">\n<div class=\"layoutArea\">\n<div class=\"column\">\n<h3 style=\"text-align: center;\"><em style=\"font-size: 16px;\"><strong>Sergio Fernandes<\/strong>, Directeur des ressources informationnelles<\/em><\/h3>\n<\/div>\n<\/div>\n<\/div>\n<\/div>\n<p>[\/et_pb_text][\/et_pb_column][\/et_pb_row][et_pb_row column_structure=\u00a0\u00bb1_3,1_3,1_3&Prime; _builder_version=\u00a0\u00bb4.11.1&Prime; _module_preset=\u00a0\u00bbdefault\u00a0\u00bb global_colors_info=\u00a0\u00bb{}\u00a0\u00bb][et_pb_column type=\u00a0\u00bb1_3&Prime; _builder_version=\u00a0\u00bb4.11.1&Prime; _module_preset=\u00a0\u00bbdefault\u00a0\u00bb global_colors_info=\u00a0\u00bb{}\u00a0\u00bb][et_pb_text admin_label=\u00a0\u00bbText du prix\u00a0\u00bb _builder_version=\u00a0\u00bb4.11.1&Prime; text_font=\u00a0\u00bbLato||||||||\u00a0\u00bb text_font_size=\u00a0\u00bb16px\u00a0\u00bb text_line_height=\u00a0\u00bb1.8em\u00a0\u00bb global_colors_info=\u00a0\u00bb{}\u00a0\u00bb]<\/p>\n<div class=\"page\" title=\"Page 2\">\n<div class=\"section\">\n<div class=\"layoutArea\">\n<div class=\"column\">\n<h3 style=\"text-align: center;\">Contagion : L&rsquo;agilit\u00e9 au service de la sant\u00e9 publique<\/h3>\n<\/div>\n<\/div>\n<\/div>\n<\/div>\n<p>[\/et_pb_text][et_pb_image src=\u00a0\u00bbhttps:\/\/www.lepointensante.com\/gala\/wp-content\/uploads\/sites\/13\/2021\/10\/logo-ciusssmcq.png\u00a0\u00bb title_text=\u00a0\u00bblogo-ciusssmcq\u00a0\u00bb url=\u00a0\u00bbhttps:\/\/ciusssmcq.ca\/\u00a0\u00bb url_new_window=\u00a0\u00bbon\u00a0\u00bb _builder_version=\u00a0\u00bb4.11.1&Prime; _module_preset=\u00a0\u00bbdefault\u00a0\u00bb width=\u00a0\u00bb75%\u00a0\u00bb global_colors_info=\u00a0\u00bb{}\u00a0\u00bb][\/et_pb_image][et_pb_text admin_label=\u00a0\u00bbText du prix\u00a0\u00bb _builder_version=\u00a0\u00bb4.11.1&Prime; text_font=\u00a0\u00bbLato||||||||\u00a0\u00bb text_font_size=\u00a0\u00bb16px\u00a0\u00bb text_line_height=\u00a0\u00bb1.8em\u00a0\u00bb min_height=\u00a0\u00bb52.7px\u00a0\u00bb global_colors_info=\u00a0\u00bb{}\u00a0\u00bb]<\/p>\n<div class=\"page\" title=\"Page 2\">\n<div class=\"section\">\n<div class=\"layoutArea\">\n<div class=\"column\">\n<h3 style=\"text-align: center;\"><em style=\"font-size: 16px;\"><strong>Marius Naha<\/strong>, Chef de service &#8211; D\u00e9veloppement informatique | Direction des ressources informationnelles<\/em><\/h3>\n<\/div>\n<\/div>\n<\/div>\n<\/div>\n<p>[\/et_pb_text][\/et_pb_column][et_pb_column type=\u00a0\u00bb1_3&Prime; _builder_version=\u00a0\u00bb4.11.1&Prime; _module_preset=\u00a0\u00bbdefault\u00a0\u00bb global_colors_info=\u00a0\u00bb{}\u00a0\u00bb][et_pb_text admin_label=\u00a0\u00bbText du prix\u00a0\u00bb _builder_version=\u00a0\u00bb4.11.1&Prime; text_font=\u00a0\u00bbLato||||||||\u00a0\u00bb text_font_size=\u00a0\u00bb16px\u00a0\u00bb text_line_height=\u00a0\u00bb1.8em\u00a0\u00bb global_colors_info=\u00a0\u00bb{}\u00a0\u00bb]<\/p>\n<div class=\"page\" title=\"Page 2\">\n<div class=\"section\">\n<div class=\"layoutArea\">\n<div class=\"column\">\n<h3 style=\"text-align: center;\">Octopus COVID-19<\/h3>\n<\/div>\n<\/div>\n<\/div>\n<\/div>\n<p>[\/et_pb_text][et_pb_image src=\u00a0\u00bbhttps:\/\/www.lepointensante.com\/gala\/wp-content\/uploads\/sites\/13\/2021\/10\/CISSS_Laval_mm2c.jpg\u00a0\u00bb title_text=\u00a0\u00bbCISSS_Laval_mm2c\u00a0\u00bb _builder_version=\u00a0\u00bb4.11.1&Prime; _module_preset=\u00a0\u00bbdefault\u00a0\u00bb global_colors_info=\u00a0\u00bb{}\u00a0\u00bb][\/et_pb_image][et_pb_text disabled_on=\u00a0\u00bboff|off|off\u00a0\u00bb admin_label=\u00a0\u00bbText du prix\u00a0\u00bb _builder_version=\u00a0\u00bb4.11.1&Prime; text_font=\u00a0\u00bbLato||||||||\u00a0\u00bb text_font_size=\u00a0\u00bb16px\u00a0\u00bb text_line_height=\u00a0\u00bb1.8em\u00a0\u00bb min_height=\u00a0\u00bb52.7px\u00a0\u00bb hover_enabled=\u00a0\u00bb0&Prime; global_colors_info=\u00a0\u00bb{}\u00a0\u00bb sticky_enabled=\u00a0\u00bb0&Prime;]<\/p>\n<div class=\"page\" title=\"Page 2\">\n<div class=\"section\">\n<div class=\"layoutArea\">\n<div class=\"column\">\n<h3 style=\"text-align: center;\"><em style=\"font-size: 16px;\"><strong>Julie Lamarche<\/strong>, Directrice, Direction des ressources humaines, des communications et des affaires juridiques<\/em><\/h3>\n<\/div>\n<\/div>\n<\/div>\n<\/div>\n<p>[\/et_pb_text][\/et_pb_column][et_pb_column type=\u00a0\u00bb1_3&Prime; _builder_version=\u00a0\u00bb4.11.1&Prime; _module_preset=\u00a0\u00bbdefault\u00a0\u00bb global_colors_info=\u00a0\u00bb{}\u00a0\u00bb][et_pb_text admin_label=\u00a0\u00bbText du prix\u00a0\u00bb _builder_version=\u00a0\u00bb4.11.1&Prime; text_font=\u00a0\u00bbLato||||||||\u00a0\u00bb text_font_size=\u00a0\u00bb16px\u00a0\u00bb text_line_height=\u00a0\u00bb1.8em\u00a0\u00bb global_colors_info=\u00a0\u00bb{}\u00a0\u00bb]<\/p>\n<div class=\"page\" title=\"Page 2\">\n<div class=\"section\">\n<div class=\"layoutArea\">\n<div class=\"column\">\n<h3 style=\"text-align: center;\">Le courage d\u2019innover en p\u00e9riode de crise sanitaire mondiale<\/h3>\n<\/div>\n<\/div>\n<\/div>\n<\/div>\n<p>[\/et_pb_text][et_pb_image src=\u00a0\u00bbhttps:\/\/www.lepointensante.com\/gala\/wp-content\/uploads\/sites\/13\/2021\/10\/CHUM-logo.png\u00a0\u00bb title_text=\u00a0\u00bbCHUM logo\u00a0\u00bb align=\u00a0\u00bbcenter\u00a0\u00bb _builder_version=\u00a0\u00bb4.11.1&Prime; _module_preset=\u00a0\u00bbdefault\u00a0\u00bb width=\u00a0\u00bb33%\u00a0\u00bb max_width=\u00a0\u00bb60%\u00a0\u00bb global_colors_info=\u00a0\u00bb{}\u00a0\u00bb][\/et_pb_image][et_pb_text disabled_on=\u00a0\u00bboff|off|off\u00a0\u00bb admin_label=\u00a0\u00bbText du prix\u00a0\u00bb _builder_version=\u00a0\u00bb4.11.1&Prime; text_font=\u00a0\u00bbLato||||||||\u00a0\u00bb text_font_size=\u00a0\u00bb16px\u00a0\u00bb text_line_height=\u00a0\u00bb1.8em\u00a0\u00bb min_height=\u00a0\u00bb52.7px\u00a0\u00bb global_colors_info=\u00a0\u00bb{}\u00a0\u00bb]<\/p>\n<div class=\"page\" title=\"Page 2\">\n<div class=\"section\">\n<div class=\"layoutArea\">\n<div class=\"column\">\n<h3 style=\"text-align: center;\"><em style=\"font-size: 16px;\"><strong>Joanne Guay<\/strong>, Directrice des technologies de l&rsquo;information et des t\u00e9l\u00e9communications<\/em><\/h3>\n<\/div>\n<\/div>\n<\/div>\n<\/div>\n<p>[\/et_pb_text][\/et_pb_column][\/et_pb_row][et_pb_row _builder_version=\u00a0\u00bb4.11.1&Prime; _module_preset=\u00a0\u00bbdefault\u00a0\u00bb global_colors_info=\u00a0\u00bb{}\u00a0\u00bb][et_pb_column type=\u00a0\u00bb4_4&Prime; _builder_version=\u00a0\u00bb4.11.1&Prime; _module_preset=\u00a0\u00bbdefault\u00a0\u00bb global_colors_info=\u00a0\u00bb{}\u00a0\u00bb][et_pb_divider color=\u00a0\u00bbrgba(0,0,0,0.51)\u00a0\u00bb _builder_version=\u00a0\u00bb3.19.10&Prime; global_colors_info=\u00a0\u00bb{}\u00a0\u00bb][\/et_pb_divider][et_pb_text admin_label=\u00a0\u00bbTITRE FINALISTE\u00a0\u00bb _builder_version=\u00a0\u00bb4.11.1&Prime; text_font=\u00a0\u00bbLato||||||||\u00a0\u00bb text_font_size=\u00a0\u00bb16px\u00a0\u00bb text_line_height=\u00a0\u00bb1.8em\u00a0\u00bb text_orientation=\u00a0\u00bbjustified\u00a0\u00bb global_colors_info=\u00a0\u00bb{}\u00a0\u00bb]<\/p>\n<h1 style=\"text-align: left;\"><\/h1>\n<h2 style=\"text-align: left;\">PRIX SOLUTION E-SANT\u00c9 PROMETTEUSE<\/h2>\n<p>[\/et_pb_text][\/et_pb_column][\/et_pb_row][et_pb_row column_structure=\u00a0\u00bb1_2,1_2&Prime; _builder_version=\u00a0\u00bb3.25&Prime; global_colors_info=\u00a0\u00bb{}\u00a0\u00bb][et_pb_column type=\u00a0\u00bb1_2&Prime; _builder_version=\u00a0\u00bb3.25&Prime; custom_padding=\u00a0\u00bb|||\u00a0\u00bb global_colors_info=\u00a0\u00bb{}\u00a0\u00bb custom_padding__hover=\u00a0\u00bb|||\u00a0\u00bb][et_pb_text admin_label=\u00a0\u00bbText du prix\u00a0\u00bb _builder_version=\u00a0\u00bb4.11.1&Prime; text_font=\u00a0\u00bbLato||||||||\u00a0\u00bb text_font_size=\u00a0\u00bb16px\u00a0\u00bb text_line_height=\u00a0\u00bb1.8em\u00a0\u00bb global_colors_info=\u00a0\u00bb{}\u00a0\u00bb]<\/p>\n<div class=\"page\" title=\"Page 2\">\n<div class=\"section\">\n<div class=\"layoutArea\">\n<div class=\"column\">\n<h3 style=\"text-align: center;\">D\u00e9ploiement d\u2019une plateforme num\u00e9rique de gestion de l\u2019exp\u00e9rience patient<\/h3>\n<\/div>\n<\/div>\n<\/div>\n<\/div>\n<p>[\/et_pb_text][\/et_pb_column][et_pb_column type=\u00a0\u00bb1_2&Prime; _builder_version=\u00a0\u00bb3.25&Prime; custom_padding=\u00a0\u00bb|||\u00a0\u00bb global_colors_info=\u00a0\u00bb{}\u00a0\u00bb custom_padding__hover=\u00a0\u00bb|||\u00a0\u00bb][et_pb_text admin_label=\u00a0\u00bbText du prix\u00a0\u00bb _builder_version=\u00a0\u00bb4.11.1&Prime; text_font=\u00a0\u00bbLato||||||||\u00a0\u00bb text_font_size=\u00a0\u00bb16px\u00a0\u00bb text_line_height=\u00a0\u00bb1.8em\u00a0\u00bb global_colors_info=\u00a0\u00bb{}\u00a0\u00bb]<\/p>\n<div class=\"page\" title=\"Page 2\">\n<div class=\"section\">\n<div class=\"layoutArea\">\n<div class=\"column\">\n<h3 style=\"text-align: center;\">LeoMed, plateforme centralis\u00e9e, personnalisable et s\u00e9curis\u00e9e pour la surveillance et le suivi des patients<\/h3>\n<\/div>\n<\/div>\n<\/div>\n<\/div>\n<p>[\/et_pb_text][\/et_pb_column][\/et_pb_row][et_pb_row _builder_version=\u00a0\u00bb4.11.1&Prime; _module_preset=\u00a0\u00bbdefault\u00a0\u00bb column_structure=\u00a0\u00bb1_4,1_4,1_4,1_4&Prime;][et_pb_column _builder_version=\u00a0\u00bb4.11.1&Prime; _module_preset=\u00a0\u00bbdefault\u00a0\u00bb type=\u00a0\u00bb1_4&Prime;][et_pb_image src=\u00a0\u00bbhttps:\/\/www.lepointensante.com\/gala\/wp-content\/uploads\/sites\/13\/2021\/10\/Logo-Lime.png\u00a0\u00bb title_text=\u00a0\u00bbLogo &#8211; Lime\u00a0\u00bb url=\u00a0\u00bbhttp:\/\/www.crchudequebec.ulaval.ca\/\u00a0\u00bb url_new_window=\u00a0\u00bbon\u00a0\u00bb admin_label=\u00a0\u00bbLogo CHU de Qu\u00e9bec\u00a0\u00bb _builder_version=\u00a0\u00bb4.11.1&Prime; width=\u00a0\u00bb100%\u00a0\u00bb hover_enabled=\u00a0\u00bb0&Prime; always_center_on_mobile=\u00a0\u00bboff\u00a0\u00bb global_colors_info=\u00a0\u00bb{}\u00a0\u00bb sticky_enabled=\u00a0\u00bb0&Prime;][\/et_pb_image][\/et_pb_column][et_pb_column _builder_version=\u00a0\u00bb4.11.1&Prime; _module_preset=\u00a0\u00bbdefault\u00a0\u00bb type=\u00a0\u00bb1_4&Prime;][et_pb_image src=\u00a0\u00bbhttp:\/\/www.lepointensante.com\/gala\/wp-content\/uploads\/sites\/13\/2019\/10\/CHU-de-Que\u0301bec-UL.png\u00a0\u00bb url=\u00a0\u00bbhttp:\/\/www.crchudequebec.ulaval.ca\/\u00a0\u00bb url_new_window=\u00a0\u00bbon\u00a0\u00bb align=\u00a0\u00bbcenter\u00a0\u00bb admin_label=\u00a0\u00bbLogo CHU de Qu\u00e9bec\u00a0\u00bb _builder_version=\u00a0\u00bb4.11.1&Prime; width=\u00a0\u00bb100%\u00a0\u00bb hover_enabled=\u00a0\u00bb0&Prime; always_center_on_mobile=\u00a0\u00bboff\u00a0\u00bb global_colors_info=\u00a0\u00bb{}\u00a0\u00bb sticky_enabled=\u00a0\u00bb0&Prime;][\/et_pb_image][\/et_pb_column][et_pb_column _builder_version=\u00a0\u00bb4.11.1&Prime; _module_preset=\u00a0\u00bbdefault\u00a0\u00bb type=\u00a0\u00bb1_4&Prime;][et_pb_image src=\u00a0\u00bbhttps:\/\/www.lepointensante.com\/gala\/wp-content\/uploads\/sites\/13\/2021\/10\/LeoMed-Logo-Complet-Couleur-avec-marge.png\u00a0\u00bb title_text=\u00a0\u00bbLeoMed Logo Complet Couleur (avec marge)\u00a0\u00bb _builder_version=\u00a0\u00bb4.11.1&Prime; _module_preset=\u00a0\u00bbdefault\u00a0\u00bb width=\u00a0\u00bb68%\u00a0\u00bb hover_enabled=\u00a0\u00bb0&Prime; global_colors_info=\u00a0\u00bb{}\u00a0\u00bb align=\u00a0\u00bbright\u00a0\u00bb sticky_enabled=\u00a0\u00bb0&Prime;][\/et_pb_image][\/et_pb_column][et_pb_column _builder_version=\u00a0\u00bb4.11.1&Prime; _module_preset=\u00a0\u00bbdefault\u00a0\u00bb type=\u00a0\u00bb1_4&Prime;][et_pb_image src=\u00a0\u00bbhttps:\/\/www.lepointensante.com\/gala\/wp-content\/uploads\/sites\/13\/2021\/10\/MEDTEQ.png\u00a0\u00bb title_text=\u00a0\u00bbMEDTEQ+\u00a0\u00bb _builder_version=\u00a0\u00bb4.11.1&Prime; _module_preset=\u00a0\u00bbdefault\u00a0\u00bb width=\u00a0\u00bb80%\u00a0\u00bb global_colors_info=\u00a0\u00bb{}\u00a0\u00bb][\/et_pb_image][et_pb_image src=\u00a0\u00bbhttps:\/\/www.lepointensante.com\/gala\/wp-content\/uploads\/sites\/13\/2021\/10\/CHUM-logo.png\u00a0\u00bb title_text=\u00a0\u00bbCHUM logo\u00a0\u00bb align=\u00a0\u00bbcenter\u00a0\u00bb _builder_version=\u00a0\u00bb4.11.1&Prime; _module_preset=\u00a0\u00bbdefault\u00a0\u00bb width=\u00a0\u00bb36%\u00a0\u00bb global_colors_info=\u00a0\u00bb{}\u00a0\u00bb][\/et_pb_image][\/et_pb_column][\/et_pb_row][et_pb_row column_structure=\u00a0\u00bb1_2,1_2&Prime; _builder_version=\u00a0\u00bb3.25&Prime; global_colors_info=\u00a0\u00bb{}\u00a0\u00bb][et_pb_column type=\u00a0\u00bb1_2&Prime; _builder_version=\u00a0\u00bb3.25&Prime; custom_padding=\u00a0\u00bb|||\u00a0\u00bb global_colors_info=\u00a0\u00bb{}\u00a0\u00bb custom_padding__hover=\u00a0\u00bb|||\u00a0\u00bb][et_pb_text admin_label=\u00a0\u00bbText du prix\u00a0\u00bb _builder_version=\u00a0\u00bb4.11.1&Prime; text_font=\u00a0\u00bbLato||||||||\u00a0\u00bb text_font_size=\u00a0\u00bb16px\u00a0\u00bb text_line_height=\u00a0\u00bb1.8em\u00a0\u00bb global_colors_info=\u00a0\u00bb{}\u00a0\u00bb]<\/p>\n<div class=\"page\" title=\"Page 2\">\n<div class=\"section\">\n<div class=\"layoutArea\">\n<div class=\"column\">\n<h3 style=\"text-align: center;\"><em style=\"font-size: 16px;\"><strong>Francis Robichaud<\/strong>, Pr\u00e9sident, Lime<\/em><\/h3>\n<\/div>\n<\/div>\n<\/div>\n<\/div>\n<p>[\/et_pb_text][\/et_pb_column][et_pb_column type=\u00a0\u00bb1_2&Prime; _builder_version=\u00a0\u00bb3.25&Prime; custom_padding=\u00a0\u00bb|||\u00a0\u00bb global_colors_info=\u00a0\u00bb{}\u00a0\u00bb custom_padding__hover=\u00a0\u00bb|||\u00a0\u00bb][et_pb_text admin_label=\u00a0\u00bbText du prix\u00a0\u00bb _builder_version=\u00a0\u00bb4.11.1&Prime; text_font=\u00a0\u00bbLato||||||||\u00a0\u00bb text_font_size=\u00a0\u00bb16px\u00a0\u00bb text_line_height=\u00a0\u00bb1.8em\u00a0\u00bb global_colors_info=\u00a0\u00bb{}\u00a0\u00bb]<\/p>\n<div class=\"page\" title=\"Page 2\">\n<div class=\"section\">\n<div class=\"layoutArea\">\n<div class=\"column\">\n<h3 style=\"text-align: center;\"><em style=\"font-size: 16px;\"><strong>Dr Joseph Aubut<\/strong>, Pr\u00e9sident et fondateur, LeoMed Technologies<\/em><\/h3>\n<\/div>\n<\/div>\n<\/div>\n<\/div>\n<p>[\/et_pb_text][\/et_pb_column][\/et_pb_row][et_pb_row _builder_version=\u00a0\u00bb4.11.1&Prime; _module_preset=\u00a0\u00bbdefault\u00a0\u00bb global_colors_info=\u00a0\u00bb{}\u00a0\u00bb][et_pb_column type=\u00a0\u00bb4_4&Prime; _builder_version=\u00a0\u00bb4.11.1&Prime; _module_preset=\u00a0\u00bbdefault\u00a0\u00bb global_colors_info=\u00a0\u00bb{}\u00a0\u00bb][et_pb_divider color=\u00a0\u00bbrgba(0,0,0,0.51)\u00a0\u00bb _builder_version=\u00a0\u00bb3.19.10&Prime; global_colors_info=\u00a0\u00bb{}\u00a0\u00bb][\/et_pb_divider][et_pb_text admin_label=\u00a0\u00bbTITRE FINALISTE\u00a0\u00bb _builder_version=\u00a0\u00bb4.11.1&Prime; text_font=\u00a0\u00bbLato||||||||\u00a0\u00bb text_font_size=\u00a0\u00bb16px\u00a0\u00bb text_line_height=\u00a0\u00bb1.8em\u00a0\u00bb text_orientation=\u00a0\u00bbjustified\u00a0\u00bb global_colors_info=\u00a0\u00bb{}\u00a0\u00bb]<\/p>\n<h1 style=\"text-align: left;\"><\/h1>\n<h2 style=\"text-align: left;\">PRIX SOLUTION E-SANT\u00c9 DE L&rsquo;ANN\u00c9E<\/h2>\n<p>[\/et_pb_text][\/et_pb_column][\/et_pb_row][et_pb_row column_structure=\u00a0\u00bb1_2,1_2&Prime; _builder_version=\u00a0\u00bb4.11.1&Prime; _module_preset=\u00a0\u00bbdefault\u00a0\u00bb global_colors_info=\u00a0\u00bb{}\u00a0\u00bb][et_pb_column type=\u00a0\u00bb1_2&Prime; _builder_version=\u00a0\u00bb4.11.1&Prime; _module_preset=\u00a0\u00bbdefault\u00a0\u00bb global_colors_info=\u00a0\u00bb{}\u00a0\u00bb][et_pb_text admin_label=\u00a0\u00bbText du prix\u00a0\u00bb _builder_version=\u00a0\u00bb4.11.1&Prime; text_font=\u00a0\u00bbLato||||||||\u00a0\u00bb text_font_size=\u00a0\u00bb16px\u00a0\u00bb text_line_height=\u00a0\u00bb1.8em\u00a0\u00bb hover_enabled=\u00a0\u00bb0&Prime; global_colors_info=\u00a0\u00bb{}\u00a0\u00bb sticky_enabled=\u00a0\u00bb0&Prime;]<\/p>\n<div class=\"page\" title=\"Page 2\">\n<div class=\"section\">\n<div class=\"layoutArea\">\n<div class=\"column\">\n<h3 style=\"text-align: center;\">Clic Sant\u00e9 et le syst\u00e8me de prise de rendez-vous pour la vaccination de Trimoz<\/h3>\n<h4 style=\"text-align: center;\">Un mod\u00e8le d&rsquo;efficacit\u00e9 num\u00e9rique et des assises durables qui ont contribu\u00e9 au succ\u00e8s de la campagne de vaccination qu\u00e9b\u00e9coise\u00a0<\/h4>\n<\/div>\n<\/div>\n<\/div>\n<\/div>\n<p>[\/et_pb_text][\/et_pb_column][et_pb_column type=\u00a0\u00bb1_2&Prime; _builder_version=\u00a0\u00bb4.11.1&Prime; _module_preset=\u00a0\u00bbdefault\u00a0\u00bb global_colors_info=\u00a0\u00bb{}\u00a0\u00bb][et_pb_text admin_label=\u00a0\u00bbText du prix\u00a0\u00bb _builder_version=\u00a0\u00bb4.11.1&Prime; text_font=\u00a0\u00bbLato||||||||\u00a0\u00bb text_font_size=\u00a0\u00bb16px\u00a0\u00bb text_line_height=\u00a0\u00bb1.8em\u00a0\u00bb hover_enabled=\u00a0\u00bb0&Prime; global_colors_info=\u00a0\u00bb{}\u00a0\u00bb sticky_enabled=\u00a0\u00bb0&Prime;]<\/p>\n<div class=\"page\" title=\"Page 2\">\n<div class=\"section\">\n<div class=\"layoutArea\">\n<div class=\"column\">\n<h3 style=\"text-align: center;\">Qu\u00e9bec et Akinox, pr\u00e9curseurs du passeport vaccinal<\/h3>\n<h4 style=\"text-align: center;\">Un rayonnement \u00e0 l&rsquo;\u00e9chelle qu\u00e9b\u00e9coise, canadienne et internationale<\/h4>\n<\/div>\n<\/div>\n<\/div>\n<\/div>\n<p>[\/et_pb_text][\/et_pb_column][\/et_pb_row][et_pb_row _builder_version=\u00a0\u00bb4.11.1&Prime; _module_preset=\u00a0\u00bbdefault\u00a0\u00bb column_structure=\u00a0\u00bb1_4,1_4,1_4,1_4&Prime;][et_pb_column _builder_version=\u00a0\u00bb4.11.1&Prime; _module_preset=\u00a0\u00bbdefault\u00a0\u00bb type=\u00a0\u00bb1_4&Prime;][et_pb_image src=\u00a0\u00bbhttp:\/\/www.lepointensante.com\/gala\/wp-content\/uploads\/sites\/13\/2019\/10\/Trimoz-technologies.png\u00a0\u00bb url=\u00a0\u00bbhttps:\/\/trimoz.com\/\u00a0\u00bb url_new_window=\u00a0\u00bbon\u00a0\u00bb admin_label=\u00a0\u00bbLogo Trimoz Technologies\u00a0\u00bb _builder_version=\u00a0\u00bb4.11.1&Prime; width=\u00a0\u00bb73%\u00a0\u00bb always_center_on_mobile=\u00a0\u00bboff\u00a0\u00bb global_colors_info=\u00a0\u00bb{}\u00a0\u00bb][\/et_pb_image][\/et_pb_column][et_pb_column _builder_version=\u00a0\u00bb4.11.1&Prime; _module_preset=\u00a0\u00bbdefault\u00a0\u00bb type=\u00a0\u00bb1_4&Prime;][et_pb_divider _builder_version=\u00a0\u00bb4.11.1&Prime; _module_preset=\u00a0\u00bbdefault\u00a0\u00bb show_divider=\u00a0\u00bboff\u00a0\u00bb hover_enabled=\u00a0\u00bb0&Prime; sticky_enabled=\u00a0\u00bb0&Prime;][\/et_pb_divider][et_pb_image src=\u00a0\u00bbhttps:\/\/www.lepointensante.com\/gala\/wp-content\/uploads\/sites\/13\/2021\/11\/Sante-et-Services-sociaux-Couleur.jpg\u00a0\u00bb _builder_version=\u00a0\u00bb4.11.1&Prime; _module_preset=\u00a0\u00bbdefault\u00a0\u00bb title_text=\u00a0\u00bbSante et Services sociaux &#8211; Couleur\u00a0\u00bb hover_enabled=\u00a0\u00bb0&Prime; sticky_enabled=\u00a0\u00bb0&Prime;][\/et_pb_image][\/et_pb_column][et_pb_column _builder_version=\u00a0\u00bb4.11.1&Prime; _module_preset=\u00a0\u00bbdefault\u00a0\u00bb type=\u00a0\u00bb1_4&Prime;][et_pb_divider _builder_version=\u00a0\u00bb4.11.1&Prime; _module_preset=\u00a0\u00bbdefault\u00a0\u00bb show_divider=\u00a0\u00bboff\u00a0\u00bb hover_enabled=\u00a0\u00bb0&Prime; sticky_enabled=\u00a0\u00bb0&Prime; min_height=\u00a0\u00bb18.3px\u00a0\u00bb][\/et_pb_divider][et_pb_image src=\u00a0\u00bbhttps:\/\/www.lepointensante.com\/gala\/wp-content\/uploads\/sites\/13\/2021\/10\/Akinox_logo_xxxhdpi.png\u00a0\u00bb title_text=\u00a0\u00bbAkinox_logo_xxxhdpi\u00a0\u00bb _builder_version=\u00a0\u00bb4.11.1&Prime; _module_preset=\u00a0\u00bbdefault\u00a0\u00bb width=\u00a0\u00bb65%\u00a0\u00bb hover_enabled=\u00a0\u00bb0&Prime; global_colors_info=\u00a0\u00bb{}\u00a0\u00bb sticky_enabled=\u00a0\u00bb0&Prime;][\/et_pb_image][\/et_pb_column][et_pb_column _builder_version=\u00a0\u00bb4.11.1&Prime; _module_preset=\u00a0\u00bbdefault\u00a0\u00bb type=\u00a0\u00bb1_4&Prime;][et_pb_divider _builder_version=\u00a0\u00bb4.11.1&Prime; _module_preset=\u00a0\u00bbdefault\u00a0\u00bb show_divider=\u00a0\u00bboff\u00a0\u00bb hover_enabled=\u00a0\u00bb0&Prime; sticky_enabled=\u00a0\u00bb0&Prime;][\/et_pb_divider][et_pb_image src=\u00a0\u00bbhttps:\/\/www.lepointensante.com\/gala\/wp-content\/uploads\/sites\/13\/2021\/11\/Sante-et-Services-sociaux-Couleur.jpg\u00a0\u00bb _builder_version=\u00a0\u00bb4.11.1&Prime; _module_preset=\u00a0\u00bbdefault\u00a0\u00bb title_text=\u00a0\u00bbSante et Services sociaux &#8211; Couleur\u00a0\u00bb hover_enabled=\u00a0\u00bb0&Prime; sticky_enabled=\u00a0\u00bb0&Prime;][\/et_pb_image][\/et_pb_column][\/et_pb_row][et_pb_row column_structure=\u00a0\u00bb1_2,1_2&Prime; _builder_version=\u00a0\u00bb4.11.1&Prime; _module_preset=\u00a0\u00bbdefault\u00a0\u00bb global_colors_info=\u00a0\u00bb{}\u00a0\u00bb][et_pb_column type=\u00a0\u00bb1_2&Prime; _builder_version=\u00a0\u00bb4.11.1&Prime; _module_preset=\u00a0\u00bbdefault\u00a0\u00bb global_colors_info=\u00a0\u00bb{}\u00a0\u00bb][et_pb_text admin_label=\u00a0\u00bbText du prix\u00a0\u00bb _builder_version=\u00a0\u00bb4.11.1&Prime; text_font=\u00a0\u00bbLato||||||||\u00a0\u00bb text_font_size=\u00a0\u00bb16px\u00a0\u00bb text_line_height=\u00a0\u00bb1.8em\u00a0\u00bb global_colors_info=\u00a0\u00bb{}\u00a0\u00bb]<\/p>\n<div class=\"page\" title=\"Page 2\">\n<div class=\"section\">\n<div class=\"layoutArea\">\n<div class=\"column\">\n<h3 style=\"text-align: center;\"><em style=\"font-size: 16px;\"><strong>St\u00e9phane Lajoie<\/strong>, Pr\u00e9sident, Trimoz Technologies<\/em><\/h3>\n<\/div>\n<\/div>\n<\/div>\n<\/div>\n<p>[\/et_pb_text][\/et_pb_column][et_pb_column type=\u00a0\u00bb1_2&Prime; _builder_version=\u00a0\u00bb4.11.1&Prime; _module_preset=\u00a0\u00bbdefault\u00a0\u00bb global_colors_info=\u00a0\u00bb{}\u00a0\u00bb][et_pb_text admin_label=\u00a0\u00bbText du prix\u00a0\u00bb _builder_version=\u00a0\u00bb4.11.1&Prime; text_font=\u00a0\u00bbLato||||||||\u00a0\u00bb text_font_size=\u00a0\u00bb16px\u00a0\u00bb text_line_height=\u00a0\u00bb1.8em\u00a0\u00bb global_colors_info=\u00a0\u00bb{}\u00a0\u00bb]<\/p>\n<div class=\"page\" title=\"Page 2\">\n<div class=\"section\">\n<div class=\"layoutArea\">\n<div class=\"column\">\n<h3 style=\"text-align: center;\"><em style=\"font-size: 16px;\"><strong>Alexander Dahl<\/strong>, Pr\u00e9sident, Akinox<\/em><\/h3>\n<\/div>\n<\/div>\n<\/div>\n<\/div>\n<p>[\/et_pb_text][\/et_pb_column][\/et_pb_row][et_pb_row _builder_version=\u00a0\u00bb3.25&Prime; global_colors_info=\u00a0\u00bb{}\u00a0\u00bb][et_pb_column type=\u00a0\u00bb4_4&Prime; _builder_version=\u00a0\u00bb3.25&Prime; custom_padding=\u00a0\u00bb|||\u00a0\u00bb global_colors_info=\u00a0\u00bb{}\u00a0\u00bb custom_padding__hover=\u00a0\u00bb|||\u00a0\u00bb][et_pb_divider color=\u00a0\u00bbrgba(0,0,0,0.51)\u00a0\u00bb _builder_version=\u00a0\u00bb3.19.10&Prime; global_colors_info=\u00a0\u00bb{}\u00a0\u00bb][\/et_pb_divider][et_pb_text admin_label=\u00a0\u00bbTITRE FINALISTE\u00a0\u00bb _builder_version=\u00a0\u00bb4.11.1&Prime; text_font=\u00a0\u00bbLato||||||||\u00a0\u00bb text_font_size=\u00a0\u00bb16px\u00a0\u00bb text_line_height=\u00a0\u00bb1.8em\u00a0\u00bb text_orientation=\u00a0\u00bbjustified\u00a0\u00bb global_colors_info=\u00a0\u00bb{}\u00a0\u00bb]<\/p>\n<h1 style=\"text-align: left;\"><\/h1>\n<h2 style=\"text-align: left;\">PRIX COUP DE COEUR DU JURY<\/h2>\n<p>[\/et_pb_text][\/et_pb_column][\/et_pb_row][et_pb_row column_structure=\u00a0\u00bb1_2,1_2&Prime; _builder_version=\u00a0\u00bb4.11.1&Prime; _module_preset=\u00a0\u00bbdefault\u00a0\u00bb global_colors_info=\u00a0\u00bb{}\u00a0\u00bb][et_pb_column type=\u00a0\u00bb1_2&Prime; _builder_version=\u00a0\u00bb4.11.1&Prime; _module_preset=\u00a0\u00bbdefault\u00a0\u00bb global_colors_info=\u00a0\u00bb{}\u00a0\u00bb][et_pb_text admin_label=\u00a0\u00bbText du prix\u00a0\u00bb _builder_version=\u00a0\u00bb4.11.1&Prime; text_font=\u00a0\u00bbLato||||||||\u00a0\u00bb text_font_size=\u00a0\u00bb16px\u00a0\u00bb text_line_height=\u00a0\u00bb1.8em\u00a0\u00bb global_colors_info=\u00a0\u00bb{}\u00a0\u00bb]<\/p>\n<div class=\"page\" title=\"Page 2\">\n<div class=\"section\">\n<div class=\"layoutArea\">\n<div class=\"column\">\n<h3>B\u00e9n\u00e9Clic, l\u2019acc\u00e8s \u00e0 un b\u00e9n\u00e9vole en un clic!<\/h3>\n<\/div>\n<\/div>\n<\/div>\n<\/div>\n<p>[\/et_pb_text][\/et_pb_column][et_pb_column type=\u00a0\u00bb1_2&Prime; _builder_version=\u00a0\u00bb4.11.1&Prime; _module_preset=\u00a0\u00bbdefault\u00a0\u00bb global_colors_info=\u00a0\u00bb{}\u00a0\u00bb][et_pb_text admin_label=\u00a0\u00bbText du prix\u00a0\u00bb _builder_version=\u00a0\u00bb4.11.1&Prime; text_font=\u00a0\u00bbLato||||||||\u00a0\u00bb text_font_size=\u00a0\u00bb16px\u00a0\u00bb text_line_height=\u00a0\u00bb1.8em\u00a0\u00bb global_colors_info=\u00a0\u00bb{}\u00a0\u00bb]<\/p>\n<div class=\"page\" title=\"Page 2\">\n<div class=\"section\">\n<div class=\"layoutArea\">\n<div class=\"column\">\n<h3 style=\"text-align: center;\">Projet-pilote de soins et services virtuels en canc\u00e9rologie visant les infirmi\u00e8res pivots en oncologie<\/h3>\n<\/div>\n<\/div>\n<\/div>\n<\/div>\n<p>[\/et_pb_text][\/et_pb_column][\/et_pb_row][et_pb_row _builder_version=\u00a0\u00bb4.11.1&Prime; _module_preset=\u00a0\u00bbdefault\u00a0\u00bb column_structure=\u00a0\u00bb1_4,1_4,1_4,1_4&Prime;][et_pb_column _builder_version=\u00a0\u00bb4.11.1&Prime; _module_preset=\u00a0\u00bbdefault\u00a0\u00bb type=\u00a0\u00bb1_4&Prime;][et_pb_image src=\u00a0\u00bbhttps:\/\/www.lepointensante.com\/gala\/wp-content\/uploads\/sites\/13\/2021\/10\/Logo_CHUSJ.png\u00a0\u00bb title_text=\u00a0\u00bbLogo_CHUSJ\u00a0\u00bb url=\u00a0\u00bbhttps:\/\/www.chusj.org\/\u00a0\u00bb url_new_window=\u00a0\u00bbon\u00a0\u00bb admin_label=\u00a0\u00bbLogo CHU de Sainte-Justine\u00a0\u00bb _builder_version=\u00a0\u00bb4.11.1&Prime; width=\u00a0\u00bb57%\u00a0\u00bb always_center_on_mobile=\u00a0\u00bboff\u00a0\u00bb global_colors_info=\u00a0\u00bb{}\u00a0\u00bb][\/et_pb_image][\/et_pb_column][et_pb_column _builder_version=\u00a0\u00bb4.11.1&Prime; _module_preset=\u00a0\u00bbdefault\u00a0\u00bb type=\u00a0\u00bb1_4&Prime;][et_pb_image src=\u00a0\u00bbhttps:\/\/www.lepointensante.com\/gala\/wp-content\/uploads\/sites\/13\/2021\/10\/Alithya_Logo-officiel_Couleur.jpg\u00a0\u00bb title_text=\u00a0\u00bbAlithya_Logo officiel_Couleur\u00a0\u00bb _builder_version=\u00a0\u00bb4.11.1&Prime; _module_preset=\u00a0\u00bbdefault\u00a0\u00bb width=\u00a0\u00bb52%\u00a0\u00bb global_colors_info=\u00a0\u00bb{}\u00a0\u00bb][\/et_pb_image][\/et_pb_column][et_pb_column _builder_version=\u00a0\u00bb4.11.1&Prime; _module_preset=\u00a0\u00bbdefault\u00a0\u00bb type=\u00a0\u00bb1_4&Prime;][et_pb_image src=\u00a0\u00bbhttps:\/\/www.lepointensante.com\/gala\/wp-content\/uploads\/sites\/13\/2021\/10\/CIUSSS_Estrie_CHUS_NB_IMP.jpg\u00a0\u00bb title_text=\u00a0\u00bbCIUSSS_Estrie_CHUS_NB_IMP\u00a0\u00bb url=\u00a0\u00bbhttps:\/\/www.santeestrie.qc.ca\/accueil\u00a0\u00bb url_new_window=\u00a0\u00bbon\u00a0\u00bb _builder_version=\u00a0\u00bb4.11.1&Prime; _module_preset=\u00a0\u00bbdefault\u00a0\u00bb width=\u00a0\u00bb88%\u00a0\u00bb global_colors_info=\u00a0\u00bb{}\u00a0\u00bb][\/et_pb_image][\/et_pb_column][et_pb_column _builder_version=\u00a0\u00bb4.11.1&Prime; _module_preset=\u00a0\u00bbdefault\u00a0\u00bb type=\u00a0\u00bb1_4&Prime;][\/et_pb_column][\/et_pb_row][et_pb_row column_structure=\u00a0\u00bb1_2,1_2&Prime; _builder_version=\u00a0\u00bb4.11.1&Prime; _module_preset=\u00a0\u00bbdefault\u00a0\u00bb global_colors_info=\u00a0\u00bb{}\u00a0\u00bb][et_pb_column type=\u00a0\u00bb1_2&Prime; _builder_version=\u00a0\u00bb4.11.1&Prime; _module_preset=\u00a0\u00bbdefault\u00a0\u00bb global_colors_info=\u00a0\u00bb{}\u00a0\u00bb][et_pb_text admin_label=\u00a0\u00bbText du prix\u00a0\u00bb _builder_version=\u00a0\u00bb4.11.1&Prime; text_font=\u00a0\u00bbLato||||||||\u00a0\u00bb text_font_size=\u00a0\u00bb16px\u00a0\u00bb text_line_height=\u00a0\u00bb1.8em\u00a0\u00bb global_colors_info=\u00a0\u00bb{}\u00a0\u00bb]<\/p>\n<div class=\"page\" title=\"Page 2\">\n<div class=\"section\">\n<div class=\"layoutArea\">\n<div class=\"column\">\n<h3 style=\"text-align: center;\"><em style=\"font-size: 16px;\"><strong>Dominique Par\u00e9<\/strong>, Chef du service des b\u00e9n\u00e9voles<\/em><\/h3>\n<\/div>\n<\/div>\n<\/div>\n<\/div>\n<p>[\/et_pb_text][\/et_pb_column][et_pb_column type=\u00a0\u00bb1_2&Prime; _builder_version=\u00a0\u00bb4.11.1&Prime; _module_preset=\u00a0\u00bbdefault\u00a0\u00bb global_colors_info=\u00a0\u00bb{}\u00a0\u00bb][et_pb_text admin_label=\u00a0\u00bbText du prix\u00a0\u00bb _builder_version=\u00a0\u00bb4.11.1&Prime; text_font=\u00a0\u00bbLato||||||||\u00a0\u00bb text_font_size=\u00a0\u00bb16px\u00a0\u00bb text_line_height=\u00a0\u00bb1.8em\u00a0\u00bb min_height=\u00a0\u00bb27.3px\u00a0\u00bb global_colors_info=\u00a0\u00bb{}\u00a0\u00bb]<\/p>\n<div class=\"page\" title=\"Page 2\">\n<div class=\"section\">\n<div class=\"layoutArea\">\n<div class=\"column\">\n<h3 style=\"text-align: center;\"><em style=\"font-size: 16px;\"><strong><\/strong><\/em><\/h3>\n<p><em style=\"font-size: 16px;\"><strong><\/strong><\/em><\/p>\n<h3 style=\"text-align: center;\"><em style=\"font-size: 16px;\"><strong>Sabrina Lapo<\/strong><\/em><em style=\"font-size: 16px;\"><strong>inte<\/strong>, Coordonnatrice de la t\u00e9l\u00e9sant\u00e9<\/em><\/h3>\n<\/div>\n<\/div>\n<\/div>\n<\/div>\n<p>[\/et_pb_text][\/et_pb_column][\/et_pb_row][et_pb_row _builder_version=\u00a0\u00bb3.25&Prime; global_colors_info=\u00a0\u00bb{}\u00a0\u00bb][et_pb_column type=\u00a0\u00bb4_4&Prime; _builder_version=\u00a0\u00bb3.25&Prime; custom_padding=\u00a0\u00bb|||\u00a0\u00bb global_colors_info=\u00a0\u00bb{}\u00a0\u00bb custom_padding__hover=\u00a0\u00bb|||\u00a0\u00bb][et_pb_divider color=\u00a0\u00bbrgba(0,0,0,0.51)\u00a0\u00bb _builder_version=\u00a0\u00bb3.19.10&Prime; global_colors_info=\u00a0\u00bb{}\u00a0\u00bb][\/et_pb_divider][\/et_pb_column][\/et_pb_row][et_pb_row _builder_version=\u00a0\u00bb4.11.1&Prime; _module_preset=\u00a0\u00bbdefault\u00a0\u00bb global_colors_info=\u00a0\u00bb{}\u00a0\u00bb][et_pb_column type=\u00a0\u00bb4_4&Prime; _builder_version=\u00a0\u00bb4.11.1&Prime; _module_preset=\u00a0\u00bbdefault\u00a0\u00bb global_colors_info=\u00a0\u00bb{}\u00a0\u00bb][\/et_pb_column][\/et_pb_row][\/et_pb_section]<\/p>\n","protected":false},"excerpt":{"rendered":"<p>Pr\u00e9sent\u00e9 dans le cadre du Colloque Informatique Sant\u00e9 F\u00c9LICITATIONS AUX FINALISTES 2021! C\u00e9l\u00e9brez l&rsquo;innovation en sant\u00e9 et vos coll\u00e8gues de partout dans le r\u00e9seau! Pour cette deuxi\u00e8me \u00e9dition du Gala, 17 projets novateurs en technologies de l&rsquo;information en sant\u00e9 ont e\u0301te\u0301 retenus dans six (6) cate\u0301gories de Prix au Gala des Prix TI en Sant\u00e9 [&hellip;]<\/p>\n","protected":false},"author":1,"featured_media":0,"parent":0,"menu_order":0,"comment_status":"closed","ping_status":"closed","template":"","meta":{"_acf_changed":false,"_et_pb_use_builder":"on","_et_pb_old_content":"","_et_gb_content_width":"","_exactmetrics_skip_tracking":false,"_exactmetrics_sitenote_active":false,"_exactmetrics_sitenote_note":"","_exactmetrics_sitenote_category":0,"footnotes":""},"class_list":["post-1876","page","type-page","status-publish","hentry"],"acf":[],"_links":{"self":[{"href":"https:\/\/www.lepointensante.com\/gala\/wp-json\/wp\/v2\/pages\/1876","targetHints":{"allow":["GET"]}}],"collection":[{"href":"https:\/\/www.lepointensante.com\/gala\/wp-json\/wp\/v2\/pages"}],"about":[{"href":"https:\/\/www.lepointensante.com\/gala\/wp-json\/wp\/v2\/types\/page"}],"author":[{"embeddable":true,"href":"https:\/\/www.lepointensante.com\/gala\/wp-json\/wp\/v2\/users\/1"}],"replies":[{"embeddable":true,"href":"https:\/\/www.lepointensante.com\/gala\/wp-json\/wp\/v2\/comments?post=1876"}],"version-history":[{"count":43,"href":"https:\/\/www.lepointensante.com\/gala\/wp-json\/wp\/v2\/pages\/1876\/revisions"}],"predecessor-version":[{"id":2033,"href":"https:\/\/www.lepointensante.com\/gala\/wp-json\/wp\/v2\/pages\/1876\/revisions\/2033"}],"wp:attachment":[{"href":"https:\/\/www.lepointensante.com\/gala\/wp-json\/wp\/v2\/media?parent=1876"}],"curies":[{"name":"wp","href":"https:\/\/api.w.org\/{rel}","templated":true}]}}