{"id":223,"date":"2019-04-29T18:11:20","date_gmt":"2019-04-29T18:11:20","guid":{"rendered":"http:\/\/www.lepointensante.com\/gala\/?page_id=223"},"modified":"2020-06-04T20:20:59","modified_gmt":"2020-06-04T20:20:59","slug":"leader-changement","status":"publish","type":"page","link":"https:\/\/www.lepointensante.com\/gala\/leader-changement\/","title":{"rendered":"Leader du changement"},"content":{"rendered":"<p>[et_pb_section fb_built=\u00a0\u00bb1&Prime; _builder_version=\u00a0\u00bb3.19.10&Prime; background_image=\u00a0\u00bbhttps:\/\/www.lepointensante.com\/gala\/wp-content\/uploads\/sites\/13\/2019\/04\/BG_Gala_2.png\u00a0\u00bb][et_pb_row _builder_version=\u00a0\u00bb3.19.10&Prime;][et_pb_column type=\u00a0\u00bb4_4&Prime; _builder_version=\u00a0\u00bb3.0.47&Prime; parallax=\u00a0\u00bboff\u00a0\u00bb parallax_method=\u00a0\u00bbon\u00a0\u00bb][et_pb_text _builder_version=\u00a0\u00bb3.19.10&Prime; text_font=\u00a0\u00bbLato||||||||\u00a0\u00bb text_font_size=\u00a0\u00bb32px\u00a0\u00bb text_line_height=\u00a0\u00bb1.8em\u00a0\u00bb header_text_color=\u00a0\u00bb#000000&Prime; text_orientation=\u00a0\u00bbcenter\u00a0\u00bb animation_style=\u00a0\u00bbfade\u00a0\u00bb animation_duration=\u00a0\u00bb1800ms\u00a0\u00bb animation_starting_opacity=\u00a0\u00bb35%\u00a0\u00bb animation_speed_curve=\u00a0\u00bblinear\u00a0\u00bb]<\/p>\n<p><img loading=\"lazy\" decoding=\"async\" class=\"aligncenter wp-image-252\" src=\"https:\/\/www.lepointensante.com\/gala\/wp-content\/uploads\/sites\/13\/2019\/04\/LeGalaTI-1-1024x182.png\" alt=\"\" width=\"800\" height=\"142\" srcset=\"https:\/\/www.lepointensante.com\/gala\/wp-content\/uploads\/sites\/13\/2019\/04\/LeGalaTI-1-1024x182.png 1024w, https:\/\/www.lepointensante.com\/gala\/wp-content\/uploads\/sites\/13\/2019\/04\/LeGalaTI-1-300x53.png 300w, https:\/\/www.lepointensante.com\/gala\/wp-content\/uploads\/sites\/13\/2019\/04\/LeGalaTI-1-768x137.png 768w, https:\/\/www.lepointensante.com\/gala\/wp-content\/uploads\/sites\/13\/2019\/04\/LeGalaTI-1-1080x192.png 1080w, https:\/\/www.lepointensante.com\/gala\/wp-content\/uploads\/sites\/13\/2019\/04\/LeGalaTI-1-1320x235.png 1320w, https:\/\/www.lepointensante.com\/gala\/wp-content\/uploads\/sites\/13\/2019\/04\/LeGalaTI-1-600x107.png 600w, https:\/\/www.lepointensante.com\/gala\/wp-content\/uploads\/sites\/13\/2019\/04\/LeGalaTI-1.png 1798w\" sizes=\"auto, (max-width: 800px) 100vw, 800px\" \/><\/p>\n<p>[\/et_pb_text][et_pb_text _builder_version=\u00a0\u00bb3.19.10&Prime; text_font=\u00a0\u00bbLato||||||||\u00a0\u00bb text_text_color=\u00a0\u00bb#000000&Prime; text_font_size=\u00a0\u00bb12px\u00a0\u00bb text_line_height=\u00a0\u00bb1.8em\u00a0\u00bb text_orientation=\u00a0\u00bbcenter\u00a0\u00bb][\/et_pb_text][et_pb_text _builder_version=\u00a0\u00bb3.19.10&Prime; text_font=\u00a0\u00bbLato|300|||||||\u00a0\u00bb text_text_color=\u00a0\u00bb#000000&Prime; text_font_size=\u00a0\u00bb26px\u00a0\u00bb text_line_height=\u00a0\u00bb1.5em\u00a0\u00bb text_orientation=\u00a0\u00bbcenter\u00a0\u00bb animation_style=\u00a0\u00bbfade\u00a0\u00bb animation_duration=\u00a0\u00bb1800ms\u00a0\u00bb animation_starting_opacity=\u00a0\u00bb35%\u00a0\u00bb animation_speed_curve=\u00a0\u00bblinear\u00a0\u00bb]<\/p>\n<p>Pr\u00e9sent\u00e9 dans le cadre du <em>Colloque Informatique Sant\u00e9<\/em><\/p>\n<p>[\/et_pb_text][\/et_pb_column][\/et_pb_row][et_pb_row _builder_version=\u00a0\u00bb3.19.10&Prime; background_size=\u00a0\u00bbinitial\u00a0\u00bb background_position=\u00a0\u00bbtop_left\u00a0\u00bb background_repeat=\u00a0\u00bbrepeat\u00a0\u00bb][et_pb_column type=\u00a0\u00bb4_4&Prime; _builder_version=\u00a0\u00bb3.0.47&Prime; parallax=\u00a0\u00bboff\u00a0\u00bb parallax_method=\u00a0\u00bbon\u00a0\u00bb][et_pb_button button_url=\u00a0\u00bbhttps:\/\/www.evenementlepointensante.com\/colloque\/le-gala-2020\/\u00a0\u00bb button_text=\u00a0\u00bbAssister au Gala\u00a0\u00bb button_alignment=\u00a0\u00bbcenter\u00a0\u00bb disabled_on=\u00a0\u00bboff|off|off\u00a0\u00bb admin_label=\u00a0\u00bbBouton Assister au Gala\u00a0\u00bb _builder_version=\u00a0\u00bb3.19.10&Prime; custom_button=\u00a0\u00bbon\u00a0\u00bb button_text_size=\u00a0\u00bb20px\u00a0\u00bb button_text_color=\u00a0\u00bbrgba(255,255,255,0.86)\u00a0\u00bb button_bg_color=\u00a0\u00bb#e02b20&Prime; button_border_width=\u00a0\u00bb1&Prime; button_border_color=\u00a0\u00bb#e02b20&Prime; button_border_radius=\u00a0\u00bb5&Prime; button_font=\u00a0\u00bbLato|700|||||||\u00a0\u00bb button_text_size_last_edited=\u00a0\u00bbon|\u00a0\u00bb background_layout=\u00a0\u00bbdark\u00a0\u00bb animation_style=\u00a0\u00bbfade\u00a0\u00bb animation_duration=\u00a0\u00bb1800ms\u00a0\u00bb animation_starting_opacity=\u00a0\u00bb35%\u00a0\u00bb animation_speed_curve=\u00a0\u00bblinear\u00a0\u00bb][\/et_pb_button][et_pb_button button_url=\u00a0\u00bbhttps:\/\/www.lepointensante.com\/gala\/gagnants-2019\/\u00a0\u00bb button_text=\u00a0\u00bbLaur\u00e9ats 2019&Prime; button_alignment=\u00a0\u00bbcenter\u00a0\u00bb disabled_on=\u00a0\u00bbon|on|on\u00a0\u00bb admin_label=\u00a0\u00bbBouton gagnants\u00a0\u00bb _builder_version=\u00a0\u00bb3.19.10&Prime; custom_button=\u00a0\u00bbon\u00a0\u00bb button_text_size=\u00a0\u00bb18&Prime; button_text_color=\u00a0\u00bbrgba(255,255,255,0.86)\u00a0\u00bb button_bg_color=\u00a0\u00bb#02c7b2&Prime; button_border_width=\u00a0\u00bb1&Prime; button_border_color=\u00a0\u00bb#02c7b2&Prime; button_border_radius=\u00a0\u00bb5&Prime; button_font=\u00a0\u00bbLato|700|||||||\u00a0\u00bb button_text_size_last_edited=\u00a0\u00bbon|\u00a0\u00bb background_layout=\u00a0\u00bbdark\u00a0\u00bb animation_style=\u00a0\u00bbfade\u00a0\u00bb animation_duration=\u00a0\u00bb1800ms\u00a0\u00bb animation_starting_opacity=\u00a0\u00bb35%\u00a0\u00bb animation_speed_curve=\u00a0\u00bblinear\u00a0\u00bb disabled=\u00a0\u00bbon\u00a0\u00bb][\/et_pb_button][et_pb_button button_url=\u00a0\u00bbhttps:\/\/www.lepointensante.com\/gala\/finalistes2019\/\u00a0\u00bb button_text=\u00a0\u00bbFinalistes 2019&Prime; button_alignment=\u00a0\u00bbcenter\u00a0\u00bb disabled_on=\u00a0\u00bbon|on|on\u00a0\u00bb admin_label=\u00a0\u00bbButton consulter les finalistes\u00a0\u00bb _builder_version=\u00a0\u00bb3.19.10&Prime; custom_button=\u00a0\u00bbon\u00a0\u00bb button_text_size=\u00a0\u00bb18&Prime; button_text_color=\u00a0\u00bbrgba(255,255,255,0.86)\u00a0\u00bb button_bg_color=\u00a0\u00bb#000000&Prime; button_border_width=\u00a0\u00bb1&Prime; button_border_color=\u00a0\u00bb#000000&Prime; button_border_radius=\u00a0\u00bb5&Prime; button_font=\u00a0\u00bbLato|700|||||||\u00a0\u00bb button_text_size_last_edited=\u00a0\u00bbon|\u00a0\u00bb background_layout=\u00a0\u00bbdark\u00a0\u00bb animation_style=\u00a0\u00bbfade\u00a0\u00bb animation_duration=\u00a0\u00bb1800px\u00a0\u00bb animation_starting_opacity=\u00a0\u00bb35%\u00a0\u00bb animation_speed_curve=\u00a0\u00bblinear\u00a0\u00bb disabled=\u00a0\u00bbon\u00a0\u00bb][\/et_pb_button][\/et_pb_column][\/et_pb_row][\/et_pb_section][et_pb_section fb_built=\u00a0\u00bb1&Prime; _builder_version=\u00a0\u00bb3.19.10&Prime; custom_margin=\u00a0\u00bb3px||3px|\u00a0\u00bb custom_padding=\u00a0\u00bb3px||3px|\u00a0\u00bb][et_pb_row _builder_version=\u00a0\u00bb3.19.10&Prime; module_alignment=\u00a0\u00bbcenter\u00a0\u00bb][et_pb_column type=\u00a0\u00bb4_4&Prime; _builder_version=\u00a0\u00bb3.0.47&Prime; parallax=\u00a0\u00bboff\u00a0\u00bb parallax_method=\u00a0\u00bbon\u00a0\u00bb][et_pb_text admin_label=\u00a0\u00bbTitre\u00a0\u00bb _builder_version=\u00a0\u00bb3.19.10&Prime; text_font=\u00a0\u00bbLato||||||||\u00a0\u00bb text_orientation=\u00a0\u00bbcenter\u00a0\u00bb]<\/p>\n<p>&nbsp;<\/p>\n<h1 style=\"text-align: center;\">PRIX LEADER DU CHANGEMENT<\/h1>\n<p>[\/et_pb_text][et_pb_text admin_label=\u00a0\u00bbPr\u00e9sent\u00e9 par\u00a0\u00bb _builder_version=\u00a0\u00bb3.19.10&Prime; text_font=\u00a0\u00bbLato||||||||\u00a0\u00bb text_orientation=\u00a0\u00bbcenter\u00a0\u00bb]<\/p>\n<p style=\"text-align: center;\">Pr\u00e9sent\u00e9 par<\/p>\n<p>&nbsp;<\/p>\n<p>[\/et_pb_text][et_pb_text admin_label=\u00a0\u00bble concept\u00a0\u00bb _builder_version=\u00a0\u00bb3.19.10&Prime; text_font=\u00a0\u00bbLato||||||||\u00a0\u00bb text_font_size=\u00a0\u00bb16px\u00a0\u00bb text_line_height=\u00a0\u00bb1.8em\u00a0\u00bb text_line_height_last_edited=\u00a0\u00bbon|desktop\u00a0\u00bb text_orientation=\u00a0\u00bbjustified\u00a0\u00bb]<\/p>\n<p>Ce prix r\u00e9compense un professionnel issu du milieu de la sant\u00e9 ou un administrateur issu d\u2019un organisme public du r\u00e9seau de la sant\u00e9 qui s\u2019est d\u00e9marqu\u00e9 par son engagement dans la gestion du changement au sein de son institution.\u00a0Entre\u00a0<strong>2015 et aujourd\u2019hui<\/strong>, le candidat a contribu\u00e9, \u00e0 l\u2019aide d\u2019une solution technologique ou d\u2019une restructuration innovante des m\u00e9thodes de travail\u00a0<span>\u00a0et\/ou<\/span> \u00e0 partir d\u2019une technologie de l\u2019information dont le caract\u00e8re novateur est manifeste et mesurable, \u00e0 am\u00e9liorer l\u2019efficacit\u00e9 des \u00e9quipes dont il fait partie.<\/p>\n<p>Ce prix vise \u00e0 souligner les r\u00e9alisations et l\u2019engagement d\u2019une personnalit\u00e9 ayant eu la vision d\u2019am\u00e9liorer l\u2019efficacit\u00e9 du r\u00e9seau de la sant\u00e9 au Qu\u00e9bec \u00e0 l\u2019aide d\u2019une solution technologique en sant\u00e9.<\/p>\n<p>[\/et_pb_text][\/et_pb_column][\/et_pb_row][\/et_pb_section][et_pb_section fb_built=\u00a0\u00bb1&Prime; _builder_version=\u00a0\u00bb3.19.10&Prime; custom_margin=\u00a0\u00bb3px||3px|\u00a0\u00bb custom_padding=\u00a0\u00bb3px||3px|\u00a0\u00bb][et_pb_row _builder_version=\u00a0\u00bb3.19.10&Prime; module_alignment=\u00a0\u00bbcenter\u00a0\u00bb][et_pb_column type=\u00a0\u00bb4_4&Prime; _builder_version=\u00a0\u00bb3.0.47&Prime; parallax=\u00a0\u00bboff\u00a0\u00bb parallax_method=\u00a0\u00bbon\u00a0\u00bb][et_pb_divider color=\u00a0\u00bbrgba(0,0,0,0.51)\u00a0\u00bb _builder_version=\u00a0\u00bb3.19.10&Prime;][\/et_pb_divider][et_pb_text admin_label=\u00a0\u00bbcriteres\u00a0\u00bb _builder_version=\u00a0\u00bb3.19.10&Prime; text_font=\u00a0\u00bbLato||||||||\u00a0\u00bb text_font_size=\u00a0\u00bb16px\u00a0\u00bb text_line_height=\u00a0\u00bb1.8em\u00a0\u00bb header_text_align=\u00a0\u00bbjustify\u00a0\u00bb]<\/p>\n<h1>\u00a0<\/h1>\n<h1 style=\"text-align: center;\">CRIT\u00c8RES D\u2019ADMISSIBILIT\u00c9<\/h1>\n<p>[\/et_pb_text][et_pb_text admin_label=\u00a0\u00bbText des crit\u00e8res\u00a0\u00bb _builder_version=\u00a0\u00bb3.19.10&Prime; text_font=\u00a0\u00bbLato||||||||\u00a0\u00bb text_font_size=\u00a0\u00bb16px\u00a0\u00bb text_line_height=\u00a0\u00bb1.8em\u00a0\u00bb text_orientation=\u00a0\u00bbjustified\u00a0\u00bb]<\/p>\n<p>Le comit\u00e9 de s\u00e9lection acceptera, pour ce prix\u00a0<b>seulement<\/b>, les candidatures mettant de l&rsquo;avant des professionnels\u00a0du milieu de la sant\u00e9.\u00a0Ces professionnels, issus d&rsquo;organismes publics du r\u00e9seau de la sant\u00e9, doivent \u00eatre responsables\u00a0de prodiguer les soins et services sociaux et\/ou de g\u00e9rer l&rsquo;organisation des soins, qu&rsquo;ils soient m\u00e9decins ou administrateurs, dans les diverses r\u00e9gions du Qu\u00e9bec (CISSS, CIUSSS et institutions).\u00a0<\/p>\n<p>Le prix \u00ab\u00a0<i>Leader du changement<\/i>\u00a0\u00bb\u00a0n\u2019est pas ouvert aux entreprises priv\u00e9es en sant\u00e9 num\u00e9rique ni aux fournisseurs de dispositifs m\u00e9dicaux qualifi\u00e9s.\u00a0Toutefois, les entreprises en sant\u00e9 num\u00e9rique ou fournisseurs de dispositifs m\u00e9dicaux qualifi\u00e9s peuvent soumettre une candidature au nom d&rsquo;un professionnel\u00a0issu d&rsquo;un organisme public du r\u00e9seau de la sant\u00e9\u00a0ayant d\u00e9ploy\u00e9 le projet technologique qu\u2019ils souhaitent mettre de l\u2019avant entre\u00a0<b>2015 et aujourd\u2019hui<\/b>, et ce, au Qu\u00e9bec. Ils doivent, bien entendu, avoir obtenu le consentement de ce professionnel avant de soumettre ledit formulaire.<\/p>\n<p>Les candidats devront avoir adopt\u00e9, d\u00e9ploy\u00e9 ou d\u00e9velopp\u00e9 un projet dans le r\u00e9seau de la sant\u00e9 de mani\u00e8re ind\u00e9pendante ou avec un partenaire de solutions technologiques dans le but d\u2019aider les\u00a0\u00e9quipes de soins et\/ou administratives\u00a0\u00e0 \u00eatre plus performantes,\u00a0d&rsquo;am\u00e9liorer la qualit\u00e9 des soins et\/ou le parcours patient et\/ou en vue d\u2019am\u00e9liorer l\u2019acc\u00e8s aux soins de sant\u00e9.<\/p>\n<section class=\"qSavedElements\">\n<div class=\"row \">\n<div class=\"col-xs-12\">\u00a0<\/div>\n<\/div>\n<\/section>\n<p>[\/et_pb_text][et_pb_button url_new_window=\u00a0\u00bbon\u00a0\u00bb button_text=\u00a0\u00bbPoser ma candidature\u00a0\u00bb button_alignment=\u00a0\u00bbcenter\u00a0\u00bb disabled_on=\u00a0\u00bboff|off|off\u00a0\u00bb _builder_version=\u00a0\u00bb3.19.10&Prime; custom_button=\u00a0\u00bbon\u00a0\u00bb button_text_color=\u00a0\u00bbrgba(255,255,255,0.86)\u00a0\u00bb button_bg_color=\u00a0\u00bb#02c7b2&Prime; button_border_width=\u00a0\u00bb1&Prime; button_border_color=\u00a0\u00bb#02c7b2&Prime; button_border_radius=\u00a0\u00bb5&Prime; button_font=\u00a0\u00bbLato|700|||||||\u00a0\u00bb button_text_size_last_edited=\u00a0\u00bbon|\u00a0\u00bb background_layout=\u00a0\u00bbdark\u00a0\u00bb saved_tabs=\u00a0\u00bball\u00a0\u00bb button_url=\u00a0\u00bbhttps:\/\/survey.zohopublic.com\/zs\/aCCC8h\u00a0\u00bb button_icon=\u00a0\u00bb%%209%%\u00a0\u00bb][\/et_pb_button][\/et_pb_column][\/et_pb_row][et_pb_row _builder_version=\u00a0\u00bb3.0.48&Prime; background_size=\u00a0\u00bbinitial\u00a0\u00bb background_position=\u00a0\u00bbtop_left\u00a0\u00bb background_repeat=\u00a0\u00bbrepeat\u00a0\u00bb][et_pb_column type=\u00a0\u00bb1_2&Prime; _builder_version=\u00a0\u00bb3.0.47&Prime; parallax=\u00a0\u00bboff\u00a0\u00bb parallax_method=\u00a0\u00bbon\u00a0\u00bb][et_pb_button button_url=\u00a0\u00bbhttps:\/\/www.lepointensante.com\/gala\/etablissement-sante-novateur\/\u00a0\u00bb button_text=\u00a0\u00bbPRIX PR\u00c9C\u00c9DENT\u00a0\u00bb button_alignment=\u00a0\u00bbcenter\u00a0\u00bb admin_label=\u00a0\u00bbButton pr\u00e9c\u00e9dent\u00a0\u00bb _builder_version=\u00a0\u00bb3.19.10&Prime; custom_button=\u00a0\u00bbon\u00a0\u00bb button_text_size=\u00a0\u00bb17&Prime; button_text_color=\u00a0\u00bbrgba(0,0,0,0.86)\u00a0\u00bb button_border_width=\u00a0\u00bb1&Prime; button_border_radius=\u00a0\u00bb5&Prime; button_font=\u00a0\u00bbLato|700|||||||\u00a0\u00bb button_icon=\u00a0\u00bb%%39%%\u00a0\u00bb button_icon_placement=\u00a0\u00bbleft\u00a0\u00bb button_text_size_last_edited=\u00a0\u00bbon|\u00a0\u00bb background_layout=\u00a0\u00bbdark\u00a0\u00bb saved_tabs=\u00a0\u00bball\u00a0\u00bb][\/et_pb_button][\/et_pb_column][et_pb_column type=\u00a0\u00bb1_2&Prime; _builder_version=\u00a0\u00bb3.0.47&Prime; parallax=\u00a0\u00bboff\u00a0\u00bb parallax_method=\u00a0\u00bbon\u00a0\u00bb][et_pb_button button_url=\u00a0\u00bbhttps:\/\/www.lepointensante.com\/gala\/utilisation-optimale-des-donnees-en-sante\/\u00a0\u00bb button_text=\u00a0\u00bbPRIX SUIVANT\u00a0\u00bb button_alignment=\u00a0\u00bbcenter\u00a0\u00bb admin_label=\u00a0\u00bbButton suivant\u00a0\u00bb _builder_version=\u00a0\u00bb3.19.10&Prime; custom_button=\u00a0\u00bbon\u00a0\u00bb button_text_size=\u00a0\u00bb17&Prime; button_text_color=\u00a0\u00bbrgba(0,0,0,0.86)\u00a0\u00bb button_border_width=\u00a0\u00bb1&Prime; button_border_radius=\u00a0\u00bb5&Prime; button_font=\u00a0\u00bbLato|700|||||||\u00a0\u00bb button_icon=\u00a0\u00bb%%40%%\u00a0\u00bb button_text_size_last_edited=\u00a0\u00bbon|\u00a0\u00bb background_layout=\u00a0\u00bbdark\u00a0\u00bb saved_tabs=\u00a0\u00bball\u00a0\u00bb][\/et_pb_button][\/et_pb_column][\/et_pb_row][\/et_pb_section][et_pb_section fb_built=\u00a0\u00bb1&Prime; _builder_version=\u00a0\u00bb3.19.10&Prime; custom_margin=\u00a0\u00bb3px||3px|\u00a0\u00bb custom_padding=\u00a0\u00bb3px||3px|\u00a0\u00bb][et_pb_row _builder_version=\u00a0\u00bb3.19.10&Prime; module_alignment=\u00a0\u00bbcenter\u00a0\u00bb][et_pb_column type=\u00a0\u00bb4_4&Prime; _builder_version=\u00a0\u00bb3.0.47&Prime; parallax=\u00a0\u00bboff\u00a0\u00bb parallax_method=\u00a0\u00bbon\u00a0\u00bb][\/et_pb_column][\/et_pb_row][\/et_pb_section]<\/p>\n","protected":false},"excerpt":{"rendered":"<p>Pr\u00e9sent\u00e9 dans le cadre du Colloque Informatique Sant\u00e9 &nbsp; PRIX LEADER DU CHANGEMENT Pr\u00e9sent\u00e9 par &nbsp; Ce prix r\u00e9compense un professionnel issu du milieu de la sant\u00e9 ou un administrateur issu d\u2019un organisme public du r\u00e9seau de la sant\u00e9 qui s\u2019est d\u00e9marqu\u00e9 par son engagement dans la gestion du changement au sein de son institution.\u00a0Entre\u00a02015 [&hellip;]<\/p>\n","protected":false},"author":16,"featured_media":0,"parent":0,"menu_order":0,"comment_status":"closed","ping_status":"closed","template":"","meta":{"_acf_changed":false,"_et_pb_use_builder":"on","_et_pb_old_content":"","_et_gb_content_width":"","_exactmetrics_skip_tracking":false,"_exactmetrics_sitenote_active":false,"_exactmetrics_sitenote_note":"","_exactmetrics_sitenote_category":0,"footnotes":""},"class_list":["post-223","page","type-page","status-publish","hentry"],"acf":[],"_links":{"self":[{"href":"https:\/\/www.lepointensante.com\/gala\/wp-json\/wp\/v2\/pages\/223","targetHints":{"allow":["GET"]}}],"collection":[{"href":"https:\/\/www.lepointensante.com\/gala\/wp-json\/wp\/v2\/pages"}],"about":[{"href":"https:\/\/www.lepointensante.com\/gala\/wp-json\/wp\/v2\/types\/page"}],"author":[{"embeddable":true,"href":"https:\/\/www.lepointensante.com\/gala\/wp-json\/wp\/v2\/users\/16"}],"replies":[{"embeddable":true,"href":"https:\/\/www.lepointensante.com\/gala\/wp-json\/wp\/v2\/comments?post=223"}],"version-history":[{"count":32,"href":"https:\/\/www.lepointensante.com\/gala\/wp-json\/wp\/v2\/pages\/223\/revisions"}],"predecessor-version":[{"id":1735,"href":"https:\/\/www.lepointensante.com\/gala\/wp-json\/wp\/v2\/pages\/223\/revisions\/1735"}],"wp:attachment":[{"href":"https:\/\/www.lepointensante.com\/gala\/wp-json\/wp\/v2\/media?parent=223"}],"curies":[{"name":"wp","href":"https:\/\/api.w.org\/{rel}","templated":true}]}}