{"id":238,"date":"2019-04-29T18:31:28","date_gmt":"2019-04-29T18:31:28","guid":{"rendered":"http:\/\/www.lepointensante.com\/gala\/?page_id=238"},"modified":"2020-06-04T20:22:30","modified_gmt":"2020-06-04T20:22:30","slug":"utilisation-optimale-des-donnees-en-sante","status":"publish","type":"page","link":"https:\/\/www.lepointensante.com\/gala\/utilisation-optimale-des-donnees-en-sante\/","title":{"rendered":"Utilisation optimale des donn\u00e9es en sant\u00e9"},"content":{"rendered":"<p>[et_pb_section fb_built=\u00a0\u00bb1&Prime; _builder_version=\u00a0\u00bb3.19.10&Prime; background_image=\u00a0\u00bbhttps:\/\/www.lepointensante.com\/gala\/wp-content\/uploads\/sites\/13\/2019\/04\/BG_Gala_2.png\u00a0\u00bb][et_pb_row _builder_version=\u00a0\u00bb3.19.10&Prime;][et_pb_column type=\u00a0\u00bb4_4&Prime; _builder_version=\u00a0\u00bb3.0.47&Prime; parallax=\u00a0\u00bboff\u00a0\u00bb parallax_method=\u00a0\u00bbon\u00a0\u00bb][et_pb_text _builder_version=\u00a0\u00bb3.19.10&Prime; text_font=\u00a0\u00bbLato||||||||\u00a0\u00bb text_font_size=\u00a0\u00bb32px\u00a0\u00bb text_line_height=\u00a0\u00bb1.8em\u00a0\u00bb header_text_color=\u00a0\u00bb#000000&Prime; text_orientation=\u00a0\u00bbcenter\u00a0\u00bb animation_style=\u00a0\u00bbfade\u00a0\u00bb animation_duration=\u00a0\u00bb1800ms\u00a0\u00bb animation_starting_opacity=\u00a0\u00bb35%\u00a0\u00bb animation_speed_curve=\u00a0\u00bblinear\u00a0\u00bb]<\/p>\n<p><img loading=\"lazy\" decoding=\"async\" class=\"aligncenter wp-image-252\" src=\"https:\/\/www.lepointensante.com\/gala\/wp-content\/uploads\/sites\/13\/2019\/04\/LeGalaTI-1-1024x182.png\" alt=\"\" width=\"800\" height=\"142\" srcset=\"https:\/\/www.lepointensante.com\/gala\/wp-content\/uploads\/sites\/13\/2019\/04\/LeGalaTI-1-1024x182.png 1024w, https:\/\/www.lepointensante.com\/gala\/wp-content\/uploads\/sites\/13\/2019\/04\/LeGalaTI-1-300x53.png 300w, https:\/\/www.lepointensante.com\/gala\/wp-content\/uploads\/sites\/13\/2019\/04\/LeGalaTI-1-768x137.png 768w, https:\/\/www.lepointensante.com\/gala\/wp-content\/uploads\/sites\/13\/2019\/04\/LeGalaTI-1-1080x192.png 1080w, https:\/\/www.lepointensante.com\/gala\/wp-content\/uploads\/sites\/13\/2019\/04\/LeGalaTI-1-1320x235.png 1320w, https:\/\/www.lepointensante.com\/gala\/wp-content\/uploads\/sites\/13\/2019\/04\/LeGalaTI-1-600x107.png 600w, https:\/\/www.lepointensante.com\/gala\/wp-content\/uploads\/sites\/13\/2019\/04\/LeGalaTI-1.png 1798w\" sizes=\"auto, (max-width: 800px) 100vw, 800px\" \/><\/p>\n<p>[\/et_pb_text][et_pb_text _builder_version=\u00a0\u00bb3.19.10&Prime; text_font=\u00a0\u00bbLato||||||||\u00a0\u00bb text_text_color=\u00a0\u00bb#000000&Prime; text_font_size=\u00a0\u00bb12px\u00a0\u00bb text_line_height=\u00a0\u00bb1.8em\u00a0\u00bb text_orientation=\u00a0\u00bbcenter\u00a0\u00bb][\/et_pb_text][et_pb_text _builder_version=\u00a0\u00bb3.19.10&Prime; text_font=\u00a0\u00bbLato|300|||||||\u00a0\u00bb text_text_color=\u00a0\u00bb#000000&Prime; text_font_size=\u00a0\u00bb26px\u00a0\u00bb text_line_height=\u00a0\u00bb1.5em\u00a0\u00bb text_orientation=\u00a0\u00bbcenter\u00a0\u00bb animation_style=\u00a0\u00bbfade\u00a0\u00bb animation_duration=\u00a0\u00bb1800ms\u00a0\u00bb animation_starting_opacity=\u00a0\u00bb35%\u00a0\u00bb animation_speed_curve=\u00a0\u00bblinear\u00a0\u00bb]<\/p>\n<p>Pr\u00e9sent\u00e9 dans le cadre du <em>Colloque Informatique Sant\u00e9<\/em><\/p>\n<p>[\/et_pb_text][\/et_pb_column][\/et_pb_row][et_pb_row _builder_version=\u00a0\u00bb3.19.10&Prime; background_size=\u00a0\u00bbinitial\u00a0\u00bb background_position=\u00a0\u00bbtop_left\u00a0\u00bb background_repeat=\u00a0\u00bbrepeat\u00a0\u00bb][et_pb_column type=\u00a0\u00bb4_4&Prime; _builder_version=\u00a0\u00bb3.0.47&Prime; parallax=\u00a0\u00bboff\u00a0\u00bb parallax_method=\u00a0\u00bbon\u00a0\u00bb][et_pb_button button_url=\u00a0\u00bbhttps:\/\/www.evenementlepointensante.com\/colloque\/le-gala-2020\/\u00a0\u00bb button_text=\u00a0\u00bbAssister au Gala\u00a0\u00bb button_alignment=\u00a0\u00bbcenter\u00a0\u00bb disabled_on=\u00a0\u00bboff|off|off\u00a0\u00bb admin_label=\u00a0\u00bbBouton Assister au Gala\u00a0\u00bb _builder_version=\u00a0\u00bb3.19.10&Prime; custom_button=\u00a0\u00bbon\u00a0\u00bb button_text_size=\u00a0\u00bb20px\u00a0\u00bb button_text_color=\u00a0\u00bbrgba(255,255,255,0.86)\u00a0\u00bb button_bg_color=\u00a0\u00bb#e02b20&Prime; button_border_width=\u00a0\u00bb1&Prime; button_border_color=\u00a0\u00bb#e02b20&Prime; button_border_radius=\u00a0\u00bb5&Prime; button_font=\u00a0\u00bbLato|700|||||||\u00a0\u00bb button_text_size_last_edited=\u00a0\u00bbon|\u00a0\u00bb background_layout=\u00a0\u00bbdark\u00a0\u00bb animation_style=\u00a0\u00bbfade\u00a0\u00bb animation_duration=\u00a0\u00bb1800ms\u00a0\u00bb animation_starting_opacity=\u00a0\u00bb35%\u00a0\u00bb animation_speed_curve=\u00a0\u00bblinear\u00a0\u00bb][\/et_pb_button][et_pb_button button_url=\u00a0\u00bbhttps:\/\/www.lepointensante.com\/gala\/gagnants-2019\/\u00a0\u00bb button_text=\u00a0\u00bbLaur\u00e9ats 2019&Prime; button_alignment=\u00a0\u00bbcenter\u00a0\u00bb disabled_on=\u00a0\u00bbon|on|on\u00a0\u00bb admin_label=\u00a0\u00bbBouton gagnants\u00a0\u00bb _builder_version=\u00a0\u00bb3.19.10&Prime; custom_button=\u00a0\u00bbon\u00a0\u00bb button_text_size=\u00a0\u00bb18&Prime; button_text_color=\u00a0\u00bbrgba(255,255,255,0.86)\u00a0\u00bb button_bg_color=\u00a0\u00bb#02c7b2&Prime; button_border_width=\u00a0\u00bb1&Prime; button_border_color=\u00a0\u00bb#02c7b2&Prime; button_border_radius=\u00a0\u00bb5&Prime; button_font=\u00a0\u00bbLato|700|||||||\u00a0\u00bb button_text_size_last_edited=\u00a0\u00bbon|\u00a0\u00bb background_layout=\u00a0\u00bbdark\u00a0\u00bb animation_style=\u00a0\u00bbfade\u00a0\u00bb animation_duration=\u00a0\u00bb1800ms\u00a0\u00bb animation_starting_opacity=\u00a0\u00bb35%\u00a0\u00bb animation_speed_curve=\u00a0\u00bblinear\u00a0\u00bb disabled=\u00a0\u00bbon\u00a0\u00bb][\/et_pb_button][et_pb_button button_url=\u00a0\u00bbhttps:\/\/www.lepointensante.com\/gala\/finalistes2019\/\u00a0\u00bb button_text=\u00a0\u00bbFinalistes 2019&Prime; button_alignment=\u00a0\u00bbcenter\u00a0\u00bb disabled_on=\u00a0\u00bbon|on|on\u00a0\u00bb admin_label=\u00a0\u00bbButton consulter les finalistes\u00a0\u00bb _builder_version=\u00a0\u00bb3.19.10&Prime; custom_button=\u00a0\u00bbon\u00a0\u00bb button_text_size=\u00a0\u00bb18&Prime; button_text_color=\u00a0\u00bbrgba(255,255,255,0.86)\u00a0\u00bb button_bg_color=\u00a0\u00bb#000000&Prime; button_border_width=\u00a0\u00bb1&Prime; button_border_color=\u00a0\u00bb#000000&Prime; button_border_radius=\u00a0\u00bb5&Prime; button_font=\u00a0\u00bbLato|700|||||||\u00a0\u00bb button_text_size_last_edited=\u00a0\u00bbon|\u00a0\u00bb background_layout=\u00a0\u00bbdark\u00a0\u00bb animation_style=\u00a0\u00bbfade\u00a0\u00bb animation_duration=\u00a0\u00bb1800px\u00a0\u00bb animation_starting_opacity=\u00a0\u00bb35%\u00a0\u00bb animation_speed_curve=\u00a0\u00bblinear\u00a0\u00bb disabled=\u00a0\u00bbon\u00a0\u00bb][\/et_pb_button][\/et_pb_column][\/et_pb_row][\/et_pb_section][et_pb_section fb_built=\u00a0\u00bb1&Prime; _builder_version=\u00a0\u00bb3.19.10&Prime; custom_margin=\u00a0\u00bb3px||3px|\u00a0\u00bb custom_padding=\u00a0\u00bb3px||3px|\u00a0\u00bb][et_pb_row _builder_version=\u00a0\u00bb3.19.10&Prime; module_alignment=\u00a0\u00bbcenter\u00a0\u00bb][et_pb_column type=\u00a0\u00bb4_4&Prime; _builder_version=\u00a0\u00bb3.0.47&Prime; parallax=\u00a0\u00bboff\u00a0\u00bb parallax_method=\u00a0\u00bbon\u00a0\u00bb][et_pb_text admin_label=\u00a0\u00bbTitre Prix\u00a0\u00bb _builder_version=\u00a0\u00bb3.19.10&Prime; text_font=\u00a0\u00bbLato||||||||\u00a0\u00bb header_2_text_color=\u00a0\u00bb#e02b20&Prime; text_orientation=\u00a0\u00bbcenter\u00a0\u00bb]<\/p>\n<h2 style=\"text-align: center;\">***NOUVEAUT\u00c9***<\/h2>\n<h1 style=\"text-align: center;\">PRIX UTILISATION OPTIMALE DES DONN\u00c9ES EN SANT\u00c9<\/h1>\n<p>[\/et_pb_text][et_pb_text admin_label=\u00a0\u00bbPr\u00e9sent\u00e9 par\u00a0\u00bb _builder_version=\u00a0\u00bb3.19.10&Prime; text_font=\u00a0\u00bbLato||||||||\u00a0\u00bb text_orientation=\u00a0\u00bbcenter\u00a0\u00bb]<\/p>\n<p style=\"text-align: center;\">Pr\u00e9sent\u00e9 par<\/p>\n<p>&nbsp;<\/p>\n<p>[\/et_pb_text][et_pb_text admin_label=\u00a0\u00bble concept\u00a0\u00bb _builder_version=\u00a0\u00bb3.19.10&Prime; text_font=\u00a0\u00bbLato||||||||\u00a0\u00bb text_font_size=\u00a0\u00bb16px\u00a0\u00bb text_line_height=\u00a0\u00bb1.8em\u00a0\u00bb text_line_height_last_edited=\u00a0\u00bbon|desktop\u00a0\u00bb text_orientation=\u00a0\u00bbjustified\u00a0\u00bb]<\/p>\n<p>Ce prix r\u00e9compense un organisme public du r\u00e9seau de la sant\u00e9 qui a r\u00e9cemment optimis\u00e9 l\u2019utilisation de ses donn\u00e9es \u00e0 l\u2019int\u00e9rieur de son \u00e9tablissement \u00e0 l\u2019aide d\u2019une technologie innovante dont le caract\u00e8re novateur est manifeste et mesurable, lui conf\u00e9rant un net avantage en termes de productivit\u00e9 et d\u2019efficacit\u00e9. La solution d\u00e9ploy\u00e9e ou optimis\u00e9e pour l\u2019utilisation maximale des donn\u00e9es doit avoir fait preuve d\u2019innovation en mati\u00e8re de r\u00e9solution de probl\u00e8mes li\u00e9s au mat\u00e9riel informatique, \u00e0 l\u2019approvisionnement et \u00e0 la logistique, \u00e0 la performance financi\u00e8re, \u00e0 la prestation de soins de sant\u00e9, \u00e0 la gestion du personnel, etc. L\u2019introduction de cette innovation a engendr\u00e9 un effet positif ind\u00e9niable sur les processus internes au sein de l\u2019\u00e9tablissement\u00a0entre<strong>\u00a02015 et aujourd\u2019hui<\/strong>, notamment en encourageant les \u00e9quipes, tant m\u00e9dicales qu\u2019administratives, \u00e0 \u00eatre plus productives et \u00e0 collaborer plus efficacement.<\/p>\n<p>&nbsp;<\/p>\n<p>Ce prix vise \u00e0 souligner la capacit\u00e9 et la volont\u00e9 des \u00e9tablissements du r\u00e9seau de la sant\u00e9 du Qu\u00e9bec \u00e0 innover et \u00e0 optimiser l\u2019utilisation de leurs donn\u00e9es \u00e0 l\u2019aide de solutions technologiques en sant\u00e9.<\/p>\n<p>[\/et_pb_text][\/et_pb_column][\/et_pb_row][\/et_pb_section][et_pb_section fb_built=\u00a0\u00bb1&Prime; _builder_version=\u00a0\u00bb3.19.10&Prime; custom_margin=\u00a0\u00bb3px||3px|\u00a0\u00bb custom_padding=\u00a0\u00bb3px||3px|\u00a0\u00bb][et_pb_row _builder_version=\u00a0\u00bb3.19.10&Prime; module_alignment=\u00a0\u00bbcenter\u00a0\u00bb][et_pb_column type=\u00a0\u00bb4_4&Prime; _builder_version=\u00a0\u00bb3.0.47&Prime; parallax=\u00a0\u00bboff\u00a0\u00bb parallax_method=\u00a0\u00bbon\u00a0\u00bb][et_pb_divider color=\u00a0\u00bbrgba(0,0,0,0.51)\u00a0\u00bb _builder_version=\u00a0\u00bb3.19.10&Prime;][\/et_pb_divider][et_pb_text admin_label=\u00a0\u00bbcriteres\u00a0\u00bb _builder_version=\u00a0\u00bb3.19.10&Prime; text_font=\u00a0\u00bbLato||||||||\u00a0\u00bb text_font_size=\u00a0\u00bb16px\u00a0\u00bb text_line_height=\u00a0\u00bb1.8em\u00a0\u00bb header_text_align=\u00a0\u00bbjustify\u00a0\u00bb]<\/p>\n<h1>\u00a0<\/h1>\n<h1 style=\"text-align: center;\">CRIT\u00c8RES D\u2019ADMISSIBILIT\u00c9<\/h1>\n<p>[\/et_pb_text][et_pb_text disabled_on=\u00a0\u00bboff|off|off\u00a0\u00bb admin_label=\u00a0\u00bbText des crit\u00e8res\u00a0\u00bb _builder_version=\u00a0\u00bb3.19.10&Prime; text_font=\u00a0\u00bbLato||||||||\u00a0\u00bb text_font_size=\u00a0\u00bb16px\u00a0\u00bb text_line_height=\u00a0\u00bb1.8em\u00a0\u00bb text_orientation=\u00a0\u00bbjustified\u00a0\u00bb]<\/p>\n<p>Le comit\u00e9 de s\u00e9lection acceptera, pour ce prix\u00a0<b>seulement<\/b>, les candidatures mettant de l\u2019avant des organismes publics du r\u00e9seau de la sant\u00e9 et leurs \u00e9quipes responsables de prodiguer les soins et services sociaux dans les diverses r\u00e9gions du Qu\u00e9bec (CISSS, CIUSSS et institutions).\u00a0<\/p>\n<p>Le Prix \u00ab\u00a0<i>Utilisation optimale des donn\u00e9es en sant\u00e9<\/i>\u00a0\u00bb n\u2019est pas ouvert aux entreprises priv\u00e9es en sant\u00e9 num\u00e9rique ni aux fournisseurs de dispositifs m\u00e9dicaux qualifi\u00e9s.\u00a0Toutefois, les entreprises en sant\u00e9 num\u00e9rique ou fournisseurs de dispositifs m\u00e9dicaux qualifi\u00e9s peuvent soumettre une candidature au nom d\u2019un \u00e9tablissement de sant\u00e9 ayant d\u00e9ploy\u00e9 le projet technologique qu\u2019ils souhaitent mettre de l\u2019avant entre\u00a0<b>2015 et aujourd\u2019hui<\/b>, et ce, au Qu\u00e9bec. Ils doivent, bien entendu, avoir obtenu le consentement de l\u2019\u00e9tablissement de sant\u00e9 avant de soumettre ledit formulaire.<\/p>\n<p>Les candidats devront avoir adopt\u00e9, d\u00e9ploy\u00e9 ou d\u00e9velopp\u00e9 un projet dans le r\u00e9seau de la sant\u00e9 de mani\u00e8re ind\u00e9pendante ou avec un partenaire de solutions technologiques dans le but d\u2019aider les \u00e9quipes de soins et\/ou administratives de l\u2019\u00e9tablissement de sant\u00e9\u00a0\u00e0 \u00eatre plus performantes,\u00a0d\u2019am\u00e9liorer la qualit\u00e9 des soins et\/ou le parcours patient et\/ou l\u2019acc\u00e8s aux soins de sant\u00e9 par le biais de l&rsquo;utilisation des donn\u00e9es.<\/p>\n<p>[\/et_pb_text][et_pb_button url_new_window=\u00a0\u00bbon\u00a0\u00bb button_text=\u00a0\u00bbPoser ma candidature\u00a0\u00bb button_alignment=\u00a0\u00bbcenter\u00a0\u00bb disabled_on=\u00a0\u00bboff|off|off\u00a0\u00bb _builder_version=\u00a0\u00bb3.19.10&Prime; custom_button=\u00a0\u00bbon\u00a0\u00bb button_text_color=\u00a0\u00bbrgba(255,255,255,0.86)\u00a0\u00bb button_bg_color=\u00a0\u00bb#02c7b2&Prime; button_border_width=\u00a0\u00bb1&Prime; button_border_color=\u00a0\u00bb#02c7b2&Prime; button_border_radius=\u00a0\u00bb5&Prime; button_font=\u00a0\u00bbLato|700|||||||\u00a0\u00bb button_text_size_last_edited=\u00a0\u00bbon|\u00a0\u00bb background_layout=\u00a0\u00bbdark\u00a0\u00bb saved_tabs=\u00a0\u00bball\u00a0\u00bb button_url=\u00a0\u00bbhttps:\/\/survey.zohopublic.com\/zs\/btCCVW\u00a0\u00bb button_icon=\u00a0\u00bb%%209%%\u00a0\u00bb][\/et_pb_button][\/et_pb_column][\/et_pb_row][et_pb_row _builder_version=\u00a0\u00bb3.0.48&Prime; background_size=\u00a0\u00bbinitial\u00a0\u00bb background_position=\u00a0\u00bbtop_left\u00a0\u00bb background_repeat=\u00a0\u00bbrepeat\u00a0\u00bb][et_pb_column type=\u00a0\u00bb1_2&Prime; _builder_version=\u00a0\u00bb3.0.47&Prime; parallax=\u00a0\u00bboff\u00a0\u00bb parallax_method=\u00a0\u00bbon\u00a0\u00bb][et_pb_button button_url=\u00a0\u00bbhttps:\/\/www.lepointensante.com\/gala\/leader-changement\/\u00a0\u00bb button_text=\u00a0\u00bbPRIX PR\u00c9C\u00c9DENT\u00a0\u00bb button_alignment=\u00a0\u00bbcenter\u00a0\u00bb admin_label=\u00a0\u00bbButton pr\u00e9c\u00e9dent\u00a0\u00bb _builder_version=\u00a0\u00bb3.19.10&Prime; custom_button=\u00a0\u00bbon\u00a0\u00bb button_text_size=\u00a0\u00bb17&Prime; button_text_color=\u00a0\u00bbrgba(0,0,0,0.86)\u00a0\u00bb button_border_width=\u00a0\u00bb1&Prime; button_border_radius=\u00a0\u00bb5&Prime; button_font=\u00a0\u00bbLato|700|||||||\u00a0\u00bb button_icon=\u00a0\u00bb%%39%%\u00a0\u00bb button_icon_placement=\u00a0\u00bbleft\u00a0\u00bb button_text_size_last_edited=\u00a0\u00bbon|\u00a0\u00bb background_layout=\u00a0\u00bbdark\u00a0\u00bb saved_tabs=\u00a0\u00bball\u00a0\u00bb][\/et_pb_button][\/et_pb_column][et_pb_column type=\u00a0\u00bb1_2&Prime; _builder_version=\u00a0\u00bb3.0.47&Prime; parallax=\u00a0\u00bboff\u00a0\u00bb parallax_method=\u00a0\u00bbon\u00a0\u00bb][et_pb_button button_url=\u00a0\u00bbhttps:\/\/www.lepointensante.com\/gala\/securite-de-linformation-en-sante\/\u00a0\u00bb button_text=\u00a0\u00bbPRIX SUIVANT\u00a0\u00bb button_alignment=\u00a0\u00bbcenter\u00a0\u00bb admin_label=\u00a0\u00bbButton suivant\u00a0\u00bb _builder_version=\u00a0\u00bb3.19.10&Prime; custom_button=\u00a0\u00bbon\u00a0\u00bb button_text_size=\u00a0\u00bb17&Prime; button_text_color=\u00a0\u00bbrgba(0,0,0,0.86)\u00a0\u00bb button_border_width=\u00a0\u00bb1&Prime; button_border_radius=\u00a0\u00bb5&Prime; button_font=\u00a0\u00bbLato|700|||||||\u00a0\u00bb button_icon=\u00a0\u00bb%%40%%\u00a0\u00bb button_text_size_last_edited=\u00a0\u00bbon|\u00a0\u00bb background_layout=\u00a0\u00bbdark\u00a0\u00bb saved_tabs=\u00a0\u00bball\u00a0\u00bb][\/et_pb_button][\/et_pb_column][\/et_pb_row][\/et_pb_section][et_pb_section fb_built=\u00a0\u00bb1&Prime; _builder_version=\u00a0\u00bb3.19.10&Prime; custom_margin=\u00a0\u00bb3px||3px|\u00a0\u00bb custom_padding=\u00a0\u00bb3px||3px|\u00a0\u00bb][et_pb_row _builder_version=\u00a0\u00bb3.19.10&Prime; module_alignment=\u00a0\u00bbcenter\u00a0\u00bb][et_pb_column type=\u00a0\u00bb4_4&Prime; _builder_version=\u00a0\u00bb3.0.47&Prime; parallax=\u00a0\u00bboff\u00a0\u00bb parallax_method=\u00a0\u00bbon\u00a0\u00bb][\/et_pb_column][\/et_pb_row][\/et_pb_section]<\/p>\n","protected":false},"excerpt":{"rendered":"<p>Pr\u00e9sent\u00e9 dans le cadre du Colloque Informatique Sant\u00e9 ***NOUVEAUT\u00c9*** PRIX UTILISATION OPTIMALE DES DONN\u00c9ES EN SANT\u00c9 Pr\u00e9sent\u00e9 par &nbsp; Ce prix r\u00e9compense un organisme public du r\u00e9seau de la sant\u00e9 qui a r\u00e9cemment optimis\u00e9 l\u2019utilisation de ses donn\u00e9es \u00e0 l\u2019int\u00e9rieur de son \u00e9tablissement \u00e0 l\u2019aide d\u2019une technologie innovante dont le caract\u00e8re novateur est manifeste et [&hellip;]<\/p>\n","protected":false},"author":16,"featured_media":0,"parent":0,"menu_order":0,"comment_status":"closed","ping_status":"closed","template":"","meta":{"_acf_changed":false,"_et_pb_use_builder":"on","_et_pb_old_content":"","_et_gb_content_width":"","_exactmetrics_skip_tracking":false,"_exactmetrics_sitenote_active":false,"_exactmetrics_sitenote_note":"","_exactmetrics_sitenote_category":0,"footnotes":""},"class_list":["post-238","page","type-page","status-publish","hentry"],"acf":[],"_links":{"self":[{"href":"https:\/\/www.lepointensante.com\/gala\/wp-json\/wp\/v2\/pages\/238","targetHints":{"allow":["GET"]}}],"collection":[{"href":"https:\/\/www.lepointensante.com\/gala\/wp-json\/wp\/v2\/pages"}],"about":[{"href":"https:\/\/www.lepointensante.com\/gala\/wp-json\/wp\/v2\/types\/page"}],"author":[{"embeddable":true,"href":"https:\/\/www.lepointensante.com\/gala\/wp-json\/wp\/v2\/users\/16"}],"replies":[{"embeddable":true,"href":"https:\/\/www.lepointensante.com\/gala\/wp-json\/wp\/v2\/comments?post=238"}],"version-history":[{"count":24,"href":"https:\/\/www.lepointensante.com\/gala\/wp-json\/wp\/v2\/pages\/238\/revisions"}],"predecessor-version":[{"id":1739,"href":"https:\/\/www.lepointensante.com\/gala\/wp-json\/wp\/v2\/pages\/238\/revisions\/1739"}],"wp:attachment":[{"href":"https:\/\/www.lepointensante.com\/gala\/wp-json\/wp\/v2\/media?parent=238"}],"curies":[{"name":"wp","href":"https:\/\/api.w.org\/{rel}","templated":true}]}}